{"id":771,"date":"2021-07-08T10:20:55","date_gmt":"2021-07-08T08:20:55","guid":{"rendered":"https:\/\/centrumzaburzenodzywiania.pl\/strefaspecjalisty\/?page_id=771"},"modified":"2026-01-09T10:08:33","modified_gmt":"2026-01-09T09:08:33","slug":"polityka-prywatnosci-i-polityka-cookies","status":"publish","type":"page","link":"https:\/\/centrumzaburzenodzywiania.pl\/strefaspecjalisty\/polityka-prywatnosci-i-polityka-cookies\/","title":{"rendered":"Polityka prywatno\u015bci i polityka cookies"},"content":{"rendered":"<p><span style=\"font-weight: 400;\">Cze\u015b\u0107, dzie\u0144 dobry!<\/span><\/p>\n<p><span style=\"font-weight: 400;\">Je\u017celi tutaj trafi\u0142e\u015b, to niezawodny znak, \u017ce cenisz swoj\u0105 prywatno\u015b\u0107. Doskonale to rozumiemy, dlatego oddajemy w Twoje r\u0119ce dokument, w kt\u00f3rym w jednym miejscu znajdziesz zasady przetwarzania danych osobowych oraz wykorzystywania plik\u00f3w cookies i innych technologii \u015bledz\u0105cych w zwi\u0105zku z funkcjonowaniem strony internetowej<\/span> <span style=\"font-weight: 400;\">www.centrumzaburzenodzywiania.pl<\/span><\/p>\n<p><span style=\"font-weight: 400;\">Informacja formalna na pocz\u0105tek \u2013 administratorem strony jest<\/span><span style=\"font-weight: 400;\"> Fundacja Og\u00f3lnopolskie Centrum Zaburze\u0144 Od\u017cywiania (OCZO),ul. Marii Curie &#8211; Sk\u0142odowskiej 46\/1a, 50-369 Wroc\u0142aw, KRS: 0000729552 NIP: 8992844359 REGON: 380075704<\/span><\/p>\n<p><span style=\"font-weight: 400;\">Niniejsza polityka prywatno\u015bci zosta\u0142a skonstruowana w formie pyta\u0144 i odpowiedzi. Wyb\u00f3r takiej formy zosta\u0142 podyktowany dba\u0142o\u015bci\u0105 o przejrzysto\u015b\u0107 i czytelno\u015b\u0107 prezentowanych Ci informacji. Poni\u017cej znajdziesz spis tre\u015bci niniejszej polityki odpowiadaj\u0105cy pytaniom, na kt\u00f3re kolejno odpowiadamy.<\/span><\/p>\n<ol>\n<li style=\"font-weight: 400;\" aria-level=\"1\"><a href=\"https:\/\/docs.google.com\/document\/d\/15ltKS80Ewm0N97E152SDCN_sLmqY38tsXXSg0ALFQ5Q\/edit#bookmark=kix.a9hi5vlr0723\"><span style=\"font-weight: 400;\">Kto jest administratorem danych osobowych?<\/span><\/a><\/li>\n<li style=\"font-weight: 400;\" aria-level=\"1\"><a href=\"https:\/\/docs.google.com\/document\/d\/15ltKS80Ewm0N97E152SDCN_sLmqY38tsXXSg0ALFQ5Q\/edit#bookmark=kix.w9910wkd5c6x\"><span style=\"font-weight: 400;\">Z kim mo\u017cesz kontaktowa\u0107 si\u0119 w sprawie danych osobowych?<\/span><\/a><\/li>\n<li style=\"font-weight: 400;\" aria-level=\"1\"><a href=\"https:\/\/docs.google.com\/document\/d\/15ltKS80Ewm0N97E152SDCN_sLmqY38tsXXSg0ALFQ5Q\/edit#bookmark=kix.20ne0mafuz5j\"><span style=\"font-weight: 400;\">Jakie informacje na tw\u00f3j temat posiadamy?<\/span><\/a><\/li>\n<li style=\"font-weight: 400;\" aria-level=\"1\"><a href=\"https:\/\/docs.google.com\/document\/d\/15ltKS80Ewm0N97E152SDCN_sLmqY38tsXXSg0ALFQ5Q\/edit#bookmark=kix.7lqj4up3hp35\"><span style=\"font-weight: 400;\">Sk\u0105d mamy twoje dane osobowe?<\/span><\/a><\/li>\n<li style=\"font-weight: 400;\" aria-level=\"1\"><a href=\"https:\/\/docs.google.com\/document\/d\/15ltKS80Ewm0N97E152SDCN_sLmqY38tsXXSg0ALFQ5Q\/edit#bookmark=kix.rlkugrniult\"><span style=\"font-weight: 400;\">Czy twoje dane s\u0105 bezpieczne?<\/span><\/a><\/li>\n<li style=\"font-weight: 400;\" aria-level=\"1\"><a href=\"https:\/\/docs.google.com\/document\/d\/15ltKS80Ewm0N97E152SDCN_sLmqY38tsXXSg0ALFQ5Q\/edit#bookmark=kix.a0dsvnn659ud\"><span style=\"font-weight: 400;\">W jakich celach przetwarzamy twoje dane osobowe?<\/span><\/a><\/li>\n<li style=\"font-weight: 400;\" aria-level=\"1\"><a href=\"https:\/\/docs.google.com\/document\/d\/15ltKS80Ewm0N97E152SDCN_sLmqY38tsXXSg0ALFQ5Q\/edit#bookmark=kix.twnhwvbx1yzj\"><span style=\"font-weight: 400;\">Jak d\u0142ugo b\u0119dziemy przechowywa\u0107 twoje dane osobowe?<\/span><\/a><\/li>\n<li style=\"font-weight: 400;\" aria-level=\"1\"><a href=\"https:\/\/docs.google.com\/document\/d\/15ltKS80Ewm0N97E152SDCN_sLmqY38tsXXSg0ALFQ5Q\/edit#bookmark=kix.h3w6lyvivwrx\"><span style=\"font-weight: 400;\">Kim s\u0105 odbiorcy twoich danych osobowych?<\/span><\/a><\/li>\n<li style=\"font-weight: 400;\" aria-level=\"1\"><a href=\"https:\/\/docs.google.com\/document\/d\/15ltKS80Ewm0N97E152SDCN_sLmqY38tsXXSg0ALFQ5Q\/edit#bookmark=kix.ajbb8sodkkqw\"><span style=\"font-weight: 400;\">Czy przekazujemy twoje dane do pa\u0144stw trzecich?<\/span><\/a><\/li>\n<li style=\"font-weight: 400;\" aria-level=\"1\"><a href=\"https:\/\/docs.google.com\/document\/d\/15ltKS80Ewm0N97E152SDCN_sLmqY38tsXXSg0ALFQ5Q\/edit#bookmark=kix.96nyz41gzeoc\"><span style=\"font-weight: 400;\">Czy korzystamy z profilowania?<\/span><\/a><\/li>\n<li style=\"font-weight: 400;\" aria-level=\"1\"><a href=\"https:\/\/docs.google.com\/document\/d\/15ltKS80Ewm0N97E152SDCN_sLmqY38tsXXSg0ALFQ5Q\/edit#bookmark=kix.jkavu7d7lsi8\"><span style=\"font-weight: 400;\">Jakie masz prawa w zwi\u0105zku z przetwarzaniem danych?<\/span><\/a><\/li>\n<li style=\"font-weight: 400;\" aria-level=\"1\"><a href=\"https:\/\/docs.google.com\/document\/d\/15ltKS80Ewm0N97E152SDCN_sLmqY38tsXXSg0ALFQ5Q\/edit#bookmark=kix.wyvyq5xxbjga\"><span style=\"font-weight: 400;\">Czy korzystamy z cookies i czym one w\u0142a\u015bciwie s\u0105?<\/span><\/a><\/li>\n<li style=\"font-weight: 400;\" aria-level=\"1\"><a href=\"https:\/\/docs.google.com\/document\/d\/15ltKS80Ewm0N97E152SDCN_sLmqY38tsXXSg0ALFQ5Q\/edit#bookmark=kix.ugltcktl0sum\"><span style=\"font-weight: 400;\">Na jakiej podstawie korzystamy z plik\u00f3w cookies?<\/span><\/a><\/li>\n<li style=\"font-weight: 400;\" aria-level=\"1\"><a href=\"https:\/\/docs.google.com\/document\/d\/15ltKS80Ewm0N97E152SDCN_sLmqY38tsXXSg0ALFQ5Q\/edit#bookmark=kix.i04b3ydwjigg\"><span style=\"font-weight: 400;\">Czy mo\u017cesz wy\u0142\u0105czy\u0107 pliki cookies?<\/span><\/a><\/li>\n<li style=\"font-weight: 400;\" aria-level=\"1\"><a href=\"https:\/\/docs.google.com\/document\/d\/15ltKS80Ewm0N97E152SDCN_sLmqY38tsXXSg0ALFQ5Q\/edit#bookmark=kix.6gubyz213j3t\"><span style=\"font-weight: 400;\">W jakich celach korzystamy z plik\u00f3w cookies w\u0142asnych?<\/span><\/a><\/li>\n<li style=\"font-weight: 400;\" aria-level=\"1\"><a href=\"https:\/\/docs.google.com\/document\/d\/15ltKS80Ewm0N97E152SDCN_sLmqY38tsXXSg0ALFQ5Q\/edit#bookmark=kix.o161bmnz5qkb\"><span style=\"font-weight: 400;\">Jakie pliki cookies podmiot\u00f3w trzecich s\u0105 wykorzystywane?<\/span><\/a><\/li>\n<li style=\"font-weight: 400;\" aria-level=\"1\"><a href=\"https:\/\/docs.google.com\/document\/d\/15ltKS80Ewm0N97E152SDCN_sLmqY38tsXXSg0ALFQ5Q\/edit#bookmark=kix.8g1wqbwtw9kv\"><span style=\"font-weight: 400;\">Czy \u015bledzimy twoje zachowania podejmowane w ramach naszej strony internetowej?<\/span><\/a><\/li>\n<li style=\"font-weight: 400;\" aria-level=\"1\"><a href=\"https:\/\/docs.google.com\/document\/d\/15ltKS80Ewm0N97E152SDCN_sLmqY38tsXXSg0ALFQ5Q\/edit#bookmark=kix.lwo0zvgifghr\"><span style=\"font-weight: 400;\">Czy kierujemy do ciebie targetowane reklamy?<\/span><\/a><\/li>\n<li style=\"font-weight: 400;\" aria-level=\"1\"><a href=\"https:\/\/docs.google.com\/document\/d\/15ltKS80Ewm0N97E152SDCN_sLmqY38tsXXSg0ALFQ5Q\/edit#bookmark=kix.k4rugd5ybfau\"><span style=\"font-weight: 400;\">W jaki spos\u00f3b mo\u017cesz zarz\u0105dza\u0107 swoj\u0105 prywatno\u015bci\u0105?<\/span><\/a><\/li>\n<li style=\"font-weight: 400;\" aria-level=\"1\"><a href=\"https:\/\/docs.google.com\/document\/d\/1xqi5N67WPphQOG_0Ff4kFGhYjuo-o5ec\/edit#bookmark=id.1pxezwc\"><span style=\"font-weight: 400;\">Czym s\u0105 logi serwera?<\/span><\/a><\/li>\n<li style=\"font-weight: 400;\" aria-level=\"1\"><a href=\"https:\/\/docs.google.com\/document\/d\/1xqi5N67WPphQOG_0Ff4kFGhYjuo-o5ec\/edit#bookmark=id.49x2ik5\"><span style=\"font-weight: 400;\">Czy jest jeszcze co\u015b, o czym powiniene\u015b wiedzie\u0107?<\/span><\/a><\/li>\n<li style=\"font-weight: 400;\" aria-level=\"1\"><a href=\"https:\/\/docs.google.com\/document\/d\/1xqi5N67WPphQOG_0Ff4kFGhYjuo-o5ec\/edit#bookmark=id.2p2csry\"><span style=\"font-weight: 400;\">Czy ta polityka prywatno\u015bci mo\u017ce podlega\u0107 zmianom?<\/span><\/a><\/li>\n<\/ol>\n<p><span style=\"font-weight: 400;\">W razie jakichkolwiek w\u0105tpliwo\u015bci zwi\u0105zanych z polityk\u0105 prywatno\u015bci, w ka\u017cdej chwili mo\u017cesz skontaktowa\u0107 si\u0119 z nami, wysy\u0142aj\u0105c wiadomo\u015b\u0107 na adres<\/span> <span style=\"font-weight: 400;\">info@centrumzaburzenodzywiania.pl<\/span><\/p>\n<p><b># 1: Kto jest administratorem Twoich danych osobowych?<\/b><\/p>\n<p><span style=\"font-weight: 400;\">Administratorem Twoich danych osobowych jest <\/span><span style=\"font-weight: 400;\">Fundacja Og\u00f3lnopolskie Centrum Zaburze\u0144 Od\u017cywiania (OCZO),ul. Marii Curie &#8211; Sk\u0142odowskiej 46\/1a, 50-369 Wroc\u0142aw, KRS: 0000729552 NIP: 8992844359 REGON: 380075704<\/span><\/p>\n<p><b># 2: Z kim mo\u017cesz kontaktowa\u0107 si\u0119 w sprawie przetwarzania Twoich danych osobowych?<\/b><\/p>\n<p><span style=\"font-weight: 400;\">W ramach wdro\u017cenia ochrony danych osobowych w naszej organizacji, podj\u0119li\u015bmy decyzj\u0119 o niewyznaczaniu inspektora ochrony danych osobowych z uwagi na fakt, \u017ce w naszej sytuacji nie jest to obowi\u0105zkowe. W sprawach zwi\u0105zanych z ochron\u0105 danych osobowych oraz szeroko poj\u0119t\u0105 prywatno\u015bci\u0105 mo\u017cesz kontaktowa\u0107 si\u0119 pod adresem e-mail <\/span><span style=\"font-weight: 400;\">info@centrumzaburzenodzywiania.pl<\/span><\/p>\n<p><b># 3: Jakie informacje na Tw\u00f3j temat posiadamy?<\/b><\/p>\n<p><span style=\"font-weight: 400;\">W zale\u017cno\u015bci od celu, mo\u017cemy przetwarza\u0107 nast\u0119puj\u0105ce informacje na Tw\u00f3j temat:<\/span><\/p>\n<ul>\n<li style=\"font-weight: 400;\" aria-level=\"1\"><span style=\"font-weight: 400;\">imi\u0119 i nazwisko,<\/span><\/li>\n<li style=\"font-weight: 400;\" aria-level=\"1\"><span style=\"font-weight: 400;\">adres zamieszkania,<\/span><\/li>\n<li style=\"font-weight: 400;\" aria-level=\"1\"><span style=\"font-weight: 400;\">adres wykonywania dzia\u0142alno\u015bci gospodarczej,<\/span><\/li>\n<li style=\"font-weight: 400;\" aria-level=\"1\"><span style=\"font-weight: 400;\">numer NIP,<\/span><\/li>\n<li style=\"font-weight: 400;\" aria-level=\"1\"><span style=\"font-weight: 400;\">adres e-mail,<\/span><\/li>\n<li style=\"font-weight: 400;\" aria-level=\"1\"><span style=\"font-weight: 400;\">numer telefonu,<\/span><\/li>\n<li style=\"font-weight: 400;\" aria-level=\"1\"><span style=\"font-weight: 400;\">dane zawarte w korespondencji e-mail,<\/span><\/li>\n<li style=\"font-weight: 400;\" aria-level=\"1\"><span style=\"font-weight: 400;\">szczeg\u00f3\u0142y zam\u00f3wie\u0144 sk\u0142adanych w sklepie internetowym,<\/span><\/li>\n<li style=\"font-weight: 400;\" aria-level=\"1\"><span style=\"font-weight: 400;\">numer rachunku bankowego,<\/span><\/li>\n<li style=\"font-weight: 400;\" aria-level=\"1\"><span style=\"font-weight: 400;\">adres IP,<\/span><\/li>\n<li style=\"font-weight: 400;\" aria-level=\"1\"><span style=\"font-weight: 400;\">przybli\u017cona lokalizacja,<\/span><\/li>\n<li style=\"font-weight: 400;\" aria-level=\"1\"><span style=\"font-weight: 400;\">wizerunek (zdj\u0119cie profilowe),<\/span><\/li>\n<li style=\"font-weight: 400;\" aria-level=\"1\"><span style=\"font-weight: 400;\">statystyki zwi\u0105zane z otrzymywanymi newsletterami,<\/span><\/li>\n<li style=\"font-weight: 400;\" aria-level=\"1\"><span style=\"font-weight: 400;\">ulubiony klient poczty,<\/span><\/li>\n<li style=\"font-weight: 400;\" aria-level=\"1\"><span style=\"font-weight: 400;\">zainteresowania okre\u015blonymi tematami,<\/span><\/li>\n<li style=\"font-weight: 400;\" aria-level=\"1\"><span style=\"font-weight: 400;\">tre\u015b\u0107 komentarzy \/ opinii dodanych na stronie.<\/span><\/li>\n<\/ul>\n<p><span style=\"font-weight: 400;\">Zakres przetwarzanych danych opisali\u015bmy precyzyjnie w odniesieniu do ka\u017cdego celu przetwarzania. Informacje w tym zakresie znajduj\u0105 si\u0119 w dalszej cz\u0119\u015bci niniejszej polityki.<\/span><\/p>\n<p><span style=\"font-weight: 400;\">Co wi\u0119cej, korzystamy z narz\u0119dzi, kt\u00f3re gromadz\u0105 na Tw\u00f3j temat szereg informacji zwi\u0105zanych z korzystaniem z naszej strony internetowej. Chodzi, w szczeg\u00f3lno\u015bci, o nast\u0119puj\u0105ce informacje:<\/span><\/p>\n<ul>\n<li style=\"font-weight: 400;\" aria-level=\"1\"><span style=\"font-weight: 400;\">informacje o systemie operacyjnym i przegl\u0105darce internetowej,<\/span><\/li>\n<li style=\"font-weight: 400;\" aria-level=\"1\"><span style=\"font-weight: 400;\">przegl\u0105dane podstrony,<\/span><\/li>\n<li style=\"font-weight: 400;\" aria-level=\"1\"><span style=\"font-weight: 400;\">czas sp\u0119dzony na stronie,<\/span><\/li>\n<li style=\"font-weight: 400;\" aria-level=\"1\"><span style=\"font-weight: 400;\">przej\u015bcia pomi\u0119dzy poszczeg\u00f3lnymi podstronami,<\/span><\/li>\n<li style=\"font-weight: 400;\" aria-level=\"1\"><span style=\"font-weight: 400;\">klikni\u0119cia w poszczeg\u00f3lne linki,<\/span><\/li>\n<li style=\"font-weight: 400;\" aria-level=\"1\"><span style=\"font-weight: 400;\">\u017ar\u00f3d\u0142o, z kt\u00f3rego przechodzisz do strony,<\/span><\/li>\n<li style=\"font-weight: 400;\" aria-level=\"1\"><span style=\"font-weight: 400;\">przedzia\u0142 wieku, w kt\u00f3rym si\u0119 znajdujesz,<\/span><\/li>\n<li style=\"font-weight: 400;\" aria-level=\"1\"><span style=\"font-weight: 400;\">Twoja p\u0142e\u0107,<\/span><\/li>\n<li style=\"font-weight: 400;\" aria-level=\"1\"><span style=\"font-weight: 400;\">Twoja przybli\u017cona lokalizacja ograniczona do miejscowo\u015bci.<\/span><\/li>\n<li style=\"font-weight: 400;\" aria-level=\"1\"><span style=\"font-weight: 400;\">Twoje zainteresowania okre\u015blone na podstawie aktywno\u015bci w sieci.<\/span><\/li>\n<\/ul>\n<p><span style=\"font-weight: 400;\">Informacja te okre\u015blane s\u0105 w dalszej cz\u0119\u015bci niniejszej polityki prywatno\u015bci jako \u201e<\/span><b>Informacje Anonimowe<\/b><span style=\"font-weight: 400;\">\u201d.<\/span><\/p>\n<p><span style=\"font-weight: 400;\">Informacje Anonimowe same w sobie nie maj\u0105, w naszej ocenie, charakteru danych osobowych, poniewa\u017c nie pozwalaj\u0105 nam na Twoj\u0105 identyfikacj\u0119 oraz nie zestawiamy ich z typowymi danymi osobowymi, jakie gromadzimy na Tw\u00f3j temat. Niemniej jednak, bior\u0105c pod uwag\u0119 rygorystyczne orzecznictwo Trybuna\u0142u Sprawiedliwo\u015bci Unii Europejskiej i podzielone zdania w\u015br\u00f3d prawnik\u00f3w, z ostro\u017cno\u015bci, na wypadek, gdyby Informacjom Anonimowym zosta\u0142 przypisany charakter danych osobowych, zawarli\u015bmy w niniejszej polityce prywatno\u015bci r\u00f3wnie\u017c szczeg\u00f3\u0142owe wyja\u015bnienia w zakresie przetwarzania tych informacji.\u00a0<\/span><\/p>\n<p><span style=\"font-weight: 400;\">Poniewa\u017c informacje Anonimowe gromadzone s\u0105 przez zewn\u0119trzne narz\u0119dzia, z kt\u00f3rych korzystamy (Google Analytics, Hotjar, Facebook Custom Audiences, Google Ads, Facebook Connect, YouTube, SoundCloud, Disqus), Informacje Anonimowe przetwarzane s\u0105 r\u00f3wnie\u017c przez dostawc\u00f3w narz\u0119dzi na zasadach wynikaj\u0105cych z ich regulamin\u00f3w oraz polityk prywatno\u015bci.<\/span><\/p>\n<p><span style=\"font-weight: 400;\">Przetwarzanie Informacji Anonimowych pozwala na zapewnianie Ci mo\u017cliwo\u015bci korzystania z odtwarzacza YouTube i SoundCloud oraz komentarzy Disqus osadzonych na stronach bloga. Ponadto, Informacje Anonimowe wykorzystywane s\u0105 w celach analitycznych i statystycznych oraz marketingowych (tworzenie Niestandardowych Grup Odbiorc\u00f3w na Facebooku, ustawianie, targetowanie i kierowanie reklam).\u00a0<\/span><\/p>\n<p><span style=\"font-weight: 400;\">Informacje Anonimowe wykorzystywane s\u0105 r\u00f3wnie\u017c przez dostawc\u00f3w poszczeg\u00f3lnych narz\u0119dzi do \u015bwiadczenia i ulepszania us\u0142ug, zarz\u0105dzania nimi, opracowywania nowych us\u0142ug, mierzenia skuteczno\u015bci reklam, ochrony przed oszustwami i nadu\u017cyciami, a tak\u017ce personalizowania tre\u015bci i reklam wy\u015bwietlanych w poszczeg\u00f3lnych serwisach, witrynach i aplikacjach.\u00a0<\/span><\/p>\n<p><b># 4: Sk\u0105d mamy Twoje dane osobowe?<\/b><\/p>\n<p><span style=\"font-weight: 400;\">W wi\u0119kszo\u015bci przypadk\u00f3w sam je nam przekazujesz. Dzieje si\u0119 tak, gdy:<\/span><\/p>\n<ul>\n<li style=\"font-weight: 400;\" aria-level=\"1\"><span style=\"font-weight: 400;\">rejestrujesz konto u\u017cytkownika,<\/span><\/li>\n<li style=\"font-weight: 400;\" aria-level=\"1\"><span style=\"font-weight: 400;\">sk\u0142adasz zam\u00f3wienie,<\/span><\/li>\n<li style=\"font-weight: 400;\" aria-level=\"1\"><span style=\"font-weight: 400;\">przesy\u0142asz reklamacj\u0119 lub odst\u0119pujesz od umowy,<\/span><\/li>\n<li style=\"font-weight: 400;\" aria-level=\"1\"><span style=\"font-weight: 400;\">zapisujesz si\u0119 do newslettera,<\/span><\/li>\n<li style=\"font-weight: 400;\" aria-level=\"1\"><span style=\"font-weight: 400;\">dodajesz komentarz \/ opini\u0119,<\/span><\/li>\n<li style=\"font-weight: 400;\" aria-level=\"1\"><span style=\"font-weight: 400;\">kontaktujesz si\u0119 za po\u015brednictwem poczty elektronicznej,<\/span><\/li>\n<li style=\"font-weight: 400;\" aria-level=\"1\"><span style=\"font-weight: 400;\">obserwujesz nasze profile w mediach spo\u0142eczno\u015bciowych lub wchodzisz w interakcj\u0119 z tre\u015bciami publikowanymi przez nas w mediach spo\u0142eczno\u015bciowych.<\/span><\/li>\n<\/ul>\n<p><span style=\"font-weight: 400;\">Ponadto, cz\u0119\u015b\u0107 informacji na Tw\u00f3j temat mo\u017ce by\u0107 automatycznie gromadzona przez narz\u0119dzia, z kt\u00f3rych korzystamy:<\/span><\/p>\n<ul>\n<li style=\"font-weight: 400;\" aria-level=\"1\"><span style=\"font-weight: 400;\">mechanizm strony i systemu newsletterowego gromadz\u0105 Tw\u00f3j adres IP,<\/span><\/li>\n<li style=\"font-weight: 400;\" aria-level=\"1\"><span style=\"font-weight: 400;\">mechanizm systemu newsletterowego gromadzi informacje na temat Twojej aktywno\u015bci w odniesieniu do tre\u015bci przesy\u0142anych Ci w ramach newslettera, takich jak otwarcia wiadomo\u015bci, klikanie w linki itp.,<\/span><\/li>\n<li style=\"font-weight: 400;\" aria-level=\"1\"><span style=\"font-weight: 400;\">Facebook Custom Audiences, w tym Facebook Pixel, Google Analytics, Google Ads, Hotjar, Facebook Connect, YouTube, SoundCloud i Disqus gromadz\u0105 Informacje Anonimowe zwi\u0105zane z Twoimi dzia\u0142aniami podejmowanymi w ramach strony.\u00a0<\/span><\/li>\n<\/ul>\n<p><b># 5: Czy Twoje dane s\u0105 bezpieczne?<\/b><\/p>\n<p><span style=\"font-weight: 400;\">Dbamy o bezpiecze\u0144stwo Twoich danych osobowych. Przeanalizowali\u015bmy ryzyka, jakie wi\u0105\u017c\u0105 si\u0119 z poszczeg\u00f3lnymi procesami przetwarzania Twoich danych, a nast\u0119pnie wdro\u017cyli\u015bmy odpowiednie \u015brodki bezpiecze\u0144stwa i ochrony danych osobowych. Na bie\u017c\u0105co monitorujemy stan infrastruktury technicznej, szkolimy personel, przygl\u0105damy si\u0119 stosowanym procedurom, wprowadzamy konieczne usprawnienia. W razie jakichkolwiek pyta\u0144 dotycz\u0105cych Twoich danych osobowych, jeste\u015bmy do Twojej dyspozycji pod adresem <\/span><span style=\"font-weight: 400;\">info@centrumzaburzenodzywiania.pl<\/span><\/p>\n<p><b># 6: W jakich celach przetwarzamy Twoje dane osobowe?<\/b><\/p>\n<p><span style=\"font-weight: 400;\">Tych cel\u00f3w jest wi\u0119cej ni\u017c jeden. Poni\u017cej znajduje si\u0119 ich lista, a nast\u0119pnie bardziej szczeg\u00f3\u0142owe om\u00f3wienie. Poszczeg\u00f3lnym celom przyporz\u0105dkowali\u015bmy r\u00f3wnie\u017c odpowiednie podstawy prawne przetwarzania:<\/span><\/p>\n<ul>\n<li style=\"font-weight: 400;\" aria-level=\"1\"><span style=\"font-weight: 400;\">obs\u0142uga konta u\u017cytkownika \u2013 art. 6 ust. 1 lit. b RODO,<\/span><\/li>\n<li style=\"font-weight: 400;\" aria-level=\"1\"><span style=\"font-weight: 400;\">obs\u0142uga zam\u00f3wienia \u2013 art. 6 ust. 1 lit. b RODO,<\/span><\/li>\n<li style=\"font-weight: 400;\" aria-level=\"1\"><span style=\"font-weight: 400;\">odzyskiwanie porzuconego koszyka &#8211; art. 6 ust. 1 lit. f RODO,<\/span><\/li>\n<li style=\"font-weight: 400;\" aria-level=\"1\"><span style=\"font-weight: 400;\">obs\u0142uga reklamacji lub odst\u0105pienia od umowy \u2013 art. 6 ust. 1 lit. f RODO,<\/span><\/li>\n<li style=\"font-weight: 400;\" aria-level=\"1\"><span style=\"font-weight: 400;\">obs\u0142uga newslettera \u2013 art. 6 ust. 1 lit. a RODO oraz art .6 ust. 1 lit. f RODO,<\/span><\/li>\n<li style=\"font-weight: 400;\" aria-level=\"1\"><span style=\"font-weight: 400;\">obs\u0142uga komentarzy \u2013 art. 6 ust. 1 lit. f RODO,<\/span><\/li>\n<li style=\"font-weight: 400;\" aria-level=\"1\"><span style=\"font-weight: 400;\">obs\u0142uga korespondencji \u2013 art. 6 ust. 1 lit. f RODO,<\/span><\/li>\n<li style=\"font-weight: 400;\" aria-level=\"1\"><span style=\"font-weight: 400;\">realizacja obowi\u0105zk\u00f3w podatkowych i ksi\u0119gowych \u2013 art. 6 ust. 1 lit. c RODO w zwi\u0105zku z w\u0142a\u015bciwymi przepisami prawa podatkowego,<\/span><\/li>\n<li style=\"font-weight: 400;\" aria-level=\"1\"><span style=\"font-weight: 400;\">tworzenie archiwum na potrzeby ewentualnej konieczno\u015bci obrony, ustalenia lub dochodzenia roszcze\u0144 \u2013 art. 6 ust. 1 lit. f RODO,<\/span><\/li>\n<li style=\"font-weight: 400;\" aria-level=\"1\"><span style=\"font-weight: 400;\">tworzenie grup odbiorc\u00f3w na Facebooku \u2013 art. 6 ust. 1 lit. f RODO,<\/span><\/li>\n<li style=\"font-weight: 400;\" aria-level=\"1\"><span style=\"font-weight: 400;\">obs\u0142uga medi\u00f3w spo\u0142eczno\u015bciowych \u2013 art. 6 ust. 1 lit. f RODO,<\/span><\/li>\n<li style=\"font-weight: 400;\" aria-level=\"1\"><span style=\"font-weight: 400;\">analiza i statystyka z wykorzystaniem wy\u0142\u0105cznie Informacji Anonimowych \u2013 art. 6 ust. 1 lit. f RODO,<\/span><\/li>\n<li style=\"font-weight: 400;\" aria-level=\"1\"><span style=\"font-weight: 400;\">marketing w\u0142asny z wykorzystaniem wy\u0142\u0105cznie Informacji Anonimowych \u2013 art. 6 ust. 1 lit. f RODO,<\/span><\/li>\n<li style=\"font-weight: 400;\" aria-level=\"1\"><span style=\"font-weight: 400;\">zapewnienie funkcjonowania odtwarzacza YouTube oraz SoundCloud, wtyczek spo\u0142eczno\u015bciowych oraz komentarzy Disqus z wykorzystaniem wy\u0142\u0105cznie Informacji Anonimowych \u2013 art. 6 ust. 1 lit. f RODO.<\/span><\/li>\n<\/ul>\n<p><b>Konto u\u017cytkownika \u2013 szczeg\u00f3\u0142y<\/b><\/p>\n<p><span style=\"font-weight: 400;\">Zak\u0142adaj\u0105c konto u\u017cytkownika, musisz poda\u0107 dane niezb\u0119dne do za\u0142o\u017cenia konta: adres e-mail oraz has\u0142o. Podanie danych jest dobrowolne, ale niezb\u0119dne do za\u0142o\u017cenia konta.\u00a0<\/span><\/p>\n<p><span style=\"font-weight: 400;\">W ramach edycji danych konta mo\u017cesz poda\u0107 swoje dalej id\u0105ce dane, w szczeg\u00f3lno\u015bci dane, kt\u00f3re mog\u0105 by\u0107 wykorzystywane przy sk\u0142adaniu zam\u00f3wie\u0144, takie jak imi\u0119 i nazwisko, adres zamieszkania lub miejsca wykonywania dzia\u0142alno\u015bci, numer NIP, numer telefonu. W ramach edycji danych konta mo\u017cesz r\u00f3wnie\u017c ustawi\u0107 sw\u00f3j awatar, np. zdj\u0119cie profilowe obejmuj\u0105ce wizerunek.\u00a0<\/span><\/p>\n<p><span style=\"font-weight: 400;\">Je\u017celi zak\u0142adasz konto poprzez integracj\u0119 z kontem w serwisie spo\u0142eczno\u015bciowym, na podstawie Twojej uprzedniej autoryzacji uzyskamy dost\u0119p do okre\u015blonych danych zgromadzonych w ramach konta w serwisie spo\u0142eczno\u015bciowym (imi\u0119 i nazwisko, adres e-mail, zdj\u0119cie profilowe).\u00a0<\/span><\/p>\n<p><span style=\"font-weight: 400;\">Ponadto, nasz system wykorzystywany do obs\u0142ugi kont u\u017cytkownik\u00f3w zapisuje Tw\u00f3j numer IP, z kt\u00f3rego korzysta\u0142e\u015b, rejestruj\u0105c konto u\u017cytkownika.<\/span><\/p>\n<p><span style=\"font-weight: 400;\">W ka\u017cdej chwili mo\u017cesz zmodyfikowa\u0107 informacje na Tw\u00f3j temat przekazane nam w zwi\u0105zku z rejestracj\u0105 konta u\u017cytkownika. W sytuacji jednak, w kt\u00f3rej za\u0142o\u017cy\u0142e\u015b konto z wykorzystaniem integracji z kontem w serwisie spo\u0142eczno\u015bciowym, dane pobrane z tego serwisu spo\u0142eczno\u015bciowego nie s\u0105 mo\u017cliwe do zmodyfikowania.<\/span><\/p>\n<p><span style=\"font-weight: 400;\">Dane przekazane przez Ciebie w zwi\u0105zku z za\u0142o\u017ceniem konta przetwarzane s\u0105 w celu \u015bwiadczenia na Twoj\u0105 rzecz us\u0142ugi drog\u0105 elektroniczn\u0105 polegaj\u0105cej na zapewnieniu Ci mo\u017cliwo\u015bci korzystania z konta u\u017cytkownika. Us\u0142uga ta \u015bwiadczona jest na podstawie umowy zawieranej na zasadach opisanych w regulaminie, co oznacza, \u017ce w tym zakresie podstaw\u0105 prawn\u0105 przetwarzania Twoich danych osobowych jest art. 6 ust. 1 lit. b RODO.<\/span><\/p>\n<p><span style=\"font-weight: 400;\">Dane b\u0119d\u0105 przechowywane przez czas funkcjonowania konta u\u017cytkownika, a nast\u0119pnie do czasu up\u0142ywu terminu przedawnienia roszcze\u0144 zwi\u0105zanych z us\u0142ug\u0105 konta u\u017cytkownika.\u00a0\u00a0<\/span><\/p>\n<p>&nbsp;<\/p>\n<p><b>Zam\u00f3wienia \u2013 szczeg\u00f3\u0142y<\/b><\/p>\n<p><span style=\"font-weight: 400;\">Sk\u0142adaj\u0105c zam\u00f3wienie, musisz poda\u0107 dane niezb\u0119dne do jego realizacji: adres e-mail, imi\u0119 i nazwisko, dane do faktury.<\/span><\/p>\n<p><span style=\"font-weight: 400;\">Ponadto, system wykorzystywany do obs\u0142ugi procesu zam\u00f3wienia, zapisuje Tw\u00f3j numer IP, z kt\u00f3rego korzysta\u0142e\u015b, sk\u0142adaj\u0105c zam\u00f3wienie.<\/span><\/p>\n<p><span style=\"font-weight: 400;\">Ka\u017cde zam\u00f3wienie zapisywane jest w bazie, co oznacza, \u017ce Twoim danym osobowym przypisanym do zam\u00f3wienia towarzysz\u0105 r\u00f3wnie\u017c informacje dotycz\u0105ce zam\u00f3wienia takie jak data i godzina z\u0142o\u017cenia zam\u00f3wienia, numer identyfikacyjny zam\u00f3wienia, identyfikator transakcji, przedmiot zam\u00f3wienia, cena, spos\u00f3b i termin p\u0142atno\u015bci, data i godzina pobrania zakupionych tre\u015bci cyfrowych.<\/span><\/p>\n<p><span style=\"font-weight: 400;\">Dane zgromadzone w zwi\u0105zku z zam\u00f3wieniem, przetwarzane s\u0105 w celu:<\/span><\/p>\n<ul>\n<li style=\"font-weight: 400;\" aria-level=\"1\"><span style=\"font-weight: 400;\">wykonania umowy zawieranej poprzez z\u0142o\u017cenie zam\u00f3wienia (art. 6 ust. 1 lit. b RODO),<\/span><\/li>\n<li style=\"font-weight: 400;\" aria-level=\"1\"><span style=\"font-weight: 400;\">wystawienia faktury (art. 6 ust. 1 lit. c RODO w zwi\u0105zku z w\u0142a\u015bciwymi przepisami reguluj\u0105cymi kwestie wystawiania faktur),<\/span><\/li>\n<li style=\"font-weight: 400;\" aria-level=\"1\"><span style=\"font-weight: 400;\">uwzgl\u0119dnienia faktury w dokumentacji ksi\u0119gowej oraz realizacji pozosta\u0142ych obowi\u0105zk\u00f3w podatkowych i ksi\u0119gowych (art. 6 ust. 1 lit. c RODO w zwi\u0105zku z w\u0142a\u015bciwymi przepisami reguluj\u0105cymi kwestie obowi\u0105zk\u00f3w podatkowych i ksi\u0119gowych),<\/span><\/li>\n<li style=\"font-weight: 400;\" aria-level=\"1\"><span style=\"font-weight: 400;\">w\u0142\u0105czenia do archiwum na potrzeby ewentualnej konieczno\u015bci obrony, ustalenia lub dochodzenia roszcze\u0144 (art. 6 ust. 1 lit. f RODO).<\/span><\/li>\n<\/ul>\n<p><span style=\"font-weight: 400;\">Dane o zam\u00f3wieniach przetwarzane s\u0105 przez czas niezb\u0119dny do realizacji zam\u00f3wienia, a nast\u0119pnie do czasu up\u0142ywu terminu przedawnienia roszcze\u0144 z tytu\u0142u zawartej umowy.<\/span><\/p>\n<p><span style=\"font-weight: 400;\">Pami\u0119taj r\u00f3wnie\u017c, \u017ce mamy obowi\u0105zek przechowywa\u0107 dokumentacj\u0119 ksi\u0119gow\u0105, kt\u00f3ra mo\u017ce zawiera\u0107 Twoje dane osobowe, przez okres wymagany przepisami prawa.<\/span><\/p>\n<p><span style=\"font-weight: 400;\">W ka\u017cdej chwili mo\u017cesz uzyska\u0107 dost\u0119p do danych o swoich zam\u00f3wieniach. Sprostowanie tych danych nie jest jednak mo\u017cliwe, za wyj\u0105tkiem noty lub faktury koryguj\u0105cej, je\u017celi zosta\u0142a wystawiona b\u0142\u0119dnie. Informujemy Ci\u0119, \u017ce do czasu up\u0142ywu terminu przedawnienia roszcze\u0144 z umowy widzimy sw\u00f3j nadrz\u0119dny interes w przechowywaniu danych o zam\u00f3wieniach.<\/span><\/p>\n<p><b>Odzyskiwanie porzuconego koszyka &#8211; szczeg\u00f3\u0142y<\/b><\/p>\n<p><span style=\"font-weight: 400;\">Je\u017celi rozpoczniesz proces sk\u0142adania zam\u00f3wienia, ale go nie uko\u0144czysz, nasz system odnotuje ten fakt, aktywuj\u0105c mechanizm odzyskania porzuconego koszyka. Mechanizm ten polega na tym, \u017ce przez jaki\u015b czas b\u0119dziemy wysy\u0142a\u0107 do Ciebie wiadomo\u015bci przypominaj\u0105ce o mo\u017cliwo\u015bci finalizacji zam\u00f3wienia. Opieramy si\u0119 w tym zakresie na naszym prawnie uzasadnionym interesie, o kt\u00f3rym mowa w art. 6 ust. 1 lit. f RODO. Interes ten polega na marketingu w\u0142asnych produkt\u00f3w i us\u0142ug. Mo\u017cesz sprzeciwi\u0107 si\u0119 otrzymywaniu wiadomo\u015bci w ramach mechanizmu odzyskiwania porzuconych koszyk\u00f3w, klikaj\u0105c w stosowny link zawarty w otrzymanej wiadomo\u015bci.<\/span><\/p>\n<p><b>Reklamacje i odst\u0105pienia od umowy \u2013 szczeg\u00f3\u0142y<\/b><\/p>\n<p><span style=\"font-weight: 400;\">Je\u017celi sk\u0142adasz reklamacj\u0119 lub odst\u0119pujesz od umowy, to przekazujesz dane osobowe zawarte w tre\u015bci reklamacji lub o\u015bwiadczeniu o odst\u0105pieniu od umowy, kt\u00f3re obejmuj\u0119 imi\u0119 i nazwisko, adres zamieszkania, numer telefonu, adres e-mail, numer rachunku bankowego. Podanie danych jest dobrowolne, ale niezb\u0119dne, by z\u0142o\u017cy\u0107 reklamacj\u0119 lub odst\u0105pi\u0107 od umowy.<\/span><\/p>\n<p><span style=\"font-weight: 400;\">Dane przekazane nam w zwi\u0105zku ze z\u0142o\u017ceniem reklamacji lub odst\u0105pieniem od umowy wykorzystywane s\u0105 w celu realizacji procedury reklamacyjnej lub procedury odst\u0105pienia od umowy, a nast\u0119pnie w celach archiwalnych, co stanowi nasz prawnie uzasadniony interes (art. 6 ust. 1 lit. f RODO).\u00a0<\/span><\/p>\n<p><span style=\"font-weight: 400;\">Dane b\u0119d\u0105 przetwarzane przez czas niezb\u0119dny do realizacji procedury reklamacyjnej lub procedury odst\u0105pienia. Dokumenty reklamacyjne b\u0119d\u0105 przechowywane do czasu up\u0142ywu terminu uprawnie\u0144 z r\u0119kojmi. O\u015bwiadczenia o odst\u0105pieniu od umowy b\u0119d\u0105 przechowywane wraz z dokumentacj\u0105 ksi\u0119gow\u0105 przez okres wymagany przez przepisy prawa.<\/span><\/p>\n<p><b>Newsletter \u2013 szczeg\u00f3\u0142y<\/b><\/p>\n<p><span style=\"font-weight: 400;\">Zapisuj\u0105c si\u0119 do newslettera, przekazujesz swoje imi\u0119 oraz adres e-mail. Podanie danych jest dobrowolne, ale niezb\u0119dne, by zapisa\u0107 si\u0119 do newslettera.<\/span><\/p>\n<p><span style=\"font-weight: 400;\">Ponadto, system wykorzystywany do obs\u0142ugi newslettera, zapisuje Tw\u00f3j numer IP, z kt\u00f3rego korzysta\u0142e\u015b, zapisuj\u0105c si\u0119 do newslettera, okre\u015bla Twoj\u0105 przybli\u017con\u0105 lokalizacj\u0119, klienta poczty, z kt\u00f3rego korzystasz do obs\u0142ugi poczty e-mail oraz \u015bledzi Twoje dzia\u0142ania podejmowane w zwi\u0105zku z wysy\u0142anymi do Ciebie wiadomo\u015bciami. W zwi\u0105zku z tym, posiadam r\u00f3wnie\u017c informacje, kt\u00f3re wiadomo\u015bci otworzy\u0142e\u015b, w ramach kt\u00f3rych wiadomo\u015bci klikn\u0105\u0142e\u015b w linki itp.<\/span><\/p>\n<p><span style=\"font-weight: 400;\">Dane przekazane przez Ciebie w zwi\u0105zku z zapisem do newslettera, wykorzystywane s\u0105 w celu przesy\u0142ania Ci newslettera, a podstaw\u0105 prawn\u0105 ich przetwarzania jest Twoja zgoda (art. 6 ust. 1 lit. a RODO) wyra\u017cona podczas zapisywania si\u0119 do newslettera.<\/span><\/p>\n<p><span style=\"font-weight: 400;\">Je\u017celi chodzi o przetwarzanie informacji, kt\u00f3re nie pochodz\u0105 od Ciebie, a zosta\u0142y zebrane automatycznie przez system mailingowy, opieram si\u0119 w tym zakresie na moim prawnie uzasadnionym interesie (art. 6 ust. 1 lit. f RODO) polegaj\u0105cym na analizie zachowa\u0144 subskrybent\u00f3w newslettera w celu optymalizacji dzia\u0142a\u0144 mailingowych.<\/span><\/p>\n<p><span style=\"font-weight: 400;\">W ka\u017cdej chwili mo\u017cesz zrezygnowa\u0107 z otrzymywania newslettera, klikaj\u0105c w dedykowany link znajduj\u0105cy si\u0119 w ka\u017cdej wiadomo\u015bci wysy\u0142anej w ramach newslettera lub po prostu kontaktuj\u0105c si\u0119 ze mn\u0105.<\/span><\/p>\n<p><span style=\"font-weight: 400;\">Pomimo rezygnacji z newslettera, Twoje dane b\u0119d\u0105 nadal przechowywane w bazie w celu identyfikacji subskrybenta powracaj\u0105cego oraz ewentualnej obrony roszcze\u0144 zwi\u0105zanych z wysy\u0142aniem Ci newslettera, w szczeg\u00f3lno\u015bci na potrzeby wykazania faktu udzielenia przez Ciebie zgody na otrzymywanie newslettera oraz chwili jej wycofania, co stanowi nasz prawnie uzasadniony interes, o kt\u00f3rym mowa w art. 6 ust. 1 lit. f RODO.<\/span><\/p>\n<p><span style=\"font-weight: 400;\">W ka\u017cdej chwili mo\u017cesz zmodyfikowa\u0107 swoje dane podane na potrzeby otrzymywania newslettera klikaj\u0105c w stosowny link widoczny w ka\u017cdej wiadomo\u015bci wysy\u0142anej w ramach newslettera lub po prostu kontaktuj\u0105c si\u0119 ze mn\u0105.<\/span><\/p>\n<p><b>Komentarze \/ opinie \u2013 szczeg\u00f3\u0142y<\/b><\/p>\n<p><span style=\"font-weight: 400;\">Dodaj\u0105c komentarz, musisz poda\u0107 przynajmniej nazw\u0119 u\u017cytkownika, kt\u00f3ra b\u0119dzie przypisana do komentarza (nazwa mo\u017ce zawiera\u0107 dane osobowe, jak np. imi\u0119 lub nazwisko) oraz adres e-mail. Podanie tych danych jest dobrowolne, ale niezb\u0119dne by doda\u0107 komentarz.<\/span><\/p>\n<p><span style=\"font-weight: 400;\">System komentarzy obs\u0142ugiwany jest przez zewn\u0119trznego dostawc\u0119 \u2013 Disqus, Inc. Korzystanie z systemu komentarzy podlega regulaminowi oraz polityce prywatno\u015bci Disqus. Disqus jest samodzielnym, niezale\u017cnym od nas podmiotem \u015bwiadcz\u0105cym na Twoj\u0105 rzecz us\u0142ugi drog\u0105 elektroniczn\u0105 oraz przetwarzaj\u0105cym Twoje dane osobowe w zwi\u0105zku z korzystaniem z tych us\u0142ug. Z systemu Disqus mo\u017cesz korzysta\u0107 bez konieczno\u015bci tworzenia konta u\u017cytkownika albo jako zarejestrowany u\u017cytkownik po uprzedniej rejestracji \u2013 decyzja w tym zakresie nale\u017cy do Ciebie.<\/span><\/p>\n<p><span style=\"font-weight: 400;\">Dodany przez Ciebie komentarz wraz z Twoimi danymi upublicznionymi w ramach ustawie\u0144 Disqus b\u0119dzie widoczny na stronie. Komentarz mo\u017cesz w ka\u017cdej chwili zmodyfikowa\u0107 oraz usun\u0105\u0107.<\/span><\/p>\n<p><span style=\"font-weight: 400;\">Podstaw\u0105 prawn\u0105 przetwarzania przez nas Twoich danych osobowych w przypadku systemu komentarzy jest prawnie uzasadniony interes, o kt\u00f3rym mowa w art. 6 ust. 1 lit. f RODO, a kt\u00f3ry polega w tym przypadku na obs\u0142udze systemu komentarzy.<\/span><\/p>\n<p><b>Obs\u0142uga korespondencji \u2013 szczeg\u00f3\u0142y<\/b><\/p>\n<p><span style=\"font-weight: 400;\">Kontaktuj\u0105c si\u0119 z nami za po\u015brednictwem poczty elektronicznej, w spos\u00f3b naturalny przekazujesz swoje dane osobowe zawarte w tre\u015bci korespondencji, w szczeg\u00f3lno\u015bci adres e-mail oraz imi\u0119 i nazwisko. Podanie danych jest dobrowolne, ale niezb\u0119dne, by nawi\u0105za\u0107 kontakt.<\/span><\/p>\n<p><span style=\"font-weight: 400;\">Twoje dane s\u0105 w tym przypadku przetwarzane w celu kontaktu z Tob\u0105, a podstaw\u0105 przetwarzania jest art. 6 ust. 1 lit. f RODO, czyli nasz prawnie uzasadniony interes. Podstaw\u0105 prawn\u0105 przetwarzania po zako\u0144czeniu kontaktu jest r\u00f3wnie\u017c nasz prawnie uzasadniony interes w postaci archiwizacji korespondencji na potrzeby zapewnienia sobie mo\u017cliwo\u015bci wykazania okre\u015blonych fakt\u00f3w w przysz\u0142o\u015bci (art. 6 ust. 1 lit. f RODO).<\/span><\/p>\n<p><span style=\"font-weight: 400;\">Tre\u015b\u0107 korespondencji mo\u017ce podlega\u0107 archiwizacji i nie jeste\u015bmy w stanie jednoznacznie okre\u015bli\u0107, kiedy zostanie usuni\u0119ta. Masz prawo do domagania si\u0119 przedstawienia historii korespondencji, jak\u0105 z nami prowadzi\u0142e\u015b (je\u017celi podlega\u0142a archiwizacji), jak r\u00f3wnie\u017c domaga\u0107 si\u0119 jej usuni\u0119cia, chyba \u017ce jej archiwizacja jest uzasadniona z uwagi na nasze nadrz\u0119dne interesy, np. obrona przed potencjalnymi roszczeniami z Twojej strony.<\/span><\/p>\n<p><b>Obowi\u0105zki podatkowe i ksi\u0119gowe \u2013 szczeg\u00f3\u0142y<\/b><\/p>\n<p><span style=\"font-weight: 400;\">Je\u017celi wystawiamy na Twoj\u0105 rzecz faktur\u0119, to wchodzi ona w sk\u0142ad dokumentacji ksi\u0119gowej, kt\u00f3ra b\u0119dzie przechowywana przez okres czasu wymagany przez przepisy prawa. Twoje dane osobowe s\u0105 w takiej sytuacji przetwarzane w celu realizacji ci\u0105\u017c\u0105cych na nas obowi\u0105zk\u00f3w podatkowych i ksi\u0119gowych (art. 6 ust. 1 lit. c RODO w zwi\u0105zku z w\u0142a\u015bciwymi przepisami reguluj\u0105cymi kwestie obowi\u0105zk\u00f3w podatkowych i ksi\u0119gowych).<\/span><\/p>\n<p><b>Archiwum \u2013 szczeg\u00f3\u0142y<\/b><\/p>\n<p><span style=\"font-weight: 400;\">W ramach opisu poszczeg\u00f3lnych cel\u00f3w przetwarzania danych osobowych wskazali\u015bmy terminy przechowywania danych osobowych. Terminy te cz\u0119sto zwi\u0105zane s\u0105 z archiwizacj\u0105 okre\u015blonych danych na potrzeby zapewnienia sobie mo\u017cliwo\u015bci wykazania okre\u015blonych fakt\u00f3w w przysz\u0142o\u015bci, odtworzenia przebiegu wsp\u00f3\u0142pracy z klientem, wymienionej korespondencji, obrony, ustalenia lub dochodzenia roszcze\u0144. Opieramy si\u0119 w tym zakresie na naszym prawnie uzasadnionym interesie, o kt\u00f3rym mowa w art. 6 ust. 1 lit. f RODO.<\/span><\/p>\n<p><b>Grupy odbiorc\u00f3w \u2013 szczeg\u00f3\u0142y<\/b><\/p>\n<p><span style=\"font-weight: 400;\">Tw\u00f3j adres e-mail przechowywany w bazie newsletterowej lub w bazie sklepu mo\u017ce zosta\u0107 przes\u0142any do serwisu Facebook w celu stworzenia grupy odbiorc\u00f3w reklam z wykorzystaniem tego\u017c adresu e-mail.<\/span><\/p>\n<p><span style=\"font-weight: 400;\">Podczas korzystania z tej funkcji adres e-mail jest hashowany przed przes\u0142aniem go do serwisu Facebook w celu utworzenia grupy odbiorc\u00f3w.<\/span><\/p>\n<p><span style=\"font-weight: 400;\">Adres e-mail zostanie u\u017cyty w procesie dopasowania prowadzonym przez serwis Facebook.<\/span><\/p>\n<p><span style=\"font-weight: 400;\">Facebook nie udost\u0119pnia adresu e-mail osobom trzecim ani innym reklamodawcom i usuwa adres e-mail niezw\u0142ocznie po zako\u0144czeniu procesu dopasowywania.<\/span><\/p>\n<p><span style=\"font-weight: 400;\">Facebook wdro\u017cy\u0142 procesy i procedury zapewniaj\u0105ce poufno\u015b\u0107 i bezpiecze\u0144stwo przesy\u0142anego mu adresu e-mail i zbioru identyfikator\u00f3w u\u017cytkownik\u00f3w Facebooka tworz\u0105cych grup\u0119 odbiorc\u00f3w powsta\u0142\u0105 z wykorzystaniem adresu e-mail mi\u0119dzy innymi poprzez stosowanie technicznych i fizycznych zabezpiecze\u0144.<\/span><\/p>\n<p><span style=\"font-weight: 400;\">Stworzenie grupy odbiorc\u00f3w reklam na Facebooku z wykorzystaniem Twojego adresu e-mail stanowi nasz prawnie uzasadniony interes, o kt\u00f3rym mowa w art. 6 ust. 1 lit. f RODO. W ka\u017cdej chwili mo\u017cesz sprzeciwi\u0107 si\u0119 wykorzystywaniu Twojego adresu e-mail w tym celu, wystarczy, \u017ce napiszesz do nas w tej sprawie na adres<\/span><span style=\"font-weight: 400;\">\u00a0<\/span><span style=\"font-weight: 400;\">info@centrumzaburzenodzywiania.pl<\/span><\/p>\n<p><b>Media spo\u0142eczno\u015bciowe \u2013 szczeg\u00f3\u0142y<\/b><\/p>\n<p><span style=\"font-weight: 400;\">Je\u017celi obserwujesz nasze profile w serwisach spo\u0142eczno\u015bciowych lub wchodzisz w interakcj\u0119 z tre\u015bciami publikowanymi przez nas w mediach spo\u0142eczno\u015bciowych, w naturalny spos\u00f3b widzimy Twoje dane, kt\u00f3re s\u0105 publicznie dost\u0119pne w Twoim profilu spo\u0142eczno\u015bciowym. Przetwarzamy te dane wy\u0142\u0105cznie w obr\u0119bie danego serwisu spo\u0142eczno\u015bciowego i wy\u0142\u0105cznie w celu obs\u0142ugi danego serwisu spo\u0142eczno\u015bciowego, co stanowi nasz prawnie uzasadniony interes, o kt\u00f3rym mowa w art. 6 ust. 1 lit. f RODO.<\/span><\/p>\n<p><span style=\"font-weight: 400;\">Korzystanie przez Ciebie z serwis\u00f3w spo\u0142eczno\u015bciowych podlega regulaminom i politykom prywatno\u015bci administrator\u00f3w tych serwis\u00f3w, a ci administratorzy \u015bwiadcz\u0105 na Twoj\u0105 rzecz, w pe\u0142ni samodzielnie i niezale\u017cnie od nas, us\u0142ugi drog\u0105 elektroniczn\u0105.<\/span><\/p>\n<p><span style=\"font-weight: 400;\">Zach\u0119camy Ci\u0119 do \u015bwiadomego korzystania z serwis\u00f3w spo\u0142eczno\u015bciowych i dbania o swoj\u0105 prywatno\u015b\u0107 w ich obr\u0119bie, w szczeg\u00f3lno\u015bci poprzez rozwa\u017cny dob\u00f3r upublicznianych tre\u015bci i zarz\u0105dzanie ustawieniami prywatno\u015bci.<\/span><\/p>\n<p><b>Analiza i statystyka \u2013 szczeg\u00f3\u0142y<\/b><\/p>\n<p><span style=\"font-weight: 400;\">Prowadzimy dzia\u0142ania analityczne i statystyczne z wykorzystaniem Google Analytics, Facebook Pixel i Hotjar. W ramach narz\u0119dzi analitycznych mamy dost\u0119p wy\u0142\u0105cznie do Informacji Anonimowych.<\/span><\/p>\n<p><span style=\"font-weight: 400;\">Tak jak wspominali\u015bmy wcze\u015bniej, Informacje Anonimowe same w sobie nie maj\u0105, w naszej ocenie, charakteru danych osobowych, poniewa\u017c nie pozwalaj\u0105 nam na Twoj\u0105 identyfikacj\u0119 oraz nie zestawiamy ich z typowymi danymi osobowymi, jakie gromadzimy na Tw\u00f3j temat. Niemniej jednak, bior\u0105c pod uwag\u0119 rygorystyczne orzecznictwo Trybuna\u0142u Sprawiedliwo\u015bci Unii Europejskiej i podzielone zdania w\u015br\u00f3d prawnik\u00f3w, z ostro\u017cno\u015bci, na wypadek, gdyby Informacjom Anonimowym zosta\u0142 przypisany charakter danych osobowych, zawarli\u015bmy w niniejszej polityce prywatno\u015bci r\u00f3wnie\u017c szczeg\u00f3\u0142owe wyja\u015bnienia w zakresie przetwarzania tych informacji.\u00a0<\/span><\/p>\n<p><span style=\"font-weight: 400;\">Przetwarzanie Informacji Anonimowych opieramy na prawnie uzasadnionym interesie, o kt\u00f3rym mowa w art. 6 ust. 1 lit. f RODO. Uzasadniony interes polega na tworzeniu, przegl\u0105daniu i analizowaniu statystyk zwi\u0105zanych z aktywno\u015bci\u0105 u\u017cytkownik\u00f3w na stronie w celu wyci\u0105gania wniosk\u00f3w pozwalaj\u0105cych na p\u00f3\u017aniejsz\u0105 optymalizacj\u0119 strony internetowej.\u00a0<\/span><\/p>\n<p><span style=\"font-weight: 400;\">Szczeg\u00f3\u0142y zwi\u0105zane z Google Analytics oraz Hotjar zosta\u0142y przedstawione w ramach sekcji po\u015bwi\u0119conych tym narz\u0119dziom przy opisywaniu plik\u00f3w cookies. Facebook Pixel funkcjonuje w ramach plik\u00f3w cookies wykrywanych jako Facebook Custom Audiences, wi\u0119c szczeg\u00f3\u0142y z nim zwi\u0105zane zosta\u0142y przedstawione w ramach sekcji po\u015bwi\u0119conej Facebook Custom Audiences przy opisywaniu plik\u00f3w cookies.<\/span><\/p>\n<p><span style=\"font-weight: 400;\">Nie jeste\u015bmy w stanie zapewni\u0107 Ci dost\u0119pu do Informacji Anonimowych na Tw\u00f3j temat, poniewa\u017c \u017cadnych z Informacji Anonimowych nie jeste\u015bmy w stanie przypisa\u0107 do \u017cadnego konkretnego u\u017cytkownika. Z poziomu Google Analytics, Hotjar oraz narz\u0119dzi Facebooka mamy wgl\u0105d wy\u0142\u0105cznie do zbioru statystyk i informacji nieprzypisanych do konkretnych os\u00f3b.\u00a0<\/span><\/p>\n<p><span style=\"font-weight: 400;\">Mo\u017cesz natomiast sprzeciwi\u0107 si\u0119 przetwarzaniu Informacji Anonimowych na Tw\u00f3j temat, wy\u0142\u0105czaj\u0105c pliki cookies Google Analytics, Hotjar oraz Facebook Custom Audiences w ustawieniach plik\u00f3w cookies wywo\u0142ywanych poprzez klikni\u0119cie w stosownej tre\u015bci link w stopce strony.\u00a0<\/span><\/p>\n<p><b>Marketing w\u0142asny \u2013 szczeg\u00f3\u0142y<\/b><\/p>\n<p><span style=\"font-weight: 400;\">Prowadzimy dzia\u0142ania marketingowe z wykorzystaniem Facebook Custom Audiences, w tym Facebook Pixel oraz Google Ads. W ramach narz\u0119dzi marketingowych mamy dost\u0119p wy\u0142\u0105cznie do Informacji Anonimowych.<\/span><\/p>\n<p><span style=\"font-weight: 400;\">Tak jak wspominali\u015bmy wcze\u015bniej, Informacje Anonimowe same w sobie nie maj\u0105, w naszej ocenie, charakteru danych osobowych, poniewa\u017c nie pozwalaj\u0105 nam na Twoj\u0105 identyfikacj\u0119 oraz nie zestawiamy ich z typowymi danymi osobowymi, jakie gromadzimy na Tw\u00f3j temat. Niemniej jednak, bior\u0105c pod uwag\u0119 rygorystyczne orzecznictwo Trybuna\u0142u Sprawiedliwo\u015bci Unii Europejskiej i podzielone zdania w\u015br\u00f3d prawnik\u00f3w, z ostro\u017cno\u015bci, na wypadek, gdyby Informacjom Anonimowym zosta\u0142 przypisany charakter danych osobowych, zawarli\u015bmy w niniejszej polityce prywatno\u015bci r\u00f3wnie\u017c szczeg\u00f3\u0142owe wyja\u015bnienia w zakresie przetwarzania tych informacji.\u00a0<\/span><\/p>\n<p><span style=\"font-weight: 400;\">Przetwarzanie Informacji Anonimowych opieramy na prawnie uzasadnionym interesie, o kt\u00f3rym mowa w art. 6 ust. 1 lit. f RODO. Uzasadniony interes polega na tworzeniu Niestandardowych Grup Odbiorc\u00f3w w oparciu o Informacje Anonimowe oraz targetowaniu reklam na Facebooku i w ramach systemu Google Ads w oparciu o Informacje Anonimowe, kt\u00f3re to dzia\u0142ania mieszcz\u0105 si\u0119 w ramach marketingu w\u0142asnych produkt\u00f3w i us\u0142ug.\u00a0\u00a0<\/span><\/p>\n<p><span style=\"font-weight: 400;\">Szczeg\u00f3\u0142y zwi\u0105zane z Facebook Custom Audiences oraz Google Ads zosta\u0142y przedstawione w ramach sekcji po\u015bwi\u0119conych tym narz\u0119dziom przy opisywaniu plik\u00f3w cookies.<\/span><\/p>\n<p><span style=\"font-weight: 400;\">Nie jeste\u015bmy w stanie zapewni\u0107 Ci dost\u0119pu do Informacji Anonimowych na Tw\u00f3j temat, poniewa\u017c \u017cadnych z Informacji Anonimowych nie jeste\u015bmy w stanie przypisa\u0107 do \u017cadnego konkretnego u\u017cytkownika. Z poziomu narz\u0119dzi Facebooka oraz Google mamy wgl\u0105d wy\u0142\u0105cznie do zbioru statystyk i informacji nieprzypisanych do konkretnych os\u00f3b.\u00a0<\/span><\/p>\n<p><span style=\"font-weight: 400;\">Mo\u017cesz natomiast sprzeciwi\u0107 si\u0119 przetwarzaniu Informacji Anonimowych na Tw\u00f3j temat, wy\u0142\u0105czaj\u0105c pliki cookies Facebook Custom Audiences oraz Google Ads w ustawieniach plik\u00f3w cookies wywo\u0142ywanych poprzez klikni\u0119cie w stosownej tre\u015bci link w stopce strony.\u00a0<\/span><\/p>\n<p><b>Narz\u0119dzia dodatkowe \u2013 szczeg\u00f3\u0142y<\/b><\/p>\n<p><span style=\"font-weight: 400;\">Osadzamy na stronie nagrania wideo z serwisu YouTube, nagrania audio z serwisu SoundCloud, korzystamy z wtyczek spo\u0142eczno\u015bciowych oraz komentarzy Disqus. Wszystkie te narz\u0119dzia przetwarzaj\u0105 Informacje Anonimowe.\u00a0<\/span><\/p>\n<p><span style=\"font-weight: 400;\">Tak jak wspominali\u015bmy wcze\u015bniej, Informacje Anonimowe same w sobie nie maj\u0105, w naszej ocenie, charakteru danych osobowych, poniewa\u017c nie pozwalaj\u0105 nam na Twoj\u0105 identyfikacj\u0119 oraz nie zestawiamy ich z typowymi danymi osobowymi, jakie gromadzimy na Tw\u00f3j temat. Niemniej jednak, bior\u0105c pod uwag\u0119 rygorystyczne orzecznictwo Trybuna\u0142u Sprawiedliwo\u015bci Unii Europejskiej i podzielone zdania w\u015br\u00f3d prawnik\u00f3w, z ostro\u017cno\u015bci, na wypadek, gdyby Informacjom Anonimowym zosta\u0142 przypisany charakter danych osobowych, zawarli\u015bmy w niniejszej polityce prywatno\u015bci r\u00f3wnie\u017c szczeg\u00f3\u0142owe wyja\u015bnienia w zakresie przetwarzania tych informacji.\u00a0<\/span><\/p>\n<p><span style=\"font-weight: 400;\">Przetwarzanie Informacji Anonimowych opieramy na prawnie uzasadnionym interesie, o kt\u00f3rym mowa w art. 6 ust. 1 lit. f RODO. Uzasadniony interes polega w tym przypadku na zapewnieniu mo\u017cliwo\u015bci korzystania z dodatkowych funkcji na stronie \u2013 odtwarzacza, wtyczek spo\u0142eczno\u015bciowych, systemu komentarzy.\u00a0<\/span><\/p>\n<p><span style=\"font-weight: 400;\">Szczeg\u00f3\u0142y zwi\u0105zane z YouTube, SoundCloud, Disqus i wtyczkami spo\u0142eczno\u015bciowymi zosta\u0142y przedstawione w ramach sekcji po\u015bwi\u0119conej tym narz\u0119dziom przy opisywaniu plik\u00f3w cookies.\u00a0<\/span><\/p>\n<p><span style=\"font-weight: 400;\">Nie jeste\u015bmy w stanie zapewni\u0107 Ci dost\u0119pu do Informacji Anonimowych na Tw\u00f3j temat, poniewa\u017c \u017cadnych z Informacji Anonimowych nie jeste\u015bmy w stanie przypisa\u0107 do \u017cadnego konkretnego u\u017cytkownika. Co wi\u0119cej, je\u015bli chodzi o Informacje Anonimowe przetwarzane w ramach YouTube, SoundCloud, Disqus i wtyczek spo\u0142eczno\u015bciowych, nie mamy nawet wgl\u0105du do tych informacji, a informacje te nie s\u0105 nam do niczego potrzebne \u2013 przetwarzane s\u0105 wy\u0142\u0105cznie po to, \u017ceby odtwarzacz YouTube, SoundCloud, komentarze Disqus i wtyczki spo\u0142eczno\u015bciowe mog\u0142y dzia\u0142a\u0107.\u00a0<\/span><\/p>\n<p><span style=\"font-weight: 400;\">Mo\u017cesz natomiast sprzeciwi\u0107 si\u0119 przetwarzaniu Informacji Anonimowych na Tw\u00f3j temat, wy\u0142\u0105czaj\u0105c pliki cookies YouTube, SoundCloud, Disqus oraz wtyczek spo\u0142eczno\u015bciowych w ustawieniach plik\u00f3w cookies wywo\u0142ywanych poprzez klikni\u0119cie w stosownej tre\u015bci link w stopce strony. Miej jednak na uwadze, \u017ce w ten spos\u00f3b stracisz mo\u017cliwo\u015b\u0107 korzystania z odtwarzacza YouTube, SoundCloud, Disqus oraz wtyczek spo\u0142eczno\u015bciowych.<\/span><\/p>\n<p>&nbsp;<\/p>\n<p><b># 7: Jak d\u0142ugo b\u0119dziemy przechowywa\u0107 Twoje dane osobowe?<\/b><\/p>\n<p><span style=\"font-weight: 400;\">Okresy przechowywania danych zosta\u0142y wskazane odr\u0119bnie w stosunku do ka\u017cdego celu przetwarzania. Odnajdziesz te informacje w ramach szczeg\u00f3\u0142\u00f3w po\u015bwi\u0119conych ka\u017cdemu odr\u0119bnemu celowi przetwarzania. Wi\u0119kszo\u015b\u0107 danych usuwanych jest po up\u0142ywie terminu przedawnienia roszcze\u0144.<\/span><\/p>\n<p><b># 8: Kim s\u0105 odbiorcy Twoich danych osobowych?<\/b><\/p>\n<p><span style=\"font-weight: 400;\">Zaryzykujemy stwierdzenie, \u017ce wsp\u00f3\u0142czesny biznes nie jest w stanie obej\u015b\u0107 si\u0119 bez us\u0142ug \u015bwiadczonych przez podmioty trzecie. My r\u00f3wnie\u017c z takich us\u0142ug korzystamy. Cz\u0119\u015b\u0107 z tych us\u0142ug wi\u0105\u017ce si\u0119 z przetwarzaniem Twoich danych osobowych. Zewn\u0119trzni us\u0142ugodawcy, kt\u00f3rzy bior\u0105 udzia\u0142 w przetwarzaniu Twoich danych osobowych, to:<\/span><\/p>\n<ul>\n<li style=\"font-weight: 400;\" aria-level=\"1\"><span style=\"font-weight: 400;\">hostingodawca, kt\u00f3ry przechowuje dane na serwerze,<\/span><\/li>\n<li style=\"font-weight: 400;\" aria-level=\"1\"><span style=\"font-weight: 400;\">dostawca us\u0142ugi chmury obliczeniowej, w kt\u00f3rej przechowywane s\u0105 pliki mog\u0105ce zawiera\u0107 Twoje dane osobowe,<\/span><\/li>\n<li style=\"font-weight: 400;\" aria-level=\"1\"><span style=\"font-weight: 400;\">dostawca systemu mailingowego, w kt\u00f3rym przechowywane s\u0105 Twoje dane, je\u017celi jeste\u015b subskrybentem newslettera,<\/span><\/li>\n<li style=\"font-weight: 400;\" aria-level=\"1\"><span style=\"font-weight: 400;\">dostawca systemu CRM, w kt\u00f3rym przechowujemy Twoje dane w celu usprawnienia procesu obs\u0142ugi klienta oraz w celach archiwalnych,<\/span><\/li>\n<li style=\"font-weight: 400;\" aria-level=\"1\"><span style=\"font-weight: 400;\">dostawca systemu do fakturowania, w kt\u00f3rym przechowywane s\u0105 Twoje dane w celu wystawienia faktury,<\/span><\/li>\n<li style=\"font-weight: 400;\" aria-level=\"1\"><span style=\"font-weight: 400;\">biuro rachunkowe, kt\u00f3re przetwarza Twoje dane widoczne na fakturach,<\/span><\/li>\n<li style=\"font-weight: 400;\" aria-level=\"1\"><span style=\"font-weight: 400;\">podmiot \u015bwiadcz\u0105cy us\u0142ugi w zakresie obs\u0142ugi technicznej, kt\u00f3ry uzyskuje dost\u0119p do danych, je\u017celi prowadzone prace techniczne dotycz\u0105 obszar\u00f3w, w kt\u00f3rych znajduj\u0105 si\u0119 dane osobowe,<\/span><\/li>\n<li style=\"font-weight: 400;\" aria-level=\"1\"><span style=\"font-weight: 400;\">pozostali podwykonawcy, kt\u00f3rzy uzyskuj\u0105 dost\u0119p do danych, je\u017celi zakres ich dzia\u0142a\u0144 wymaga takowego dost\u0119pu.<\/span><\/li>\n<\/ul>\n<p><span style=\"font-weight: 400;\">Wszystkie podmioty wymienione powy\u017cej przetwarzaj\u0105 Twoje dane na podstawie zawartych um\u00f3w powierzenia przetwarzania danych osobowych i gwarantuj\u0105 odpowiedni poziom ochrony danych osobowych.<\/span><\/p>\n<p><span style=\"font-weight: 400;\">Je\u017celi zajdzie taka potrzeba, Twoje dane mog\u0105 by\u0107 udost\u0119pnione radcy prawnemu lub adwokatowi zwi\u0105zanemu tajemnic\u0105 zawodow\u0105. Potrzeba mo\u017ce wynika\u0107 z konieczno\u015bci skorzystania z pomocy prawnej wymagaj\u0105cej dost\u0119pu do Twoich danych osobowych.<\/span><\/p>\n<p><span style=\"font-weight: 400;\">Twoje dane osobowe mog\u0105 by\u0107 r\u00f3wnie\u017c przekazywane do urz\u0119d\u00f3w skarbowych w zakresie niezb\u0119dnym do realizacji obowi\u0105zk\u00f3w podatkowo-rozliczeniowo-ksi\u0119gowych. Chodzi w szczeg\u00f3lno\u015bci o wszelkie deklaracje, raporty, sprawozdania i inne dokumenty ksi\u0119gowe, w kt\u00f3rych znajduj\u0105 si\u0119 Twoje dane osobowe.<\/span><\/p>\n<p><span style=\"font-weight: 400;\">Ponadto, w razie zaistnienia takiej konieczno\u015bci, Twoje dane osobowe mog\u0105 by\u0107 udost\u0119pniane podmiotom, organom lub instytucjom uprawnionym do uzyskania dost\u0119pu do danych na podstawie przepis\u00f3w prawa, takim jak s\u0142u\u017cby policyjne, bezpiecze\u0144stwa, s\u0105dy, prokuratury.<\/span><\/p>\n<p><span style=\"font-weight: 400;\">Twoje dane udost\u0119pniane s\u0105 firmom kurierskim w zakresie niezb\u0119dnym do dostarczenia zam\u00f3wienia. Firmy te staj\u0105 si\u0119 niezale\u017cnymi administratorami Twoich danych osobowych.<\/span><\/p>\n<p><span style=\"font-weight: 400;\">Co wi\u0119cej, gdy chodzi o Informacje Anonimowe, dost\u0119p do nich maj\u0105 dostawcy narz\u0119dzi lub wtyczek, kt\u00f3re gromadz\u0105 Informacje Anonimowe. Dostawcy tych narz\u0119dzi s\u0105 samodzielnymi administratorami danych w nich gromadzonych i mog\u0105 udost\u0119pnia\u0107 te dane na zasadach okre\u015blonych przez siebie we w\u0142asnych regulaminach i politykach prywatno\u015bci, na co nie mam wp\u0142ywu.\u00a0\u00a0<\/span><\/p>\n<p><b># 9: Czy przekazujemy Twoje dane do pa\u0144stw trzecich lub organizacji mi\u0119dzynarodowych?<\/b><\/p>\n<p><span style=\"font-weight: 400;\">Tak, cz\u0119\u015b\u0107 operacji przetwarzania Twoich danych osobowych mo\u017ce wi\u0105za\u0107 si\u0119 z ich przekazywaniem do pa\u0144stw trzecich.<\/span><\/p>\n<p><span style=\"font-weight: 400;\">Przekazujemy Twoje dane osobowe do pa\u0144stw trzecich w zwi\u0105zku z korzystaniem z narz\u0119dzi, kt\u00f3re przechowuj\u0105 dane osobowe na serwerach zlokalizowanych w pa\u0144stwach trzecich, w szczeg\u00f3lno\u015bci w USA. Dostawcy tych narz\u0119dzi gwarantuj\u0105 odpowiedni poziom ochrony danych osobowych poprzez stosowne mechanizmy zgodno\u015bci przewidziane przez RODO, w szczeg\u00f3lno\u015bci poprzez korzystanie ze standardowych klauzul umownych.<\/span><\/p>\n<p><span style=\"font-weight: 400;\">Do przechowywania danych osobowych na serwerach zlokalizowanych w pa\u0144stwach trzecich dochodzi w ramach nast\u0119puj\u0105cych narz\u0119dzi:<\/span><\/p>\n<ul>\n<li style=\"font-weight: 400;\" aria-level=\"1\"><span style=\"font-weight: 400;\">system mailingowy MailerLite, kt\u00f3rego dostawc\u0105 jest UAB MailerLite Address: J. Basanavi\u010diaus g. 15, Vilnius, Lithuania, Registration: 302942057, VAT code: LT100007448516 \u2013 w zakresie Twojego imienia, adresu e-mail, adresu IP oraz informacji statystycznych zwi\u0105zanych z Twoimi reakcjami na wysy\u0142ane wiadomo\u015bci.<\/span><\/li>\n<\/ul>\n<p><span style=\"font-weight: 400;\">UAB MailerLite <\/span><span style=\"font-weight: 400;\">zapewnia odpowiedni poziom ochrony danych osobowych poprzez stosowanie mechanizm\u00f3w zgodno\u015bci przewidzianych przez RODO, w szczeg\u00f3lno\u015bci poprzez stosowanie standardowych klauzul umownych.<\/span><\/p>\n<p><span style=\"font-weight: 400;\">Przypominamy w tym miejscu r\u00f3wnie\u017c, \u017ce korzystamy z narz\u0119dzi zewn\u0119trznych, kt\u00f3re mog\u0105 gromadzi\u0107 Informacje Anonimowe. Wspominali\u015bmy o tym ju\u017c kilkukrotnie w ramach niniejszej polityki, w tym r\u00f3wnie\u017c w odpowiedzi na poprzednie pytanie. Dostawcy tych narz\u0119dzi cz\u0119sto wykorzystuj\u0105 do przechowywania gromadzonych informacji serwery zlokalizowane na terenie ca\u0142ego \u015bwiata, w szczeg\u00f3lno\u015bci w Stanach Zjednoczonych Ameryki (USA).<\/span><\/p>\n<p><b># 10: Czy korzystamy z profilowania? Czy podejmujemy w spos\u00f3b zautomatyzowany decyzje na podstawie Twoich danych osobowych?<\/b><\/p>\n<p><span style=\"font-weight: 400;\">Nie podejmujemy wobec Ciebie decyzji opieraj\u0105cych si\u0119 wy\u0142\u0105cznie na zautomatyzowanym przetwarzaniu, w tym profilowaniu, kt\u00f3re wywo\u0142ywa\u0142yby wobec Ciebie skutki prawne lub w podobny spos\u00f3b istotnie na Ciebie wp\u0142ywa\u0142y.<\/span><\/p>\n<p><span style=\"font-weight: 400;\">Owszem, korzystamy z narz\u0119dzi, kt\u00f3re mog\u0119 podejmowa\u0107 okre\u015blone dzia\u0142ania w zale\u017cno\u015bci od informacji zebranych w ramach mechanizm\u00f3w \u015bledz\u0105cych, ale uwa\u017camy, \u017ce dzia\u0142ania te nie maj\u0105 istotnego wp\u0142ywu na Ciebie, poniewa\u017c nie r\u00f3\u017cnicuj\u0105 Twojej sytuacji jako klienta, nie wp\u0142ywaj\u0105 na warunki umowy, jak\u0105 mo\u017cesz z nami zawrze\u0107 itp.<\/span><\/p>\n<p><span style=\"font-weight: 400;\">Korzystaj\u0105c z okre\u015blonych narz\u0119dzi, mo\u017cemy np. kierowa\u0107 do Ciebie spersonalizowane reklamy w oparciu o wcze\u015bniejsze dzia\u0142ania podj\u0119te przez Ciebie w ramach strony czy te\u017c podpowiada\u0107 Ci produkty, kt\u00f3re mog\u0105 Ci\u0119 zainteresowa\u0107. Mowa tutaj o tzw. reklamie behawioralnej. Zach\u0119camy Ci\u0119 do pog\u0142\u0119bienia wiedzy na temat reklamy behawioralnej, w szczeg\u00f3lno\u015bci w zakresie kwestii zwi\u0105zanych z prywatno\u015bci\u0105. Szczeg\u00f3\u0142owe informacje, wraz z mo\u017cliwo\u015bci\u0105 zarz\u0105dzania ustawieniami w zakresie reklamy behawioralnej, znajdziesz<\/span><span style=\"font-weight: 400;\">\u00a0<\/span><a href=\"http:\/\/www.youronlinechoices.com\/\"><span style=\"font-weight: 400;\">tutaj<\/span><\/a><span style=\"font-weight: 400;\">.<\/span><\/p>\n<p><span style=\"font-weight: 400;\">Podkre\u015blamy, \u017ce w ramach narz\u0119dzi, z kt\u00f3rych korzystamy mamy dost\u0119p wy\u0142\u0105cznie do Informacji Anonimowych. Informacje te przechowywane s\u0105 na serwerach dostawc\u00f3w poszczeg\u00f3lnych narz\u0119dzi, a serwery te najcz\u0119\u015bciej mog\u0105 znajdowa\u0107 si\u0119 na ca\u0142ym \u015bwiecie.<\/span><\/p>\n<p><b># 11: Jakie uprawnienia przys\u0142uguj\u0105 Ci w zwi\u0105zku z przetwarzaniem Twoich danych osobowych?<\/b><\/p>\n<p><span style=\"font-weight: 400;\">RODO przyznaje Ci nast\u0119puj\u0105ce potencjalne uprawnienia zwi\u0105zane z przetwarzaniem Twoich danych osobowych:<\/span><\/p>\n<ul>\n<li style=\"font-weight: 400;\" aria-level=\"1\"><span style=\"font-weight: 400;\">prawo dost\u0119pu do swoich danych oraz otrzymania ich kopii,<\/span><\/li>\n<li style=\"font-weight: 400;\" aria-level=\"1\"><span style=\"font-weight: 400;\">prawo do sprostowania (poprawiania) swoich danych,<\/span><\/li>\n<li style=\"font-weight: 400;\" aria-level=\"1\"><span style=\"font-weight: 400;\">prawo do usuni\u0119cia danych (je\u017celi Twoim zdaniem nie ma podstaw, aby\u015bmy przetwarzali Twoje dane, mo\u017cesz \u017c\u0105da\u0107, aby\u015bmy je usun\u0119li),<\/span><\/li>\n<li style=\"font-weight: 400;\" aria-level=\"1\"><span style=\"font-weight: 400;\">prawo do ograniczenia przetwarzania danych (mo\u017cesz \u017c\u0105da\u0107, aby\u015bmy ograniczyli przetwarzanie danych wy\u0142\u0105cznie do ich przechowywania lub wykonywania uzgodnionych z Tob\u0105 dzia\u0142a\u0144, je\u017celi w Twojej opinii mamy nieprawid\u0142owe dane lub przetwarzamy je bezpodstawnie),\u00a0<\/span><\/li>\n<li style=\"font-weight: 400;\" aria-level=\"1\"><span style=\"font-weight: 400;\">prawo do wniesienia sprzeciwu wobec przetwarzania danych (masz prawo do sprzeciwu wobec przetwarzania danych na podstawie prawnie uzasadnionego interesu; powiniene\u015b wskaza\u0107 szczeg\u00f3ln\u0105 sytuacj\u0119, kt\u00f3ra Twoim zdaniem uzasadnia zaprzestanie przez nas przetwarzania obj\u0119tego sprzeciwem; przestaniemy przetwarza\u0107 Twoje dane w tych celach, chyba \u017ce wyka\u017cemy, \u017ce podstawy przetwarzania przez nas danych s\u0105 nadrz\u0119dne wobec Twoich praw lub te\u017c, \u017ce Twoje dane s\u0105 nam niezb\u0119dne do ustalenia, dochodzenia lub obrony roszcze\u0144),<\/span><\/li>\n<li style=\"font-weight: 400;\" aria-level=\"1\"><span style=\"font-weight: 400;\">prawo do przenoszenia danych (masz prawo otrzyma\u0107 od nas w ustrukturyzowanym, powszechnie u\u017cywanym formacie nadaj\u0105cym si\u0119 do odczytu maszynowego dane osobowe, kt\u00f3re dostarczy\u0142e\u015b nam na podstawie umowy lub Twojej zgody; mo\u017cesz nam zleci\u0107 przes\u0142anie tych danych bezpo\u015brednio innemu podmiotowi),<\/span><\/li>\n<li style=\"font-weight: 400;\" aria-level=\"1\"><span style=\"font-weight: 400;\">prawo do cofni\u0119cia zgody na przetwarzanie danych osobowych, je\u017celi uprzednio tak\u0105 zgod\u0119 wyrazi\u0142e\u015b,<\/span><\/li>\n<li style=\"font-weight: 400;\" aria-level=\"1\"><span style=\"font-weight: 400;\">prawo wniesienia skargi do organu nadzorczego (je\u017celi stwierdzisz, \u017ce przetwarzamy dane niezgodnie z prawem, mo\u017cesz z\u0142o\u017cy\u0107 w tej sprawie skarg\u0119 do Prezesa Urz\u0119du Ochrony Danych Osobowych lub innego w\u0142a\u015bciwego organu nadzorczego).<\/span><\/li>\n<\/ul>\n<p><span style=\"font-weight: 400;\">Zasady zwi\u0105zane z realizacj\u0105 wskazanych powy\u017cej uprawnie\u0144 zosta\u0142y opisane szczeg\u00f3\u0142owo w art. 16 \u2013 21 RODO. Zach\u0119camy do zapoznania si\u0119 z tymi przepisami. Ze swojej strony uwa\u017camy za potrzebne wyja\u015bni\u0107 Ci, \u017ce wskazane powy\u017cej uprawnienia nie s\u0105 bezwzgl\u0119dne i nie b\u0119d\u0105 przys\u0142ugiwa\u0107 Ci w stosunku do wszystkich czynno\u015bci przetwarzania Twoich danych osobowych.\u00a0\u00a0<\/span><\/p>\n<p><span style=\"font-weight: 400;\">\u00a0<\/span><\/p>\n<p><span style=\"font-weight: 400;\">Podkre\u015blamy, \u017ce jedno z uprawnie\u0144 wskazanych powy\u017cej przys\u0142uguje Ci zawsze &#8211; je\u017celi uznasz, \u017ce przy przetwarzaniu Twoich danych osobowych dopu\u015bcili\u015bmy si\u0119 naruszenia przepis\u00f3w o ochronie danych osobowych, masz mo\u017cliwo\u015b\u0107 wniesienia skargi do organu nadzorczego (Prezesa Urz\u0119du Ochrony Danych Osobowych).\u00a0<\/span><\/p>\n<p><span style=\"font-weight: 400;\">Zawsze mo\u017cesz r\u00f3wnie\u017c zwr\u00f3ci\u0107 si\u0119 do nas z \u017c\u0105daniem udost\u0119pnienia Ci informacji o tym, jakie dane na Tw\u00f3j temat posiadamy oraz w jakich celach je przetwarzamy. Wystarczy, \u017ce wy\u015blesz wiadomo\u015b\u0107 na adres <\/span><span style=\"font-weight: 400;\">info@centrumzaburzenodzywiania.pl.<\/span><span style=\"font-weight: 400;\"> Do\u0142o\u017cyli\u015bmy jednak wszelkich stara\u0144, by interesuj\u0105ce Ci\u0119 informacje zosta\u0142y wyczerpuj\u0105co przedstawione w niniejszej polityce prywatno\u015bci. Podany powy\u017cej adres e-mail mo\u017cesz wykorzysta\u0107 r\u00f3wnie\u017c w razie jakichkolwiek pyta\u0144 zwi\u0105zanych z przetwarzaniem Twoich danych osobowych.<\/span><\/p>\n<p><b># 12: Czy korzystamy z cookies i czym one w\u0142a\u015bciwie s\u0105?<\/b><\/p>\n<p><span style=\"font-weight: 400;\">Nasza strona internetowa, podobnie jak niemal wszystkie inne strony internetowe, wykorzystuje pliki cookies.<\/span><\/p>\n<p><span style=\"font-weight: 400;\">Cookies to niewielkie informacje tekstowe, przechowywane na Twoim urz\u0105dzeniu ko\u0144cowym (np. komputerze, tablecie, smartfonie), kt\u00f3re mog\u0105 by\u0107 odczytywane przez nasz system teleinformatyczny (cookies w\u0142asne) lub systemy teleinformatyczne podmiot\u00f3w trzecich (cookies podmiot\u00f3w trzecich). W plikach cookies mog\u0105 by\u0107 zapisywane i przechowywane okre\u015blone informacje, do kt\u00f3rych nast\u0119pnie systemy teleinformatyczne mog\u0105 uzyskiwa\u0107 dost\u0119p w okre\u015blonych celach.<\/span><\/p>\n<p><span style=\"font-weight: 400;\">Niekt\u00f3re u\u017cywane przeze nas cookies s\u0105 usuwane po zako\u0144czeniu sesji przegl\u0105darki internetowej, tzn. po jej zamkni\u0119ciu (tzw. cookies sesyjne). Inne cookies s\u0105 zachowywane na Twoim urz\u0105dzeniu ko\u0144cowym i umo\u017cliwiaj\u0105 rozpoznanie Twojej przegl\u0105darki przy kolejnym wej\u015bciu na stron\u0119 (trwa\u0142e cookies).<\/span><\/p>\n<p><span style=\"font-weight: 400;\">Je\u017celi chcesz dowiedzie\u0107 si\u0119 wi\u0119cej o plikach cookies jako takich, mo\u017cesz zapozna\u0107 si\u0119 np.<\/span><span style=\"font-weight: 400;\">\u00a0<\/span><a href=\"https:\/\/pl.wikipedia.org\/wiki\/HTTP_cookie\"><span style=\"font-weight: 400;\">z tym materia\u0142em<\/span><\/a><span style=\"font-weight: 400;\">.<\/span><\/p>\n<p><b># 13: Na jakiej podstawie korzystamy z plik\u00f3w cookies?<\/b><\/p>\n<p><span style=\"font-weight: 400;\">Z plik\u00f3w cookies korzystamy na podstawie Twojej zgody, za wyj\u0105tkiem sytuacji, gdy pliki cookies s\u0105 niezb\u0119dne do prawid\u0142owego \u015bwiadczenia na Twoj\u0105 rzecz us\u0142ugi drog\u0105 elektroniczn\u0105.<\/span><\/p>\n<p><span style=\"font-weight: 400;\">Pliki cookies, kt\u00f3re nie s\u0105 niezb\u0119dne do prawid\u0142owego \u015bwiadczenia us\u0142ugi drog\u0105 elektroniczn\u0105, pozostaj\u0105 zablokowane do czasu wyra\u017cenia przez Ciebie zgody na korzystanie z plik\u00f3w cookies. Podczas Twojej pierwszej wizyty na stronie wy\u015bwietlamy Ci komunikat z pytaniem o Twoj\u0105 zgod\u0119 wraz z mo\u017cliwo\u015bci\u0105 zarz\u0105dzania plikami cookies, tj. zdecydowania, na kt\u00f3re pliki cookies si\u0119 godzisz, a kt\u00f3re chcesz blokowa\u0107.<\/span><\/p>\n<p><span style=\"font-weight: 400;\">Pami\u0119taj, \u017ce wy\u0142\u0105czenie lub ograniczenie obs\u0142ugi plik\u00f3w cookies mo\u017ce uniemo\u017cliwia\u0107 u\u017cywanie cz\u0119\u015bci funkcji dost\u0119pnych na naszej stronie internetowej oraz powodowa\u0107 trudno\u015bci w korzystaniu ze strony, jak r\u00f3wnie\u017c z wielu innych stron internetowych, kt\u00f3re stosuj\u0105 cookies. Przyk\u0142adowo, je\u017celi zablokujesz pliki cookies wtyczek serwis\u00f3w spo\u0142eczno\u015bciowych, przyciski, widgety oraz funkcje spo\u0142eczno\u015bciowe zaimplementowane na stronie mog\u0105 by\u0107 dla Ciebie niedost\u0119pne.<\/span><\/p>\n<p><b># 14: Czy mo\u017cesz wy\u0142\u0105czy\u0107 pliki cookies?<\/b><\/p>\n<p><span style=\"font-weight: 400;\">Tak, mo\u017cesz zarz\u0105dza\u0107 ustawieniami plik\u00f3w cookies w ramach swojej przegl\u0105darki internetowej. Mo\u017cesz blokowa\u0107 wszystkie lub wybrane pliki cookies. Mo\u017cesz r\u00f3wnie\u017c blokowa\u0107 pliki cookies konkretnych witryn. W ka\u017cdej chwili mo\u017cesz r\u00f3wnie\u017c usun\u0105\u0107 zapisane wcze\u015bniej pliki cookies oraz inne dane witryn i wtyczek.<\/span><\/p>\n<p><span style=\"font-weight: 400;\">Przegl\u0105darki internetowe oferuj\u0105 r\u00f3wnie\u017c mo\u017cliwo\u015b\u0107 korzystania z trybu incognito. Mo\u017cesz z niego skorzysta\u0107, je\u015bli nie chcesz, by informacje o odwiedzonych stronach i pobranych plikach zosta\u0142y zapisane w historii przegl\u0105dania i pobierania. Pliki cookie utworzone w trybie incognito s\u0105 usuwane w momencie zamkni\u0119cia wszystkich okien tego trybu.<\/span><\/p>\n<p><span style=\"font-weight: 400;\">Dost\u0119pne s\u0105 r\u00f3wnie\u017c wtyczki do przegl\u0105darek umo\u017cliwiaj\u0105ce kontrol\u0119 nad plikami cookies, takie jak np.<\/span><span style=\"font-weight: 400;\">\u00a0<\/span><a href=\"https:\/\/www.ghostery.com\/\"><span style=\"font-weight: 400;\">Ghostery<\/span><\/a><span style=\"font-weight: 400;\">. Opcj\u0119 kontroli nad plikami cookies mo\u017ce zapewnia\u0107 r\u00f3wnie\u017c dodatkowe oprogramowanie, w szczeg\u00f3lno\u015bci pakiety antywirusowe itp.<\/span><\/p>\n<p><span style=\"font-weight: 400;\">Ponadto, w Internecie dost\u0119pne s\u0105 narz\u0119dzia pozwalaj\u0105ce na kontrol\u0119 nad niekt\u00f3rymi rodzajami plik\u00f3w cookies, w szczeg\u00f3lno\u015bci na<\/span><span style=\"font-weight: 400;\">\u00a0<\/span><a href=\"http:\/\/www.youronlinechoices.com\/,%20www.networkadvertising.org\/choices\"><span style=\"font-weight: 400;\">zbiorowe zarz\u0105dzanie ustawieniami reklamy behawioralnej.<\/span><\/a><\/p>\n<p><span style=\"font-weight: 400;\">Dajemy Ci r\u00f3wnie\u017c mo\u017cliwo\u015b\u0107 kontroli nad plikami cookies bezpo\u015brednio z poziomu naszej strony internetowej. Zaimplementowali\u015bmy specjalny mechanizm do zarz\u0105dzania plikami cookies, kt\u00f3ry pozwala Ci blokowa\u0107 te pliki cookies, kt\u00f3rych sobie nie \u017cyczysz.<\/span><\/p>\n<p><span style=\"font-weight: 400;\">Pami\u0119taj, \u017ce wy\u0142\u0105czenie lub ograniczenie obs\u0142ugi plik\u00f3w cookies mo\u017ce uniemo\u017cliwia\u0107 u\u017cywanie cz\u0119\u015bci funkcji dost\u0119pnych na naszej stronie internetowej oraz powodowa\u0107 trudno\u015bci w korzystaniu ze strony, jak r\u00f3wnie\u017c z wielu innych stron internetowych, kt\u00f3re stosuj\u0105 cookies. Przyk\u0142adowo, je\u017celi zablokujesz pliki cookies wtyczek serwis\u00f3w spo\u0142eczno\u015bciowych, przyciski, widgety oraz funkcje spo\u0142eczno\u015bciowe zaimplementowane na mojej stronie mog\u0105 by\u0107 dla Ciebie niedost\u0119pne.<\/span><\/p>\n<p><b># 15: W jakich celach korzystamy z plik\u00f3w cookies w\u0142asnych?<\/b><\/p>\n<p><span style=\"font-weight: 400;\">Pliki cookies w\u0142asne wykorzystywane s\u0105 do zapewnienia prawid\u0142owego funkcjonowania poszczeg\u00f3lnych mechanizm\u00f3w strony, takich jak zapami\u0119tywanie zawarto\u015bci koszyka przez okre\u015blony czas po dodaniu do niego wybranych produkt\u00f3w, prawid\u0142owe przesy\u0142anie formularzu widocznych na stronie, obs\u0142uga form newsletterowych itp.<\/span><\/p>\n<p><span style=\"font-weight: 400;\">W plikach cookies w\u0142asnych przechowywana jest r\u00f3wnie\u017c informacja o zdefiniowanych przez Ciebie ustawieniach cookies dokonanych z poziomu mechanizmu do zarz\u0105dzania plikami cookies.<\/span><\/p>\n<p><b># 16: Jakie pliki cookies podmiot\u00f3w trzecich s\u0105 wykorzystywane?<\/b><\/p>\n<p><span style=\"font-weight: 400;\">W ramach naszejstrony internetowej funkcjonuj\u0105 nast\u0119puj\u0105ce pliki cookies podmiot\u00f3w trzecich:<\/span><\/p>\n<ul>\n<li style=\"font-weight: 400;\" aria-level=\"1\"><span style=\"font-weight: 400;\">Google Analytics,<\/span><\/li>\n<li style=\"font-weight: 400;\" aria-level=\"1\"><span style=\"font-weight: 400;\">Google Ads,<\/span><\/li>\n<li style=\"font-weight: 400;\" aria-level=\"1\"><span style=\"font-weight: 400;\">Hotjar,<\/span><\/li>\n<li style=\"font-weight: 400;\" aria-level=\"1\"><span style=\"font-weight: 400;\">Facebook Custom Audiences,<\/span><\/li>\n<li style=\"font-weight: 400;\" aria-level=\"1\"><span style=\"font-weight: 400;\">Facebook Connect i inne wtyczki spo\u0142eczno\u015bciowe,<\/span><\/li>\n<li style=\"font-weight: 400;\" aria-level=\"1\"><span style=\"font-weight: 400;\">Disqus,<\/span><\/li>\n<li style=\"font-weight: 400;\" aria-level=\"1\"><span style=\"font-weight: 400;\">SoundCloud,<\/span><\/li>\n<li style=\"font-weight: 400;\" aria-level=\"1\"><span style=\"font-weight: 400;\">YouTube.<\/span><\/li>\n<\/ul>\n<p><span style=\"font-weight: 400;\">Szczeg\u00f3\u0142y dotycz\u0105ce poszczeg\u00f3lnych plik\u00f3w cookies podmiot\u00f3w trzecich opisane zosta\u0142y poni\u017cej.<\/span><\/p>\n<p><b>Google Analytics &#8211; szczeg\u00f3\u0142y<\/b><\/p>\n<p><span style=\"font-weight: 400;\">Korzystamy z narz\u0119dzia Google Analytics zapewnianego przez Google LLC, 1600 Amphitheatre Parkway, Mountain View, CA 94043, USA. Dzia\u0142ania w tym zakresie realizujemy, opieraj\u0105c si\u0119 na naszym prawnie uzasadnionym interesie, polegaj\u0105cym na tworzeniu statystyk i ich analizie w celu optymalizacji strony internetowej.<\/span><\/p>\n<p><span style=\"font-weight: 400;\">W celu korzystania z Google Analytics, zaimplementowali\u015bmy w kodzie strony specjalny kod \u015bledz\u0105cy Google Analytics. Kod \u015bledz\u0105cy wykorzystuje pliki cookies firmy Google LLC dotycz\u0105ce us\u0142ugi Google Analytics. W ka\u017cdej chwili mo\u017cesz zablokowa\u0107 kod \u015bledz\u0105cy Google Analytics, instaluj\u0105c<\/span><span style=\"font-weight: 400;\">\u00a0<\/span><a href=\"https:\/\/tools.google.com\/dlpage\/gaoptout\"><span style=\"font-weight: 400;\">dodatek do przegl\u0105darki udost\u0119pniany przez Google<\/span><\/a><span style=\"font-weight: 400;\">.<\/span><\/p>\n<p><span style=\"font-weight: 400;\">Google Analytics w spos\u00f3b automatyczny gromadzi informacje o Twoim korzystaniu ze strony. Zgromadzone w ten spos\u00f3b informacje s\u0105 najcz\u0119\u015bciej przekazywane do serwer\u00f3w Google, kt\u00f3re mog\u0105 znajdowa\u0107 si\u0119 w ca\u0142ym \u015bwiecie i tam przechowywane.<\/span><\/p>\n<p><span style=\"font-weight: 400;\">Z uwagi na aktywowan\u0105 przeze nas anonimizacj\u0119 adresu IP, Tw\u00f3j adres IP jest skracany przed przekazaniem dalej. Tylko w wyj\u0105tkowych przypadkach pe\u0142ny adres IP jest przekazywany do serwer\u00f3w Google i dopiero tam skracany. Zanonimizowany adres IP przekazany przez Twoj\u0105 przegl\u0105dark\u0119 w ramach Google Analytics co do zasady nie jest \u0142\u0105czony z innymi danymi Google.<\/span><\/p>\n<p><span style=\"font-weight: 400;\">Podkre\u015blam, \u017ce w ramach Google Analytics mam dost\u0119p wy\u0142\u0105cznie do Informacji Anonimowych.<\/span><\/p>\n<p><span style=\"font-weight: 400;\">Us\u0142ugi Google Analytics i Google Analytics 360 uzyska\u0142y certyfikat niezale\u017cnego standardu bezpiecze\u0144stwa ISO 27001. ISO 27001 jest jednym z najcz\u0119\u015bciej uznawanych standard\u00f3w na \u015bwiecie i po\u015bwiadcza spe\u0142nianie odpowiednich wymog\u00f3w przez systemy obs\u0142uguj\u0105ce Google Analytics i Google Analytics 360.<\/span><\/p>\n<p><span style=\"font-weight: 400;\">Je\u017celi jeste\u015b zainteresowany szczeg\u00f3\u0142ami zwi\u0105zanymi z wykorzystywaniem przez Google danych z witryn i aplikacji, kt\u00f3re korzystaj\u0105 z us\u0142ug Google, zach\u0119cam do zapoznania si\u0119 z<\/span><span style=\"font-weight: 400;\">\u00a0<\/span><a href=\"https:\/\/policies.google.com\/technologies\/partner-sites\"><span style=\"font-weight: 400;\">tymi informacjami<\/span><\/a><span style=\"font-weight: 400;\">.<\/span><\/p>\n<p><b>Google Ads &#8211; szczeg\u00f3\u0142y<\/b><\/p>\n<p><span style=\"font-weight: 400;\">Korzystamy z funkcji remarketingowych dost\u0119pnych w ramach systemu Google AdWords <\/span><span style=\"font-weight: 400;\">obs\u0142ugiwanego przez Google LLC, 1600 Amphitheatre Parkway, Mountain View, CA 94043, USA. Dzia\u0142ania w tym zakresie realizujemy, opieraj\u0105c si\u0119 na naszym prawnie uzasadnionym interesie, polegaj\u0105cym na marketingu w\u0142asnych produkt\u00f3w lub us\u0142ug.\u00a0\u00a0<\/span><\/p>\n<p><span style=\"font-weight: 400;\">Przy okazji odwiedzin naszej strony internetowej automatycznie pozostawiany jest w Twoim urz\u0105dzeniu plik remarketing cookie firmy Google, kt\u00f3ry zbiera informacje na temat Twojej aktywno\u015bci na naszej stronie. Dzi\u0119ki zgromadzonym w ten spos\u00f3b informacj\u0105 jeste\u015bmy w stanie wy\u015bwietla\u0107 Ci reklamy w ramach sieci Google w zale\u017cno\u015bci od Twoich zachowa\u0144 na naszej stronie. Przyk\u0142adowo, je\u017celi wy\u015bwietlisz jaki\u015b produkt, informacja o tym fakcie zostanie odnotowana przez plik remarketing cookie, co sprawi, \u017ce b\u0119dziemy mogli skierowa\u0107 do Ciebie reklam\u0119 dotycz\u0105c\u0105 tego produktu lub jak\u0105kolwiek inn\u0105, kt\u00f3r\u0105 uznamy za w\u0142a\u015bciw\u0105. Reklama ta zostanie wy\u015bwietlona Ci w ramach sieci Google podczas korzystania przez Ciebie z Internetu, przegl\u0105dania innych stron internetowych itp.\u00a0<\/span><\/p>\n<p><span style=\"font-weight: 400;\">Podkre\u015blamy, \u017ce my, korzystaj\u0105c z Google Ads, korzystamy wy\u0142\u0105cznie z Informacji Anonimowych.\u00a0<\/span><\/p>\n<p><span style=\"font-weight: 400;\">My, korzystaj\u0105c z Google AdWords, jeste\u015bmy jedynie w stanie definiowa\u0107 grupy odbiorc\u00f3w, do kt\u00f3rych chcieliby\u015bmy, by nasze reklamy dociera\u0142y. Na tej podstawie Google podejmuje decyzj\u0119, kiedy i w jaki spos\u00f3b zaprezentuje Ci nasz\u0105 reklam\u0119.<\/span><\/p>\n<p><span style=\"font-weight: 400;\">Dalsze przetwarzanie informacji ma miejsce tylko wtedy, gdy wyrazi\u0142e\u015b zgod\u0119 wobec Google na \u0142\u0105czenie historii przegl\u0105dania z Twoim kontem oraz wykorzystanie informacji z Twojego konta Google do personalizowania reklam, kt\u00f3re wy\u015bwietlane s\u0105 na stronach internetowych. W takiej sytuacji Google wykorzysta Twoje dane w celu stworzenia i zdefiniowania list grup docelowych dla cel\u00f3w remarketingu na r\u00f3\u017cnych urz\u0105dzeniach. W tym celu Google \u0142\u0105czy tymczasowo zebrane informacje z innymi posiadanymi danymi, aby utworzy\u0107 grupy docelowe.<\/span><\/p>\n<p><span style=\"font-weight: 400;\">Je\u017celi nie chcesz otrzymywa\u0107 personalizowanych reklam, mo\u017cesz zarz\u0105dza\u0107 ustawieniami reklam bezpo\u015brednio po stronie Google: <\/span><a href=\"https:\/\/adssettings.google.com\/\"><span style=\"font-weight: 400;\">https:\/\/adssettings.google.com\/<\/span><\/a><span style=\"font-weight: 400;\">.\u00a0<\/span><\/p>\n<p><span style=\"font-weight: 400;\">Je\u017celi jeste\u015b zainteresowany szczeg\u00f3\u0142ami zwi\u0105zanymi z wykorzystywaniem przez Google danych z witryn i aplikacji, kt\u00f3re korzystaj\u0105 z us\u0142ug Google, zach\u0119camy do zapoznania si\u0119 z tymi informacjami:\u00a0 <\/span><a href=\"https:\/\/policies.google.com\/technologies\/partner-sites\"><span style=\"font-weight: 400;\">https:\/\/policies.google.com\/technologies\/partner-sites<\/span><\/a><span style=\"font-weight: 400;\">.\u00a0<\/span><\/p>\n<p>&nbsp;<\/p>\n<p><b>Facebook Custom Audiences \u2013 szczeg\u00f3\u0142y<\/b><\/p>\n<p><span style=\"font-weight: 400;\">W ramach systemu reklam Facebook Ads zapewnianego przez Facebook Inc., 1601 S. California Ave., Palo Alto, CA 94304, USA, korzystamy z funkcji Niestandardowych Grup Odbiorc\u00f3w w celu kierowania do okre\u015blonych grup u\u017cytkownik\u00f3w targetowanych przekaz\u00f3w reklamowych. Dzia\u0142ania w tym zakresie realizujemy, opieraj\u0105c si\u0119 na naszym prawnie uzasadnionym interesie, polegaj\u0105cym na marketingu w\u0142asnych produkt\u00f3w lub us\u0142ug.<\/span><\/p>\n<p><span style=\"font-weight: 400;\">W celu kierowania do Ciebie reklam spersonalizowanych pod k\u0105tem Twoich zachowa\u0144 na naszej stronie, zaimplementowali\u015bmy w ramach strony Pixel Facebooka, kt\u00f3ry w spos\u00f3b automatyczny gromadzi informacje o Twoim korzystaniu z witryny. Zgromadzone w ten spos\u00f3b informacje s\u0105 najcz\u0119\u015bciej przekazywane do serwer\u00f3w Facebooka, kt\u00f3ra mog\u0105 znajdowa\u0107 si\u0119 na ca\u0142ym \u015bwiecie, w szczeg\u00f3lno\u015bci w Stanach Zjednoczonych Ameryki (USA).<\/span><\/p>\n<p><span style=\"font-weight: 400;\">Informacje zbierane w ramach Pixela Facebooka s\u0105 anonimowe, tj. nie pozwalaj\u0105 nam na Twoj\u0105 identyfikacj\u0119. W zale\u017cno\u015bci od Twojej aktywno\u015bci na naszej stronie mo\u017cesz trafi\u0107 do okre\u015blonej grupy odbiorc\u00f3w, ale w \u017caden spos\u00f3b nie identyfikujemy poszczeg\u00f3lnych os\u00f3b nale\u017c\u0105cych do tych grup.<\/span><\/p>\n<p><span style=\"font-weight: 400;\">Pixel Facebooka mo\u017ce \u015bledzi\u0107 i odnotowywa\u0107 m.in. nast\u0119puj\u0105ce Twoje zachowania:<\/span><\/p>\n<ul>\n<li style=\"font-weight: 400;\" aria-level=\"1\"><span style=\"font-weight: 400;\">wy\u015bwietlenie zawarto\u015bci okre\u015blonej strony,<\/span><\/li>\n<li style=\"font-weight: 400;\" aria-level=\"1\"><span style=\"font-weight: 400;\">przej\u015bcie do kasy w ramach blogowego sklepu,<\/span><\/li>\n<li style=\"font-weight: 400;\" aria-level=\"1\"><span style=\"font-weight: 400;\">sfinalizowanie zakupu w ramach blogowego sklepu,<\/span><\/li>\n<li style=\"font-weight: 400;\" aria-level=\"1\"><span style=\"font-weight: 400;\">wype\u0142nienie okre\u015blonego formularza, np. zapisu do newslettera.<\/span><\/li>\n<\/ul>\n<p><span style=\"font-weight: 400;\">Informujemy Ci\u0119 jednak, \u017ce Facebook mo\u017ce \u0142\u0105czy\u0107 zbierane informacje z innymi informacjami o Tobie zebranymi w ramach korzystania przez Ciebie z serwisu Facebook i wykorzystywa\u0107 dla swoich w\u0142asnych cel\u00f3w, w tym marketingowych. Takie dzia\u0142ania Facebooka nie s\u0105 ju\u017c zale\u017cne od nas, a informacji o nich mo\u017cesz szuka\u0107 bezpo\u015brednio w<\/span><span style=\"font-weight: 400;\">\u00a0<\/span><a href=\"https:\/\/www.facebook.com\/privacy\/explanation\"><span style=\"font-weight: 400;\">polityce prywatno\u015bci Facebooka<\/span><\/a><span style=\"font-weight: 400;\">. Z poziomu swojego konta na Facebooku mo\u017cesz r\u00f3wnie\u017c zarz\u0105dza\u0107 swoimi ustawieniami prywatno\u015bci.<\/span><span style=\"font-weight: 400;\">\u00a0<\/span><a href=\"https:\/\/www.facebook.com\/ads\/settings\"><span style=\"font-weight: 400;\">Tutaj<\/span><\/a><span style=\"font-weight: 400;\"> znajdziesz przydatne informacje w tym zakresie.<\/span><\/p>\n<p><b>Facebook Connect i inne wtyczki spo\u0142eczno\u015bciowe \u2013 szczeg\u00f3\u0142y<\/b><\/p>\n<p><span style=\"font-weight: 400;\">Na naszej stronie internetowej u\u017cywane s\u0105 wtyczki, przyciski i inne narz\u0119dzia spo\u0142eczno\u015bciowe, zwane dalej \u0142\u0105cznie \u201ewtyczkami\u201d, udost\u0119pniane przez serwisy spo\u0142eczno\u015bciowe takie jak Facebook, Instagram, LinkedIN, Twitter.<\/span><\/p>\n<p><span style=\"font-weight: 400;\">Wy\u015bwietlaj\u0105c stron\u0119 internetow\u0105 zawieraj\u0105c\u0105 wtyczk\u0119 danego serwisu spo\u0142eczno\u015bciowego, Twoja przegl\u0105darka przesy\u0142a do administratora tego serwisu spo\u0142eczno\u015bciowego informacj\u0119 o odwiedzinach. Poniewa\u017c wtyczka jest fragmentem serwisu spo\u0142eczno\u015bciowego wbudowanym w nasz\u0105 stron\u0119, przegl\u0105darka wysy\u0142a informacj\u0119 o \u017c\u0105daniu pobrania zawarto\u015bci danego serwisu spo\u0142eczno\u015bciowego na nasz\u0105 stron\u0119.<\/span><\/p>\n<p><span style=\"font-weight: 400;\">Wtyczki gromadz\u0105 pewne informacje na Tw\u00f3j temat, takie jak identyfikator u\u017cytkownika, odwiedzana witryna, data i godzina oraz inne informacje dotycz\u0105ce przegl\u0105darki internetowej.<\/span><\/p>\n<p><span style=\"font-weight: 400;\">Administratorzy serwis\u00f3w spo\u0142eczno\u015bciowych wykorzystuj\u0105 cz\u0119\u015b\u0107 tych informacji, aby personalizowa\u0107 warunki ogl\u0105dania naszej strony. Na przyk\u0142ad, gdy odwiedzasz stron\u0119 z przyciskiem \u201eLubi\u0119 to\u201d, administrator serwisu spo\u0142eczno\u015bciowego potrzebuje informacji, kim jeste\u015b, aby pokaza\u0107 Ci, kt\u00f3rzy z Twoich znajomych r\u00f3wnie\u017c lubi\u0105 nasz\u0105 stron\u0119.<\/span><\/p>\n<p><span style=\"font-weight: 400;\">Informacje gromadzone przez wtyczki mog\u0105 by\u0107 r\u00f3wnie\u017c wykorzystywane przez administrator\u00f3w serwis\u00f3w spo\u0142eczno\u015bciowych w ich w\u0142asnych celach, takich jak np. doskonalenie w\u0142asnych produkt\u00f3w, tworzenie profili u\u017cytkownik\u00f3w, analiza i optymalizacja w\u0142asnych dzia\u0142a\u0144, targetowanie reklam. Nie mamy realnego wp\u0142ywu na to, w jaki spos\u00f3b informacje gromadzone przez wtyczki s\u0105 nast\u0119pnie wykorzystywane przez administrator\u00f3w serwis\u00f3w spo\u0142eczno\u015bciowych. Szczeg\u00f3\u0142\u00f3w w tym zakresie mo\u017cesz szuka\u0107 w regulaminach i politykach prywatno\u015bci poszczeg\u00f3lnych serwis\u00f3w spo\u0142eczno\u015bciowych.<\/span><\/p>\n<p><span style=\"font-weight: 400;\">Wtyczki serwis\u00f3w spo\u0142eczno\u015bciowych gromadz\u0105 i przekazuj\u0105 informacje do administrator\u00f3w tych serwis\u00f3w nawet wtedy, gdy przegl\u0105dasz nasz\u0105 stron\u0105 nie b\u0119d\u0105c zalogowanym do swojego konta w serwisie spo\u0142eczno\u015bciowym. Wtedy jednak przegl\u0105darka wysy\u0142a bardziej ograniczony zestaw informacji.<\/span><\/p>\n<p><span style=\"font-weight: 400;\">Je\u015bli zalogowa\u0142e\u015b si\u0119 do jednego z serwis\u00f3w spo\u0142eczno\u015bciowych, to administrator serwisu b\u0119dzie m\u00f3g\u0142 bezpo\u015brednio przyporz\u0105dkowa\u0107 wizyt\u0119 na naszej stronie do Twojego profilu w danym serwisie spo\u0142eczno\u015bciowym.<\/span><\/p>\n<p><span style=\"font-weight: 400;\">Je\u015bli nie chcesz, aby serwisy spo\u0142eczno\u015bciowe przyporz\u0105dkowywa\u0142y dane zebrane w trakcie odwiedzin na naszej stronie internetowej bezpo\u015brednio Twojemu profilowi w danym serwisie, to przed wizyt\u0105 na naszej stronie musisz si\u0119 wylogowa\u0107 z tego serwisu. Mo\u017cesz r\u00f3wnie\u017c ca\u0142kowicie uniemo\u017cliwi\u0107 za\u0142adowanie na stronie wtyczek stosuj\u0105c odpowiednie rozszerzenia dla Twojej przegl\u0105darki, np. blokowanie skrypt\u00f3w.<\/span><\/p>\n<p><span style=\"font-weight: 400;\">Ponadto, korzystanie z niekt\u00f3rych wtyczek mo\u017ce wi\u0105za\u0107 si\u0119 z publikowaniem okre\u015blonych informacji w ramach Twoich profili spo\u0142eczno\u015bciowych. Przyk\u0142adowo, informacje o klikni\u0119ciach w przycisk \u201eLubi\u0119 to\u201d mog\u0105 by\u0107 dost\u0119pne na Twojej osi czasu na Facebooku. Oczywi\u015bcie, je\u017celi udost\u0119pniasz jakie\u015b tre\u015bci w swoich social media z wykorzystaniem wtyczek osadzonych na mojej stronie, to udost\u0119pnienie to w spos\u00f3b naturalny b\u0119dzie widoczne w Twoim profilu.<\/span><\/p>\n<p><span style=\"font-weight: 400;\">Je\u017celi chodzi o szczeg\u00f3\u0142y zwi\u0105zane z przetwarzaniem przez administrator\u00f3w serwis\u00f3w spo\u0142eczno\u015bciowych informacji gromadzonych przez wtyczki, w szczeg\u00f3lno\u015bci o cel i zakres gromadzenia danych oraz ich dalsze przetwarzanie i wykorzystanie przez administrator\u00f3w, jak r\u00f3wnie\u017c mo\u017cliwo\u015b\u0107 kontaktu oraz Twoje prawa w tym zakresie i mo\u017cliwo\u015b\u0107 dokonania ustawie\u0144 zapewniaj\u0105cych ochron\u0119 Twojej prywatno\u015bci, wszystko znajdziesz w politykach prywatno\u015bci poszczeg\u00f3lnych us\u0142ugodawc\u00f3w:<\/span><\/p>\n<ul>\n<li style=\"font-weight: 400;\" aria-level=\"1\"><a href=\"https:\/\/www.facebook.com\/privacy\/explanation\"><span style=\"font-weight: 400;\">Facebook<\/span><\/a><span style=\"font-weight: 400;\">,<\/span><\/li>\n<li style=\"font-weight: 400;\" aria-level=\"1\"><a href=\"https:\/\/twitter.com\/en\/privacy\"><span style=\"font-weight: 400;\">Twitter<\/span><\/a><span style=\"font-weight: 400;\">,<\/span><\/li>\n<li style=\"font-weight: 400;\" aria-level=\"1\"><a href=\"https:\/\/www.linkedin.com\/legal\/privacy-policy\"><span style=\"font-weight: 400;\">LinkedIN<\/span><\/a><span style=\"font-weight: 400;\">,<\/span><\/li>\n<li style=\"font-weight: 400;\" aria-level=\"1\"><a href=\"https:\/\/www.facebook.com\/help\/instagram\/155833707900388\"><span style=\"font-weight: 400;\">Instagram<\/span><\/a><span style=\"font-weight: 400;\">.<\/span><\/li>\n<\/ul>\n<p><b>YouTube \u2013 szczeg\u00f3\u0142y<\/b><\/p>\n<p><span style=\"font-weight: 400;\">Na naszych stronach osadzane s\u0105 widgety YouTube pozwalaj\u0105ce Ci odtwarza\u0107 nagrania dost\u0119pne w serwisie YouTube bezpo\u015brednio z naszych stron. Serwis YouTube obs\u0142ugiwany jest przez Google LLC.\u00a0<\/span><\/p>\n<p><span style=\"font-weight: 400;\">Wideo osadzane s\u0105 na stronie w trybie ochrony prywatno\u015bci. Bazuj\u0105c na informacjach udost\u0119pnianych przez YouTube, oznacza to, \u017ce \u017cadne pliki cookies nie s\u0105 zapisywane na Twoim urz\u0105dzeniu ani Google nie gromadzi jakichkolwiek informacji na Tw\u00f3j temat, dop\u00f3ki nie odtworzysz nagrania.\u00a0<\/span><\/p>\n<p><span style=\"font-weight: 400;\">Gdy odtwarzasz nagranie, YouTube zapisuje na Twoim urz\u0105dzeniu pliki cookies i otrzymuje informacje, \u017ce odtworzy\u0142e\u015b nagranie z poziomu okre\u015blonej strony internetowej, <\/span><span style=\"font-weight: 400;\">nawet je\u015bli nie posiadasz konta Google czy nie jeste\u015b akurat zalogowany. Je\u015bli zalogowa\u0142e\u015b si\u0119 do konta Google, to us\u0142ugodawca ten b\u0119dzie m\u00f3g\u0142 bezpo\u015brednio przyporz\u0105dkowa\u0107 wizyt\u0119 na naszej stronie do Twojego konta. Cel i zakres gromadzenia danych oraz ich dalszego przetwarzania i wykorzystania przez Google, jak r\u00f3wnie\u017c mo\u017cliwo\u015b\u0107 kontaktu oraz Twoje prawa w tym zakresie i mo\u017cliwo\u015b\u0107 dokonania ustawie\u0144 zapewniaj\u0105cych ochron\u0119 Twojej prywatno\u015bci zosta\u0142y opisane w polityce prywatno\u015bci Google.<\/span><span style=\"font-weight: 400;\">\u00a0<\/span><\/p>\n<p><span style=\"font-weight: 400;\">Je\u015bli nie chcesz, aby Google przyporz\u0105dkowywa\u0142 dane zebrane w trakcie odtwarzania wideo bezpo\u015brednio Twojemu profilowi, przed odtworzeniem wideo musisz si\u0119 wylogowa\u0107 ze swojego konta. Mo\u017cesz r\u00f3wnie\u017c ca\u0142kowicie uniemo\u017cliwi\u0107 za\u0142adowanie na stronie wtyczek stosuj\u0105c odpowiednie rozszerzenia dla Twojej przegl\u0105darki, np. blokowanie skrypt\u00f3w.\u00a0<\/span><\/p>\n<p><span style=\"font-weight: 400;\">Informacje gromadzone w ramach plik\u00f3w cookies zwi\u0105zanych z osadzonymi na naszych stronach filmami z serwisu YouTube wykorzystywane s\u0105 przez Google w celu zapewnienia <\/span><span style=\"font-weight: 400;\">prawid\u0142owego i bezpiecznego funkcjonowania widgetu, analizy i optymalizacji w zakresie \u015bwiadczonych przez YouTube us\u0142ug, jak r\u00f3wnie\u017c w celach personalizacji i reklamy.\u00a0<\/span><\/p>\n<p><span style=\"font-weight: 400;\">Pami\u0119taj, \u017ce odtwarzaj\u0105c nagrania dost\u0119pne w serwisie YouTube, korzystasz z us\u0142ug \u015bwiadczonych drog\u0105 elektroniczn\u0105 przez Google LLC. Google LLC jest samodzielnym, niezale\u017cnym od nas podmiotem \u015bwiadcz\u0105cym na Twoj\u0105 rzecz us\u0142ugi drog\u0105 elektroniczn\u0105. Szczeg\u00f3\u0142\u00f3w w zakresie zasad korzystania z YouTube, w tym ochrony prywatno\u015bci, mo\u017cesz szuka\u0107 w dokumentach udost\u0119pnianych bezpo\u015brednio przez YouTube:<\/span><\/p>\n<ul>\n<li style=\"font-weight: 400;\" aria-level=\"1\"><span style=\"font-weight: 400;\">regulamin: <\/span><a href=\"https:\/\/www.youtube.com\/t\/terms\"><span style=\"font-weight: 400;\">https:\/\/www.youtube.com\/t\/terms<\/span><\/a><span style=\"font-weight: 400;\">,\u00a0<\/span><\/li>\n<li style=\"font-weight: 400;\" aria-level=\"1\"><span style=\"font-weight: 400;\">polityka prywatno\u015bci: <\/span><a href=\"https:\/\/policies.google.com\/privacy\"><span style=\"font-weight: 400;\">https:\/\/policies.google.com\/privacy<\/span><\/a><\/li>\n<\/ul>\n<p><b># 17: Czy \u015bledzimy Twoje zachowania podejmowane w ramach naszej strony internetowej?<\/b><\/p>\n<p><span style=\"font-weight: 400;\">Tak, korzystamy z narz\u0119dzi Google Analytics, Google AdWords, Hotjar oraz Facebook Custom Audiences, kt\u00f3re wi\u0105\u017c\u0105 si\u0119 z gromadzeniem informacji na temat Twoich aktywno\u015bci na naszej stronie. Narz\u0119dzia te zosta\u0142y szczeg\u00f3\u0142owo opisane w ramach pytania po\u015bwi\u0119conego plikom cookies podmiot\u00f3w trzecich, dlatego nie b\u0119dziemy powtarza\u0107 tych informacji r\u00f3wnie\u017c tutaj.\u00a0<\/span><\/p>\n<p><b># 18: Czy kierujemy do Ciebie targetowane reklamy?\u00a0<\/b><\/p>\n<p><span style=\"font-weight: 400;\">Tak, korzystamy z Facebook Ads oraz Google Ads, w ramach kt\u00f3rych mo\u017cemy kierowa\u0107 reklamy do okre\u015blonych grup docelowych zdefiniowanych w oparciu o r\u00f3\u017cne kryteria takie jak wiek, p\u0142e\u0107, zainteresowania, zaw\u00f3d, praca, dzia\u0142ania podejmowane uprzednio w ramach naszej strony. Narz\u0119dzia te zosta\u0142y szczeg\u00f3\u0142owo opisane w ramach pytania po\u015bwi\u0119conego plikom cookies podmiot\u00f3w trzecich, dlatego nie b\u0119dziemy powtarza\u0107 tych informacji r\u00f3wnie\u017c tutaj.\u00a0<\/span><\/p>\n<ul>\n<li><b> 19: W jaki spos\u00f3b mo\u017cesz zarz\u0105dza\u0107 swoj\u0105 prywatno\u015bci\u0105?<\/b><\/li>\n<\/ul>\n<p><span style=\"font-weight: 400;\">Odpowied\u017a na to pytanie znajduje si\u0119\u00a0w wielu miejscach tej polityki prywatno\u015bci przy okazji opisywania poszczeg\u00f3lnych narz\u0119dzi, reklamy behawioralnej, zgody na cookies itp. Niemniej jednak, dla Twojej wygody zebrali\u015bmy jeszcze raz te informacji w jednym miejscu. Poni\u017cej znajdziesz list\u0119 mo\u017cliwo\u015bci zarz\u0105dzania swoj\u0105 prywatno\u015bci\u0105.<\/span><\/p>\n<ul>\n<li style=\"font-weight: 400;\" aria-level=\"1\"><span style=\"font-weight: 400;\">ustawienia cookies w ramach przegl\u0105darki internetowej,<\/span><\/li>\n<li style=\"font-weight: 400;\" aria-level=\"1\"><span style=\"font-weight: 400;\">wtyczki do przegl\u0105darek wspieraj\u0105ce zarz\u0105dzanie plikami cookies np. Ghostery,\u00a0<\/span><\/li>\n<li style=\"font-weight: 400;\" aria-level=\"1\"><span style=\"font-weight: 400;\">dodatkowe oprogramowanie zarz\u0105dzaj\u0105ce plikami cookies,<\/span><\/li>\n<li style=\"font-weight: 400;\" aria-level=\"1\"><span style=\"font-weight: 400;\">tryb incognito w przegl\u0105darce internetowej,<\/span><\/li>\n<li style=\"font-weight: 400;\" aria-level=\"1\"><span style=\"font-weight: 400;\">ustawienia reklamy behawioralnej, np. youronlinechoices.com,\u00a0<\/span><\/li>\n<li style=\"font-weight: 400;\" aria-level=\"1\"><span style=\"font-weight: 400;\">mechanizm zarz\u0105dzania plikami cookies z poziomu naszej strony,<\/span><\/li>\n<li style=\"font-weight: 400;\" aria-level=\"1\"><span style=\"font-weight: 400;\">Google Analytics Opt-out: <\/span><a href=\"https:\/\/tools.google.com\/dlpage\/gaoptout\"><span style=\"font-weight: 400;\">https:\/\/tools.google.com\/dlpage\/gaoptout<\/span><\/a><span style=\"font-weight: 400;\">,<\/span><\/li>\n<li style=\"font-weight: 400;\" aria-level=\"1\"><span style=\"font-weight: 400;\">Google Ads Settings: <\/span><a href=\"https:\/\/adssettings.google.com\/\"><span style=\"font-weight: 400;\">https:\/\/adssettings.google.com\/<\/span><\/a><span style=\"font-weight: 400;\">,<\/span><\/li>\n<li style=\"font-weight: 400;\" aria-level=\"1\"><span style=\"font-weight: 400;\">Facebook Ads Settings: <\/span><a href=\"https:\/\/www.facebook.com\/ads\/settings\"><span style=\"font-weight: 400;\">https:\/\/www.facebook.com\/ads\/settings<\/span><\/a><span style=\"font-weight: 400;\">,\u00a0<\/span><\/li>\n<\/ul>\n<p>&nbsp;<\/p>\n<p><b># 20: Czym s\u0105 logi serwera?<\/b><\/p>\n<p><span style=\"font-weight: 400;\">Korzystanie ze strony wi\u0105\u017ce si\u0119 z przesy\u0142aniem zapyta\u0144 do serwera, na kt\u00f3rym przechowywana jest strona. Ka\u017cde zapytanie skierowane do serwera zapisywane jest w logach serwera.\u00a0<\/span><\/p>\n<p><span style=\"font-weight: 400;\">Logi obejmuj\u0105 m.in. Tw\u00f3j adres IP, dat\u0119 i czas serwera, informacje o przegl\u0105darce internetowej i systemie operacyjnym z jakiego korzystasz. Logi zapisywane i przechowywane s\u0105 na serwerze.\u00a0<\/span><\/p>\n<p><span style=\"font-weight: 400;\">Dane zapisane w logach serwera nie s\u0105 kojarzone z konkretnymi osobami korzystaj\u0105cymi ze strony i nie s\u0105 wykorzystywane przez nas w celu Twojej identyfikacji.<\/span><\/p>\n<p><span style=\"font-weight: 400;\">Logi serwera stanowi\u0105 wy\u0142\u0105cznie materia\u0142 pomocniczy s\u0142u\u017c\u0105cy do administrowania stron\u0105, a ich zawarto\u015b\u0107 nie jest ujawniana nikomu poza osobami upowa\u017cnionymi do administrowania serwerem.\u00a0<\/span><\/p>\n<p><b># 21: Czy jest jeszcze co\u015b, o czym powiniene\u015b wiedzie\u0107?<\/b><\/p>\n<p><span style=\"font-weight: 400;\">Jak widzisz, tematyka przetwarzania danych osobowych, wykorzystywania plik\u00f3w cookies i zarz\u0105dzania og\u00f3lnie poj\u0119t\u0105 prywatno\u015bci\u0105 jest do\u015b\u0107 skomplikowana. Do\u0142o\u017cyli\u015bmy wszelkich stara\u0144 by niniejszy dokument dostarczy\u0142 Ci jak najdalej id\u0105cej wiedzy w wa\u017cnych dla Ciebie kwestiach. Je\u017celi cokolwiek jest dla Ciebie niejasne, chcesz dowiedzie\u0107 si\u0119 wi\u0119cej lub po prostu porozmawia\u0107 o Twojej prywatno\u015bci, napisz do nas na adres <\/span><span style=\"font-weight: 400;\">info@centrumzaburzenodzywiania.pl.<\/span><\/p>\n<p><b># 22: Czy ta polityka prywatno\u015bci mo\u017ce podlega\u0107 zmianom?<\/b><\/p>\n<p><span style=\"font-weight: 400;\">Tak, mo\u017cemy modyfikowa\u0107 t\u0119 polityk\u0119 prywatno\u015bci, w szczeg\u00f3lno\u015bci ze wzgl\u0119du na zmiany technologiczne oraz zmiany przepis\u00f3w prawa. Je\u017celi jeste\u015b zarejestrowanym u\u017cytkownikiem, o ka\u017cdej zmianie polityki prywatno\u015bci otrzymasz wiadomo\u015b\u0107. Ponadto, wszystkie archiwalne wersje polityki prywatno\u015bci podlinkowane s\u0105 poni\u017cej.\u00a0\u00a0<\/span><\/p>\n<p><span style=\"font-weight: 400;\">\u00a0<\/span><\/p>\n<p>&nbsp;<\/p>\n","protected":false},"excerpt":{"rendered":"<p>Cze\u015b\u0107, dzie\u0144 dobry! Je\u017celi tutaj trafi\u0142e\u015b, to niezawodny znak, \u017ce cenisz swoj\u0105 prywatno\u015b\u0107. Doskonale to rozumiemy, dlatego oddajemy w Twoje r\u0119ce dokument, w kt\u00f3rym w jednym miejscu znajdziesz zasady przetwarzania danych osobowych oraz wykorzystywania plik\u00f3w cookies i innych technologii \u015bledz\u0105cych w zwi\u0105zku z funkcjonowaniem strony internetowej www.centrumzaburzenodzywiania.pl Informacja formalna na pocz\u0105tek \u2013 administratorem strony jest [&hellip;]<\/p>\n","protected":false},"author":3,"featured_media":0,"parent":0,"menu_order":0,"comment_status":"closed","ping_status":"closed","template":"","meta":{"_acf_changed":false,"inline_featured_image":false,"footnotes":""},"class_list":["post-771","page","type-page","status-publish","hentry"],"acf":[],"yoast_head":"<!-- This site is optimized with the Yoast SEO plugin v27.4 - https:\/\/yoast.com\/product\/yoast-seo-wordpress\/ -->\n<title>Polityka prywatno\u015bci i polityka cookies - Strefa Specjalisty - Og\u00f3lnopolskie Centrum Zaburze\u0144 Od\u017cywiania<\/title>\n<meta name=\"robots\" content=\"noindex, nofollow\" \/>\n<meta property=\"og:locale\" content=\"pl_PL\" \/>\n<meta property=\"og:type\" content=\"article\" \/>\n<meta property=\"og:title\" content=\"Polityka prywatno\u015bci i polityka cookies - Strefa Specjalisty - Og\u00f3lnopolskie Centrum Zaburze\u0144 Od\u017cywiania\" \/>\n<meta property=\"og:description\" content=\"Cze\u015b\u0107, dzie\u0144 dobry! Je\u017celi tutaj trafi\u0142e\u015b, to niezawodny znak, \u017ce cenisz swoj\u0105 prywatno\u015b\u0107. Doskonale to rozumiemy, dlatego oddajemy w Twoje r\u0119ce dokument, w kt\u00f3rym w jednym miejscu znajdziesz zasady przetwarzania danych osobowych oraz wykorzystywania plik\u00f3w cookies i innych technologii \u015bledz\u0105cych w zwi\u0105zku z funkcjonowaniem strony internetowej www.centrumzaburzenodzywiania.pl Informacja formalna na pocz\u0105tek \u2013 administratorem strony jest [&hellip;]\" \/>\n<meta property=\"og:url\" content=\"https:\/\/centrumzaburzenodzywiania.pl\/strefaspecjalisty\/polityka-prywatnosci-i-polityka-cookies\/\" \/>\n<meta property=\"og:site_name\" content=\"Strefa Specjalisty - Og\u00f3lnopolskie Centrum Zaburze\u0144 Od\u017cywiania\" \/>\n<meta property=\"article:modified_time\" content=\"2026-01-09T09:08:33+00:00\" \/>\n<meta name=\"twitter:card\" content=\"summary_large_image\" \/>\n<meta name=\"twitter:label1\" content=\"Szacowany czas czytania\" \/>\n\t<meta name=\"twitter:data1\" content=\"46 minut\" \/>\n<script type=\"application\/ld+json\" class=\"yoast-schema-graph\">{\"@context\":\"https:\\\/\\\/schema.org\",\"@graph\":[{\"@type\":\"WebPage\",\"@id\":\"https:\\\/\\\/centrumzaburzenodzywiania.pl\\\/strefaspecjalisty\\\/polityka-prywatnosci-i-polityka-cookies\\\/\",\"url\":\"https:\\\/\\\/centrumzaburzenodzywiania.pl\\\/strefaspecjalisty\\\/polityka-prywatnosci-i-polityka-cookies\\\/\",\"name\":\"Polityka prywatno\u015bci i polityka cookies - Strefa Specjalisty - Og\u00f3lnopolskie Centrum Zaburze\u0144 Od\u017cywiania\",\"isPartOf\":{\"@id\":\"https:\\\/\\\/centrumzaburzenodzywiania.pl\\\/strefaspecjalisty\\\/#website\"},\"datePublished\":\"2021-07-08T08:20:55+00:00\",\"dateModified\":\"2026-01-09T09:08:33+00:00\",\"breadcrumb\":{\"@id\":\"https:\\\/\\\/centrumzaburzenodzywiania.pl\\\/strefaspecjalisty\\\/polityka-prywatnosci-i-polityka-cookies\\\/#breadcrumb\"},\"inLanguage\":\"pl-PL\",\"potentialAction\":[{\"@type\":\"ReadAction\",\"target\":[\"https:\\\/\\\/centrumzaburzenodzywiania.pl\\\/strefaspecjalisty\\\/polityka-prywatnosci-i-polityka-cookies\\\/\"]}]},{\"@type\":\"BreadcrumbList\",\"@id\":\"https:\\\/\\\/centrumzaburzenodzywiania.pl\\\/strefaspecjalisty\\\/polityka-prywatnosci-i-polityka-cookies\\\/#breadcrumb\",\"itemListElement\":[{\"@type\":\"ListItem\",\"position\":1,\"name\":\"Strona g\u0142\u00f3wna\",\"item\":\"https:\\\/\\\/centrumzaburzenodzywiania.pl\\\/strefaspecjalisty\\\/\"},{\"@type\":\"ListItem\",\"position\":2,\"name\":\"Polityka prywatno\u015bci i polityka cookies\"}]},{\"@type\":\"WebSite\",\"@id\":\"https:\\\/\\\/centrumzaburzenodzywiania.pl\\\/strefaspecjalisty\\\/#website\",\"url\":\"https:\\\/\\\/centrumzaburzenodzywiania.pl\\\/strefaspecjalisty\\\/\",\"name\":\"Strefa Specjalisty - Og\u00f3lnopolskie Centrum Zaburze\u0144 Od\u017cywiania\",\"description\":\"Strefa Specjalisty - Og\u00f3lnopolskie Centrum Zaburze\u0144 Od\u017cywiania\",\"publisher\":{\"@id\":\"https:\\\/\\\/centrumzaburzenodzywiania.pl\\\/strefaspecjalisty\\\/#organization\"},\"potentialAction\":[{\"@type\":\"SearchAction\",\"target\":{\"@type\":\"EntryPoint\",\"urlTemplate\":\"https:\\\/\\\/centrumzaburzenodzywiania.pl\\\/strefaspecjalisty\\\/?s={search_term_string}\"},\"query-input\":{\"@type\":\"PropertyValueSpecification\",\"valueRequired\":true,\"valueName\":\"search_term_string\"}}],\"inLanguage\":\"pl-PL\"},{\"@type\":\"Organization\",\"@id\":\"https:\\\/\\\/centrumzaburzenodzywiania.pl\\\/strefaspecjalisty\\\/#organization\",\"name\":\"Strefa Specjalisty - Og\u00f3lnopolskie Centrum Zaburze\u0144 Od\u017cywiania\",\"url\":\"https:\\\/\\\/centrumzaburzenodzywiania.pl\\\/strefaspecjalisty\\\/\",\"logo\":{\"@type\":\"ImageObject\",\"inLanguage\":\"pl-PL\",\"@id\":\"https:\\\/\\\/centrumzaburzenodzywiania.pl\\\/strefaspecjalisty\\\/#\\\/schema\\\/logo\\\/image\\\/\",\"url\":\"https:\\\/\\\/centrumzaburzenodzywiania.pl\\\/strefaspecjalisty\\\/wp-content\\\/uploads\\\/2025\\\/11\\\/logo.png\",\"contentUrl\":\"https:\\\/\\\/centrumzaburzenodzywiania.pl\\\/strefaspecjalisty\\\/wp-content\\\/uploads\\\/2025\\\/11\\\/logo.png\",\"width\":141,\"height\":54,\"caption\":\"Strefa Specjalisty - Og\u00f3lnopolskie Centrum Zaburze\u0144 Od\u017cywiania\"},\"image\":{\"@id\":\"https:\\\/\\\/centrumzaburzenodzywiania.pl\\\/strefaspecjalisty\\\/#\\\/schema\\\/logo\\\/image\\\/\"}}]}<\/script>\n<!-- \/ Yoast SEO plugin. -->","yoast_head_json":{"title":"Polityka prywatno\u015bci i polityka cookies - Strefa Specjalisty - Og\u00f3lnopolskie Centrum Zaburze\u0144 Od\u017cywiania","robots":{"index":"noindex","follow":"nofollow"},"og_locale":"pl_PL","og_type":"article","og_title":"Polityka prywatno\u015bci i polityka cookies - Strefa Specjalisty - Og\u00f3lnopolskie Centrum Zaburze\u0144 Od\u017cywiania","og_description":"Cze\u015b\u0107, dzie\u0144 dobry! Je\u017celi tutaj trafi\u0142e\u015b, to niezawodny znak, \u017ce cenisz swoj\u0105 prywatno\u015b\u0107. Doskonale to rozumiemy, dlatego oddajemy w Twoje r\u0119ce dokument, w kt\u00f3rym w jednym miejscu znajdziesz zasady przetwarzania danych osobowych oraz wykorzystywania plik\u00f3w cookies i innych technologii \u015bledz\u0105cych w zwi\u0105zku z funkcjonowaniem strony internetowej www.centrumzaburzenodzywiania.pl Informacja formalna na pocz\u0105tek \u2013 administratorem strony jest [&hellip;]","og_url":"https:\/\/centrumzaburzenodzywiania.pl\/strefaspecjalisty\/polityka-prywatnosci-i-polityka-cookies\/","og_site_name":"Strefa Specjalisty - Og\u00f3lnopolskie Centrum Zaburze\u0144 Od\u017cywiania","article_modified_time":"2026-01-09T09:08:33+00:00","twitter_card":"summary_large_image","twitter_misc":{"Szacowany czas czytania":"46 minut"},"schema":{"@context":"https:\/\/schema.org","@graph":[{"@type":"WebPage","@id":"https:\/\/centrumzaburzenodzywiania.pl\/strefaspecjalisty\/polityka-prywatnosci-i-polityka-cookies\/","url":"https:\/\/centrumzaburzenodzywiania.pl\/strefaspecjalisty\/polityka-prywatnosci-i-polityka-cookies\/","name":"Polityka prywatno\u015bci i polityka cookies - Strefa Specjalisty - Og\u00f3lnopolskie Centrum Zaburze\u0144 Od\u017cywiania","isPartOf":{"@id":"https:\/\/centrumzaburzenodzywiania.pl\/strefaspecjalisty\/#website"},"datePublished":"2021-07-08T08:20:55+00:00","dateModified":"2026-01-09T09:08:33+00:00","breadcrumb":{"@id":"https:\/\/centrumzaburzenodzywiania.pl\/strefaspecjalisty\/polityka-prywatnosci-i-polityka-cookies\/#breadcrumb"},"inLanguage":"pl-PL","potentialAction":[{"@type":"ReadAction","target":["https:\/\/centrumzaburzenodzywiania.pl\/strefaspecjalisty\/polityka-prywatnosci-i-polityka-cookies\/"]}]},{"@type":"BreadcrumbList","@id":"https:\/\/centrumzaburzenodzywiania.pl\/strefaspecjalisty\/polityka-prywatnosci-i-polityka-cookies\/#breadcrumb","itemListElement":[{"@type":"ListItem","position":1,"name":"Strona g\u0142\u00f3wna","item":"https:\/\/centrumzaburzenodzywiania.pl\/strefaspecjalisty\/"},{"@type":"ListItem","position":2,"name":"Polityka prywatno\u015bci i polityka cookies"}]},{"@type":"WebSite","@id":"https:\/\/centrumzaburzenodzywiania.pl\/strefaspecjalisty\/#website","url":"https:\/\/centrumzaburzenodzywiania.pl\/strefaspecjalisty\/","name":"Strefa Specjalisty - Og\u00f3lnopolskie Centrum Zaburze\u0144 Od\u017cywiania","description":"Strefa Specjalisty - Og\u00f3lnopolskie Centrum Zaburze\u0144 Od\u017cywiania","publisher":{"@id":"https:\/\/centrumzaburzenodzywiania.pl\/strefaspecjalisty\/#organization"},"potentialAction":[{"@type":"SearchAction","target":{"@type":"EntryPoint","urlTemplate":"https:\/\/centrumzaburzenodzywiania.pl\/strefaspecjalisty\/?s={search_term_string}"},"query-input":{"@type":"PropertyValueSpecification","valueRequired":true,"valueName":"search_term_string"}}],"inLanguage":"pl-PL"},{"@type":"Organization","@id":"https:\/\/centrumzaburzenodzywiania.pl\/strefaspecjalisty\/#organization","name":"Strefa Specjalisty - Og\u00f3lnopolskie Centrum Zaburze\u0144 Od\u017cywiania","url":"https:\/\/centrumzaburzenodzywiania.pl\/strefaspecjalisty\/","logo":{"@type":"ImageObject","inLanguage":"pl-PL","@id":"https:\/\/centrumzaburzenodzywiania.pl\/strefaspecjalisty\/#\/schema\/logo\/image\/","url":"https:\/\/centrumzaburzenodzywiania.pl\/strefaspecjalisty\/wp-content\/uploads\/2025\/11\/logo.png","contentUrl":"https:\/\/centrumzaburzenodzywiania.pl\/strefaspecjalisty\/wp-content\/uploads\/2025\/11\/logo.png","width":141,"height":54,"caption":"Strefa Specjalisty - Og\u00f3lnopolskie Centrum Zaburze\u0144 Od\u017cywiania"},"image":{"@id":"https:\/\/centrumzaburzenodzywiania.pl\/strefaspecjalisty\/#\/schema\/logo\/image\/"}}]}},"_links":{"self":[{"href":"https:\/\/centrumzaburzenodzywiania.pl\/strefaspecjalisty\/wp-json\/wp\/v2\/pages\/771","targetHints":{"allow":["GET"]}}],"collection":[{"href":"https:\/\/centrumzaburzenodzywiania.pl\/strefaspecjalisty\/wp-json\/wp\/v2\/pages"}],"about":[{"href":"https:\/\/centrumzaburzenodzywiania.pl\/strefaspecjalisty\/wp-json\/wp\/v2\/types\/page"}],"author":[{"embeddable":true,"href":"https:\/\/centrumzaburzenodzywiania.pl\/strefaspecjalisty\/wp-json\/wp\/v2\/users\/3"}],"replies":[{"embeddable":true,"href":"https:\/\/centrumzaburzenodzywiania.pl\/strefaspecjalisty\/wp-json\/wp\/v2\/comments?post=771"}],"version-history":[{"count":5,"href":"https:\/\/centrumzaburzenodzywiania.pl\/strefaspecjalisty\/wp-json\/wp\/v2\/pages\/771\/revisions"}],"predecessor-version":[{"id":810,"href":"https:\/\/centrumzaburzenodzywiania.pl\/strefaspecjalisty\/wp-json\/wp\/v2\/pages\/771\/revisions\/810"}],"wp:attachment":[{"href":"https:\/\/centrumzaburzenodzywiania.pl\/strefaspecjalisty\/wp-json\/wp\/v2\/media?parent=771"}],"curies":[{"name":"wp","href":"https:\/\/api.w.org\/{rel}","templated":true}]}}