{"id":478,"date":"2021-04-06T11:08:45","date_gmt":"2021-04-06T09:08:45","guid":{"rendered":"https:\/\/centrumzaburzenodzywiania.pl\/strefaspecjalisty\/?page_id=478"},"modified":"2026-01-09T10:22:50","modified_gmt":"2026-01-09T09:22:50","slug":"renata-kusinska-sitarz","status":"publish","type":"page","link":"https:\/\/centrumzaburzenodzywiania.pl\/strefaspecjalisty\/renata-kusinska-sitarz\/","title":{"rendered":"Renata Kusi\u0144ska &#8211; Sitarz"},"content":{"rendered":"\n<div class=\"wp-block-group has-grey-2-background-color has-background has-global-padding is-layout-constrained wp-block-group-is-layout-constrained\">\n<div aria-hidden=\"true\" class=\"wp-block-fsb-flexible-spacer fsb-flexible-spacer\"><div class=\"fsb-flexible-spacer__device fsb-flexible-spacer__device--lg\" style=\"height:1rem\"><\/div><div class=\"fsb-flexible-spacer__device fsb-flexible-spacer__device--md\" style=\"height:1rem\"><\/div><div class=\"fsb-flexible-spacer__device fsb-flexible-spacer__device--sm\" style=\"height:1rem\"><\/div><\/div>\n\n\n<div class=\"wp-bootstrap-blocks-container container mb-2\">\n\t\n<div class=\"wp-bootstrap-blocks-row row gx-5 gy-4\">\n\t\n\n<div class=\"col-12 col-md-12 col-lg-6 col-xl-6 col-xxl-6\">\n\t\t\t<div class=\"h-100 d-flex flex-column justify-content-center\">\n\t\t\t\n\n<figure class=\"wp-block-image aligncenter size-full\"><img decoding=\"async\" src=\"https:\/\/centrumzaburzenodzywiania.pl\/strefaspecjalisty\/wp-content\/uploads\/2025\/08\/oczo-renata-kusinska-sitarz-1.png\" alt=\"Renata Kusi\u0144ska - Sitarz\" class=\"wp-image-4478\"\/><\/figure>\n\n\t\t<\/div>\n\t<\/div>\n\n\n\n<div class=\"col-12 col-md-12 col-lg-6 col-xl-6 col-xxl-6\">\n\t\t\t<div class=\"h-100 d-flex flex-column justify-content-center\">\n\t\t\t\n\n<h5 class=\"wp-block-heading has-text-align-left specjalista-tytul has-text-color has-link-color has-opensans-font-family wp-elements-c28d1c0369ef4df9b4571f4e7468e7ba\" style=\"color:#ff8d00;padding-top:0;padding-right:0;padding-bottom:0;padding-left:0;font-size:clamp(14px, 0.875rem + ((1vw - 3.2px) * 0.455), 20px);font-style:normal;font-weight:600;line-height:1.5\">Dietetyk kliniczny, psychodietetyk<\/h5>\n\n\n\n<h1 class=\"wp-block-heading has-text-align-left specjalista-tytul has-dark-green-color has-text-color has-link-color has-opensans-font-family wp-elements-b8c52674992f70c35007cd762d175d1d\" style=\"padding-top:0;padding-right:0;padding-bottom:var(--wp--preset--spacing--50);padding-left:0;font-size:clamp(26.465px, 1.654rem + ((1vw - 3.2px) * 1.404), 45px);font-style:normal;font-weight:600;line-height:1.5\">Renata Kusi\u0144ska &#8211; Sitarz<\/h1>\n\n\t\t<\/div>\n\t<\/div>\n\n<\/div>\n\n\n\n<p class=\"has--font-size\">Nazywam si\u0119 Renata Kusi\u0144ska &#8211; Sitarz. Jestem dietetykiem klinicznym oraz psychodietetykiem, absolwentk\u0105 studi\u00f3w pierwszego stopnia na Uniwersytecie Medycznym im. Piast\u00f3w \u015al\u0105skich we Wroc\u0142awiu, studi\u00f3w drugiego stopnia na \u015al\u0105skim Uniwersytecie Medycznym oraz studi\u00f3w podyplomowych (na kierunku psychodietetyka) na Wroc\u0142awskim Uniwersytecie Przyrodniczym. Uko\u0144czy\u0142am tak\u017ce pierwszy stopie\u0144 szkolenia w zakresie terapii skoncentrowanej na rozwi\u0105zaniach w Centrum Rozwi\u0105za\u0144 w Toruniu.<\/p>\n\n\n\n<p class=\"has--font-size\">Do\u015bwiadczenie zawodowe zdobywa\u0142am w poradniach dietetycznych, psychodietetycznych, szpitalach, \u017c\u0142obkach oraz innych plac\u00f3wkach \u017cywienia zbiorowego na terenie Wroc\u0142awia oraz aglomeracji \u015bl\u0105skiej. Swoje pierwsze zawodowe kroki stawia\u0142am w Centrum Zdrowia Mama i Ja, pracuj\u0105c g\u0142\u00f3wnie z dzie\u0107mi i&nbsp; ich rodzicami. Obecnie wsp\u00f3\u0142pracuj\u0119 z poradniami dietetycznymi i psychodietetycznymi, zapewniaj\u0105cymi opiek\u0119 zar\u00f3wno dzieciom, jak i doros\u0142ym.<\/p>\n\n\n\n<p class=\"has--font-size\"><strong>Specjalizuj\u0119 si\u0119 w pracy z osobami choruj\u0105cymi na zaburzenia od\u017cywiania, ale pracuj\u0119 tak\u017ce&nbsp; z dzie\u0107mi i doros\u0142ymi, zmagaj\u0105cymi si\u0119 z chorobami dietozale\u017cnymi (nadwaga, oty\u0142o\u015b\u0107, cukrzyca, alergie i nietolerancje pokarmowe itp.), z osobami pragn\u0105cymi wprowadzi\u0107 pozytywne zmiany w swoim \u017cywieniu, zadba\u0107 o zdrowie i lepsze samopoczucie.<\/strong><\/p>\n\n\n\n<p class=\"has--font-size\">W Og\u00f3lnopolskim Centrum Zaburze\u0144 Od\u017cywiania prowadz\u0119 szkolenia i warsztaty w ramach Treningu Umiej\u0119tno\u015bci Pracy z Pacjentem oraz warsztaty w ramach cyklu Praktykuj z OCZO. Jestem te\u017c jedn\u0105 ze specjalistek prowadz\u0105cych zaj\u0119cia w ramach Studium Psychodietetyki i Zaburze\u0144 Od\u017cywiania w Rymkiewicz System Academy.<\/p>\n\n\n\n<p class=\"has--font-size\">W pracy z pacjentem stawiam na indywidualne podej\u015bcie oraz edukacj\u0119 \u017cywieniow\u0105 \u2013 wsp\u00f3lnie z pacjentem ustalam odpowiedni, \u201eszyty na miar\u0119\u201d, plan dzia\u0142ania i pomagam w jego realizacji. Moim podstawowym celem jest poprawa stanu zdrowia poprzez wdro\u017cenie zdrowych, racjonalnych nawyk\u00f3w \u017cywieniowych.<\/p>\n\n\n\n<p class=\"has--font-size\">Stale poszerzam swoj\u0105 wiedz\u0119, uczestnicz\u0105c w kursach i szkoleniach z zakresu dietetyki oraz psychologii, du\u017cy nacisk k\u0142ad\u0105c na zagadnienia zwi\u0105zane z zaburzeniami od\u017cywiania.<\/p>\n\n<\/div>\n\n\n\n<div aria-hidden=\"true\" class=\"wp-block-fsb-flexible-spacer fsb-flexible-spacer\"><div class=\"fsb-flexible-spacer__device fsb-flexible-spacer__device--lg\" style=\"height:5rem\"><\/div><div class=\"fsb-flexible-spacer__device fsb-flexible-spacer__device--md\" style=\"height:5rem\"><\/div><div class=\"fsb-flexible-spacer__device fsb-flexible-spacer__device--sm\" style=\"height:4rem\"><\/div><\/div>\n<\/div>\n","protected":false},"excerpt":{"rendered":"","protected":false},"author":3,"featured_media":0,"parent":0,"menu_order":0,"comment_status":"closed","ping_status":"closed","template":"","meta":{"_acf_changed":false,"inline_featured_image":false,"footnotes":""},"class_list":["post-478","page","type-page","status-publish","hentry"],"acf":[],"yoast_head":"<!-- This site is optimized with the Yoast SEO plugin v27.4 - https:\/\/yoast.com\/product\/yoast-seo-wordpress\/ -->\n<title>Renata Kusi\u0144ska - Sitarz - Strefa Specjalisty - Og\u00f3lnopolskie Centrum Zaburze\u0144 Od\u017cywiania<\/title>\n<meta name=\"description\" content=\"Renata Kusi\u0144ska-Sitarz - dietetyk kliniczny oraz psychodietetyk. Prowadzi szkolenia i warsztaty Treningu Umiej\u0119tno\u015bci Pracy z Pacjentem\" \/>\n<meta name=\"robots\" content=\"index, follow, max-snippet:-1, max-image-preview:large, max-video-preview:-1\" \/>\n<link rel=\"canonical\" href=\"https:\/\/centrumzaburzenodzywiania.pl\/strefaspecjalisty\/renata-kusinska-sitarz\/\" \/>\n<meta property=\"og:locale\" content=\"pl_PL\" \/>\n<meta property=\"og:type\" content=\"article\" \/>\n<meta property=\"og:title\" content=\"Renata Kusi\u0144ska - Sitarz - Strefa Specjalisty - Og\u00f3lnopolskie Centrum Zaburze\u0144 Od\u017cywiania\" \/>\n<meta property=\"og:description\" content=\"Renata Kusi\u0144ska-Sitarz - dietetyk kliniczny oraz psychodietetyk. Prowadzi szkolenia i warsztaty Treningu Umiej\u0119tno\u015bci Pracy z Pacjentem\" \/>\n<meta property=\"og:url\" content=\"https:\/\/centrumzaburzenodzywiania.pl\/strefaspecjalisty\/renata-kusinska-sitarz\/\" \/>\n<meta property=\"og:site_name\" content=\"Strefa Specjalisty - Og\u00f3lnopolskie Centrum Zaburze\u0144 Od\u017cywiania\" \/>\n<meta property=\"article:modified_time\" content=\"2026-01-09T09:22:50+00:00\" \/>\n<meta name=\"twitter:card\" content=\"summary_large_image\" \/>\n<meta name=\"twitter:label1\" content=\"Szacowany czas czytania\" \/>\n\t<meta name=\"twitter:data1\" content=\"2 minuty\" \/>\n<script type=\"application\/ld+json\" class=\"yoast-schema-graph\">{\"@context\":\"https:\\\/\\\/schema.org\",\"@graph\":[{\"@type\":\"WebPage\",\"@id\":\"https:\\\/\\\/centrumzaburzenodzywiania.pl\\\/strefaspecjalisty\\\/renata-kusinska-sitarz\\\/\",\"url\":\"https:\\\/\\\/centrumzaburzenodzywiania.pl\\\/strefaspecjalisty\\\/renata-kusinska-sitarz\\\/\",\"name\":\"Renata Kusi\u0144ska - Sitarz - Strefa Specjalisty - Og\u00f3lnopolskie Centrum Zaburze\u0144 Od\u017cywiania\",\"isPartOf\":{\"@id\":\"https:\\\/\\\/centrumzaburzenodzywiania.pl\\\/strefaspecjalisty\\\/#website\"},\"primaryImageOfPage\":{\"@id\":\"https:\\\/\\\/centrumzaburzenodzywiania.pl\\\/strefaspecjalisty\\\/renata-kusinska-sitarz\\\/#primaryimage\"},\"image\":{\"@id\":\"https:\\\/\\\/centrumzaburzenodzywiania.pl\\\/strefaspecjalisty\\\/renata-kusinska-sitarz\\\/#primaryimage\"},\"thumbnailUrl\":\"https:\\\/\\\/centrumzaburzenodzywiania.pl\\\/strefaspecjalisty\\\/wp-content\\\/uploads\\\/2025\\\/08\\\/oczo-renata-kusinska-sitarz-1.png\",\"datePublished\":\"2021-04-06T09:08:45+00:00\",\"dateModified\":\"2026-01-09T09:22:50+00:00\",\"description\":\"Renata Kusi\u0144ska-Sitarz - dietetyk kliniczny oraz psychodietetyk. Prowadzi szkolenia i warsztaty Treningu Umiej\u0119tno\u015bci Pracy z Pacjentem\",\"breadcrumb\":{\"@id\":\"https:\\\/\\\/centrumzaburzenodzywiania.pl\\\/strefaspecjalisty\\\/renata-kusinska-sitarz\\\/#breadcrumb\"},\"inLanguage\":\"pl-PL\",\"potentialAction\":[{\"@type\":\"ReadAction\",\"target\":[\"https:\\\/\\\/centrumzaburzenodzywiania.pl\\\/strefaspecjalisty\\\/renata-kusinska-sitarz\\\/\"]}]},{\"@type\":\"ImageObject\",\"inLanguage\":\"pl-PL\",\"@id\":\"https:\\\/\\\/centrumzaburzenodzywiania.pl\\\/strefaspecjalisty\\\/renata-kusinska-sitarz\\\/#primaryimage\",\"url\":\"\",\"contentUrl\":\"\"},{\"@type\":\"BreadcrumbList\",\"@id\":\"https:\\\/\\\/centrumzaburzenodzywiania.pl\\\/strefaspecjalisty\\\/renata-kusinska-sitarz\\\/#breadcrumb\",\"itemListElement\":[{\"@type\":\"ListItem\",\"position\":1,\"name\":\"Strona g\u0142\u00f3wna\",\"item\":\"https:\\\/\\\/centrumzaburzenodzywiania.pl\\\/strefaspecjalisty\\\/\"},{\"@type\":\"ListItem\",\"position\":2,\"name\":\"Renata Kusi\u0144ska &#8211; Sitarz\"}]},{\"@type\":\"WebSite\",\"@id\":\"https:\\\/\\\/centrumzaburzenodzywiania.pl\\\/strefaspecjalisty\\\/#website\",\"url\":\"https:\\\/\\\/centrumzaburzenodzywiania.pl\\\/strefaspecjalisty\\\/\",\"name\":\"Strefa Specjalisty - Og\u00f3lnopolskie Centrum Zaburze\u0144 Od\u017cywiania\",\"description\":\"Strefa Specjalisty - Og\u00f3lnopolskie Centrum Zaburze\u0144 Od\u017cywiania\",\"publisher\":{\"@id\":\"https:\\\/\\\/centrumzaburzenodzywiania.pl\\\/strefaspecjalisty\\\/#organization\"},\"potentialAction\":[{\"@type\":\"SearchAction\",\"target\":{\"@type\":\"EntryPoint\",\"urlTemplate\":\"https:\\\/\\\/centrumzaburzenodzywiania.pl\\\/strefaspecjalisty\\\/?s={search_term_string}\"},\"query-input\":{\"@type\":\"PropertyValueSpecification\",\"valueRequired\":true,\"valueName\":\"search_term_string\"}}],\"inLanguage\":\"pl-PL\"},{\"@type\":\"Organization\",\"@id\":\"https:\\\/\\\/centrumzaburzenodzywiania.pl\\\/strefaspecjalisty\\\/#organization\",\"name\":\"Strefa Specjalisty - Og\u00f3lnopolskie Centrum Zaburze\u0144 Od\u017cywiania\",\"url\":\"https:\\\/\\\/centrumzaburzenodzywiania.pl\\\/strefaspecjalisty\\\/\",\"logo\":{\"@type\":\"ImageObject\",\"inLanguage\":\"pl-PL\",\"@id\":\"https:\\\/\\\/centrumzaburzenodzywiania.pl\\\/strefaspecjalisty\\\/#\\\/schema\\\/logo\\\/image\\\/\",\"url\":\"https:\\\/\\\/centrumzaburzenodzywiania.pl\\\/strefaspecjalisty\\\/wp-content\\\/uploads\\\/2025\\\/11\\\/logo.png\",\"contentUrl\":\"https:\\\/\\\/centrumzaburzenodzywiania.pl\\\/strefaspecjalisty\\\/wp-content\\\/uploads\\\/2025\\\/11\\\/logo.png\",\"width\":141,\"height\":54,\"caption\":\"Strefa Specjalisty - Og\u00f3lnopolskie Centrum Zaburze\u0144 Od\u017cywiania\"},\"image\":{\"@id\":\"https:\\\/\\\/centrumzaburzenodzywiania.pl\\\/strefaspecjalisty\\\/#\\\/schema\\\/logo\\\/image\\\/\"}}]}<\/script>\n<!-- \/ Yoast SEO plugin. -->","yoast_head_json":{"title":"Renata Kusi\u0144ska - Sitarz - Strefa Specjalisty - Og\u00f3lnopolskie Centrum Zaburze\u0144 Od\u017cywiania","description":"Renata Kusi\u0144ska-Sitarz - dietetyk kliniczny oraz psychodietetyk. Prowadzi szkolenia i warsztaty Treningu Umiej\u0119tno\u015bci Pracy z Pacjentem","robots":{"index":"index","follow":"follow","max-snippet":"max-snippet:-1","max-image-preview":"max-image-preview:large","max-video-preview":"max-video-preview:-1"},"canonical":"https:\/\/centrumzaburzenodzywiania.pl\/strefaspecjalisty\/renata-kusinska-sitarz\/","og_locale":"pl_PL","og_type":"article","og_title":"Renata Kusi\u0144ska - Sitarz - Strefa Specjalisty - Og\u00f3lnopolskie Centrum Zaburze\u0144 Od\u017cywiania","og_description":"Renata Kusi\u0144ska-Sitarz - dietetyk kliniczny oraz psychodietetyk. Prowadzi szkolenia i warsztaty Treningu Umiej\u0119tno\u015bci Pracy z Pacjentem","og_url":"https:\/\/centrumzaburzenodzywiania.pl\/strefaspecjalisty\/renata-kusinska-sitarz\/","og_site_name":"Strefa Specjalisty - Og\u00f3lnopolskie Centrum Zaburze\u0144 Od\u017cywiania","article_modified_time":"2026-01-09T09:22:50+00:00","twitter_card":"summary_large_image","twitter_misc":{"Szacowany czas czytania":"2 minuty"},"schema":{"@context":"https:\/\/schema.org","@graph":[{"@type":"WebPage","@id":"https:\/\/centrumzaburzenodzywiania.pl\/strefaspecjalisty\/renata-kusinska-sitarz\/","url":"https:\/\/centrumzaburzenodzywiania.pl\/strefaspecjalisty\/renata-kusinska-sitarz\/","name":"Renata Kusi\u0144ska - Sitarz - Strefa Specjalisty - Og\u00f3lnopolskie Centrum Zaburze\u0144 Od\u017cywiania","isPartOf":{"@id":"https:\/\/centrumzaburzenodzywiania.pl\/strefaspecjalisty\/#website"},"primaryImageOfPage":{"@id":"https:\/\/centrumzaburzenodzywiania.pl\/strefaspecjalisty\/renata-kusinska-sitarz\/#primaryimage"},"image":{"@id":"https:\/\/centrumzaburzenodzywiania.pl\/strefaspecjalisty\/renata-kusinska-sitarz\/#primaryimage"},"thumbnailUrl":"https:\/\/centrumzaburzenodzywiania.pl\/strefaspecjalisty\/wp-content\/uploads\/2025\/08\/oczo-renata-kusinska-sitarz-1.png","datePublished":"2021-04-06T09:08:45+00:00","dateModified":"2026-01-09T09:22:50+00:00","description":"Renata Kusi\u0144ska-Sitarz - dietetyk kliniczny oraz psychodietetyk. Prowadzi szkolenia i warsztaty Treningu Umiej\u0119tno\u015bci Pracy z Pacjentem","breadcrumb":{"@id":"https:\/\/centrumzaburzenodzywiania.pl\/strefaspecjalisty\/renata-kusinska-sitarz\/#breadcrumb"},"inLanguage":"pl-PL","potentialAction":[{"@type":"ReadAction","target":["https:\/\/centrumzaburzenodzywiania.pl\/strefaspecjalisty\/renata-kusinska-sitarz\/"]}]},{"@type":"ImageObject","inLanguage":"pl-PL","@id":"https:\/\/centrumzaburzenodzywiania.pl\/strefaspecjalisty\/renata-kusinska-sitarz\/#primaryimage","url":"","contentUrl":""},{"@type":"BreadcrumbList","@id":"https:\/\/centrumzaburzenodzywiania.pl\/strefaspecjalisty\/renata-kusinska-sitarz\/#breadcrumb","itemListElement":[{"@type":"ListItem","position":1,"name":"Strona g\u0142\u00f3wna","item":"https:\/\/centrumzaburzenodzywiania.pl\/strefaspecjalisty\/"},{"@type":"ListItem","position":2,"name":"Renata Kusi\u0144ska &#8211; Sitarz"}]},{"@type":"WebSite","@id":"https:\/\/centrumzaburzenodzywiania.pl\/strefaspecjalisty\/#website","url":"https:\/\/centrumzaburzenodzywiania.pl\/strefaspecjalisty\/","name":"Strefa Specjalisty - Og\u00f3lnopolskie Centrum Zaburze\u0144 Od\u017cywiania","description":"Strefa Specjalisty - Og\u00f3lnopolskie Centrum Zaburze\u0144 Od\u017cywiania","publisher":{"@id":"https:\/\/centrumzaburzenodzywiania.pl\/strefaspecjalisty\/#organization"},"potentialAction":[{"@type":"SearchAction","target":{"@type":"EntryPoint","urlTemplate":"https:\/\/centrumzaburzenodzywiania.pl\/strefaspecjalisty\/?s={search_term_string}"},"query-input":{"@type":"PropertyValueSpecification","valueRequired":true,"valueName":"search_term_string"}}],"inLanguage":"pl-PL"},{"@type":"Organization","@id":"https:\/\/centrumzaburzenodzywiania.pl\/strefaspecjalisty\/#organization","name":"Strefa Specjalisty - Og\u00f3lnopolskie Centrum Zaburze\u0144 Od\u017cywiania","url":"https:\/\/centrumzaburzenodzywiania.pl\/strefaspecjalisty\/","logo":{"@type":"ImageObject","inLanguage":"pl-PL","@id":"https:\/\/centrumzaburzenodzywiania.pl\/strefaspecjalisty\/#\/schema\/logo\/image\/","url":"https:\/\/centrumzaburzenodzywiania.pl\/strefaspecjalisty\/wp-content\/uploads\/2025\/11\/logo.png","contentUrl":"https:\/\/centrumzaburzenodzywiania.pl\/strefaspecjalisty\/wp-content\/uploads\/2025\/11\/logo.png","width":141,"height":54,"caption":"Strefa Specjalisty - Og\u00f3lnopolskie Centrum Zaburze\u0144 Od\u017cywiania"},"image":{"@id":"https:\/\/centrumzaburzenodzywiania.pl\/strefaspecjalisty\/#\/schema\/logo\/image\/"}}]}},"_links":{"self":[{"href":"https:\/\/centrumzaburzenodzywiania.pl\/strefaspecjalisty\/wp-json\/wp\/v2\/pages\/478","targetHints":{"allow":["GET"]}}],"collection":[{"href":"https:\/\/centrumzaburzenodzywiania.pl\/strefaspecjalisty\/wp-json\/wp\/v2\/pages"}],"about":[{"href":"https:\/\/centrumzaburzenodzywiania.pl\/strefaspecjalisty\/wp-json\/wp\/v2\/types\/page"}],"author":[{"embeddable":true,"href":"https:\/\/centrumzaburzenodzywiania.pl\/strefaspecjalisty\/wp-json\/wp\/v2\/users\/3"}],"replies":[{"embeddable":true,"href":"https:\/\/centrumzaburzenodzywiania.pl\/strefaspecjalisty\/wp-json\/wp\/v2\/comments?post=478"}],"version-history":[{"count":3,"href":"https:\/\/centrumzaburzenodzywiania.pl\/strefaspecjalisty\/wp-json\/wp\/v2\/pages\/478\/revisions"}],"predecessor-version":[{"id":4006,"href":"https:\/\/centrumzaburzenodzywiania.pl\/strefaspecjalisty\/wp-json\/wp\/v2\/pages\/478\/revisions\/4006"}],"wp:attachment":[{"href":"https:\/\/centrumzaburzenodzywiania.pl\/strefaspecjalisty\/wp-json\/wp\/v2\/media?parent=478"}],"curies":[{"name":"wp","href":"https:\/\/api.w.org\/{rel}","templated":true}]}}