{"id":2020,"date":"2023-12-20T11:27:01","date_gmt":"2023-12-20T10:27:01","guid":{"rendered":"https:\/\/centrumzaburzenodzywiania.pl\/strefaspecjalisty\/?page_id=2020"},"modified":"2026-01-09T09:13:28","modified_gmt":"2026-01-09T08:13:28","slug":"karolina-kwarcinska","status":"publish","type":"page","link":"https:\/\/centrumzaburzenodzywiania.pl\/strefaspecjalisty\/karolina-kwarcinska\/","title":{"rendered":"Karolina Kwarci\u0144ska"},"content":{"rendered":"\n<div class=\"wp-block-group has-grey-2-background-color has-background has-global-padding is-layout-constrained wp-block-group-is-layout-constrained\">\n<div aria-hidden=\"true\" class=\"wp-block-fsb-flexible-spacer fsb-flexible-spacer\"><div class=\"fsb-flexible-spacer__device fsb-flexible-spacer__device--lg\" style=\"height:1rem\"><\/div><div class=\"fsb-flexible-spacer__device fsb-flexible-spacer__device--md\" style=\"height:1rem\"><\/div><div class=\"fsb-flexible-spacer__device fsb-flexible-spacer__device--sm\" style=\"height:1rem\"><\/div><\/div>\n\n\n<div class=\"wp-bootstrap-blocks-container container mb-2\">\n\t\n<div class=\"wp-bootstrap-blocks-row row gx-5 gy-4\">\n\t\n\n<div class=\"col-12 col-md-12 col-lg-6 col-xl-6 col-xxl-6\">\n\t\t\t<div class=\"h-100 d-flex flex-column justify-content-center\">\n\t\t\t\n\n<figure class=\"wp-block-image aligncenter size-full\"><img decoding=\"async\" src=\"https:\/\/centrumzaburzenodzywiania.pl\/strefaspecjalisty\/wp-content\/uploads\/2025\/08\/oczo-karolina-kwarcinska.png\" alt=\"Karolina Kwarci\u0144ska\" class=\"wp-image-4470\"\/><\/figure>\n\n\t\t<\/div>\n\t<\/div>\n\n\n\n<div class=\"col-12 col-md-12 col-lg-6 col-xl-6 col-xxl-6\">\n\t\t\t<div class=\"h-100 d-flex flex-column justify-content-center\">\n\t\t\t\n\n<h5 class=\"wp-block-heading has-text-align-left specjalista-tytul has-text-color has-link-color has-opensans-font-family wp-elements-14c885f32777cc046a77bf7e29f9cc5d\" style=\"color:#ff8d00;padding-top:0;padding-right:0;padding-bottom:0;padding-left:0;font-size:clamp(14px, 0.875rem + ((1vw - 3.2px) * 0.455), 20px);font-style:normal;font-weight:600;line-height:1.5\">Psychoterapeuta<\/h5>\n\n\n\n<h1 class=\"wp-block-heading has-text-align-left specjalista-tytul has-dark-green-color has-text-color has-link-color has-opensans-font-family wp-elements-6800b6764eaf5d6cbc2794b0625837ab\" style=\"padding-top:0;padding-right:0;padding-bottom:var(--wp--preset--spacing--50);padding-left:0;font-size:clamp(26.465px, 1.654rem + ((1vw - 3.2px) * 1.404), 45px);font-style:normal;font-weight:600;line-height:1.5\">Karolina Kwarci\u0144ska<\/h1>\n\n\t\t<\/div>\n\t<\/div>\n\n<\/div>\n\n\n\n<p class=\"has--font-size\">Nazywam si\u0119 Karolina Kwarci\u0144ska. Jestem psychologiem i psychoterapeut\u0105 systemowym, cz\u0142onkiem Wielkopolskiego Towarzystwa Terapii Systemowej (WTTS). Jestem r\u00f3wnie\u017c certyfikowanym coachem Ericksonowskim (ECPC &#8211; Erickson Certified Professional Coach), akredytowanym przez Mi\u0119dzynarodow\u0105 Federacj\u0119 Coach\u00f3w &#8211; ICF na poziomie PCC. W swojej pracy integruj\u0119 podej\u015bcie systemowe, narracyjne, skoncentrowane na rozwi\u0105zaniach oraz inspiracje p\u0142yn\u0105ce z trzeciej fali terapii poznawczo \u2013 behawioralnej (Terapia Akceptacji i Zaanga\u017cowania &#8211; ACT). Do\u015bwiadczenia zawodowe zdobywa\u0142am w pracy z Pacjentem indywidualnie, grupowo, jak r\u00f3wnie\u017c przy programach rozwojowych, projektach i grantach.<\/p>\n\n\n\n<p class=\"has--font-size\"><strong>Obecnie pracuj\u0119 w Og\u00f3lnopolskim Centrum Zaburze\u0144 Od\u017cywiania, prowadz\u0119 prywatny gabinet psychoterapeutyczny oraz wsp\u00f3\u0142pracuj\u0119 z Centrum Bada\u0144 nad Rozwojem Osobowo\u015bci Uniwersytetu SWPS w Poznaniu, w kt\u00f3rym wraz z zespo\u0142em prowadz\u0119 projekty badawcze zwi\u0105zane z perfekcjonizmem, to\u017csamo\u015bci\u0105 rodzicielsk\u0105 oraz zjawiskiem wypalenia rodzicielskiego.<\/strong><\/p>\n\n\n\n<p class=\"has--font-size\">Prowadz\u0119 szkolenia i warsztaty z szeroko rozumianej psychoedukacji, rozwoju osobistego, czy bardziej wyspecjalizowanych temat\u00f3w z zakresu psychologii klinicznej. Prowadz\u0119 r\u00f3wnie\u017c treningi redukcji stresu, budowania relacji ze sob\u0105 i swoim cia\u0142em, relaksacji, czy pracy z oddechem.&nbsp;<\/p>\n\n\n\n<p class=\"has--font-size\">W codziennej praktyce szczeg\u00f3lnie bliska jest mi koncepcja uwa\u017cno\u015bci, pe\u0142nego uczestnictwa w chwili obecnej. Elastycznie dopasowuj\u0119 narz\u0119dzia i metody do pojawiaj\u0105cych si\u0119 potrzeb. W procesie psychoterapii niezwykle inspiruj\u0105 mnie te momenty, w kt\u00f3rych problem oraz brak nadziei, przeradza si\u0119 w zaanga\u017cowane dzia\u0142anie i realn\u0105, jako\u015bciow\u0105 zmian\u0119 w \u017cyciu drugiej osoby.<\/p>\n\n<\/div>\n\n\n\n<div aria-hidden=\"true\" class=\"wp-block-fsb-flexible-spacer fsb-flexible-spacer\"><div class=\"fsb-flexible-spacer__device fsb-flexible-spacer__device--lg\" style=\"height:5rem\"><\/div><div class=\"fsb-flexible-spacer__device fsb-flexible-spacer__device--md\" style=\"height:5rem\"><\/div><div class=\"fsb-flexible-spacer__device fsb-flexible-spacer__device--sm\" style=\"height:4rem\"><\/div><\/div>\n<\/div>\n","protected":false},"excerpt":{"rendered":"","protected":false},"author":3,"featured_media":0,"parent":0,"menu_order":0,"comment_status":"closed","ping_status":"closed","template":"","meta":{"_acf_changed":false,"inline_featured_image":false,"footnotes":""},"class_list":["post-2020","page","type-page","status-publish","hentry"],"acf":[],"yoast_head":"<!-- This site is optimized with the Yoast SEO plugin v27.4 - https:\/\/yoast.com\/product\/yoast-seo-wordpress\/ -->\n<title>Karolina Kwarci\u0144ska - Strefa Specjalisty - Og\u00f3lnopolskie Centrum Zaburze\u0144 Od\u017cywiania<\/title>\n<meta name=\"description\" content=\"Karolina Kwarci\u0144ska - psycholog i psychoterapeuta systemowym. Prowadzi m.in.: szkolenia, warsztaty oraz treningi redukcji stresu.\" \/>\n<meta name=\"robots\" content=\"index, follow, max-snippet:-1, max-image-preview:large, max-video-preview:-1\" \/>\n<link rel=\"canonical\" href=\"https:\/\/centrumzaburzenodzywiania.pl\/strefaspecjalisty\/karolina-kwarcinska\/\" \/>\n<meta property=\"og:locale\" content=\"pl_PL\" \/>\n<meta property=\"og:type\" content=\"article\" \/>\n<meta property=\"og:title\" content=\"Karolina Kwarci\u0144ska - Strefa Specjalisty - Og\u00f3lnopolskie Centrum Zaburze\u0144 Od\u017cywiania\" \/>\n<meta property=\"og:description\" content=\"Karolina Kwarci\u0144ska - psycholog i psychoterapeuta systemowym. Prowadzi m.in.: szkolenia, warsztaty oraz treningi redukcji stresu.\" \/>\n<meta property=\"og:url\" content=\"https:\/\/centrumzaburzenodzywiania.pl\/strefaspecjalisty\/karolina-kwarcinska\/\" \/>\n<meta property=\"og:site_name\" content=\"Strefa Specjalisty - Og\u00f3lnopolskie Centrum Zaburze\u0144 Od\u017cywiania\" \/>\n<meta property=\"article:modified_time\" content=\"2026-01-09T08:13:28+00:00\" \/>\n<meta name=\"twitter:card\" content=\"summary_large_image\" \/>\n<meta name=\"twitter:label1\" content=\"Szacowany czas czytania\" \/>\n\t<meta name=\"twitter:data1\" content=\"2 minuty\" \/>\n<script type=\"application\/ld+json\" class=\"yoast-schema-graph\">{\"@context\":\"https:\\\/\\\/schema.org\",\"@graph\":[{\"@type\":\"WebPage\",\"@id\":\"https:\\\/\\\/centrumzaburzenodzywiania.pl\\\/strefaspecjalisty\\\/karolina-kwarcinska\\\/\",\"url\":\"https:\\\/\\\/centrumzaburzenodzywiania.pl\\\/strefaspecjalisty\\\/karolina-kwarcinska\\\/\",\"name\":\"Karolina Kwarci\u0144ska - Strefa Specjalisty - Og\u00f3lnopolskie Centrum Zaburze\u0144 Od\u017cywiania\",\"isPartOf\":{\"@id\":\"https:\\\/\\\/centrumzaburzenodzywiania.pl\\\/strefaspecjalisty\\\/#website\"},\"primaryImageOfPage\":{\"@id\":\"https:\\\/\\\/centrumzaburzenodzywiania.pl\\\/strefaspecjalisty\\\/karolina-kwarcinska\\\/#primaryimage\"},\"image\":{\"@id\":\"https:\\\/\\\/centrumzaburzenodzywiania.pl\\\/strefaspecjalisty\\\/karolina-kwarcinska\\\/#primaryimage\"},\"thumbnailUrl\":\"https:\\\/\\\/centrumzaburzenodzywiania.pl\\\/strefaspecjalisty\\\/wp-content\\\/uploads\\\/2025\\\/08\\\/oczo-karolina-kwarcinska.png\",\"datePublished\":\"2023-12-20T10:27:01+00:00\",\"dateModified\":\"2026-01-09T08:13:28+00:00\",\"description\":\"Karolina Kwarci\u0144ska - psycholog i psychoterapeuta systemowym. Prowadzi m.in.: szkolenia, warsztaty oraz treningi redukcji stresu.\",\"breadcrumb\":{\"@id\":\"https:\\\/\\\/centrumzaburzenodzywiania.pl\\\/strefaspecjalisty\\\/karolina-kwarcinska\\\/#breadcrumb\"},\"inLanguage\":\"pl-PL\",\"potentialAction\":[{\"@type\":\"ReadAction\",\"target\":[\"https:\\\/\\\/centrumzaburzenodzywiania.pl\\\/strefaspecjalisty\\\/karolina-kwarcinska\\\/\"]}]},{\"@type\":\"ImageObject\",\"inLanguage\":\"pl-PL\",\"@id\":\"https:\\\/\\\/centrumzaburzenodzywiania.pl\\\/strefaspecjalisty\\\/karolina-kwarcinska\\\/#primaryimage\",\"url\":\"\",\"contentUrl\":\"\"},{\"@type\":\"BreadcrumbList\",\"@id\":\"https:\\\/\\\/centrumzaburzenodzywiania.pl\\\/strefaspecjalisty\\\/karolina-kwarcinska\\\/#breadcrumb\",\"itemListElement\":[{\"@type\":\"ListItem\",\"position\":1,\"name\":\"Strona g\u0142\u00f3wna\",\"item\":\"https:\\\/\\\/centrumzaburzenodzywiania.pl\\\/strefaspecjalisty\\\/\"},{\"@type\":\"ListItem\",\"position\":2,\"name\":\"Karolina Kwarci\u0144ska\"}]},{\"@type\":\"WebSite\",\"@id\":\"https:\\\/\\\/centrumzaburzenodzywiania.pl\\\/strefaspecjalisty\\\/#website\",\"url\":\"https:\\\/\\\/centrumzaburzenodzywiania.pl\\\/strefaspecjalisty\\\/\",\"name\":\"Strefa Specjalisty - Og\u00f3lnopolskie Centrum Zaburze\u0144 Od\u017cywiania\",\"description\":\"Strefa Specjalisty - Og\u00f3lnopolskie Centrum Zaburze\u0144 Od\u017cywiania\",\"publisher\":{\"@id\":\"https:\\\/\\\/centrumzaburzenodzywiania.pl\\\/strefaspecjalisty\\\/#organization\"},\"potentialAction\":[{\"@type\":\"SearchAction\",\"target\":{\"@type\":\"EntryPoint\",\"urlTemplate\":\"https:\\\/\\\/centrumzaburzenodzywiania.pl\\\/strefaspecjalisty\\\/?s={search_term_string}\"},\"query-input\":{\"@type\":\"PropertyValueSpecification\",\"valueRequired\":true,\"valueName\":\"search_term_string\"}}],\"inLanguage\":\"pl-PL\"},{\"@type\":\"Organization\",\"@id\":\"https:\\\/\\\/centrumzaburzenodzywiania.pl\\\/strefaspecjalisty\\\/#organization\",\"name\":\"Strefa Specjalisty - Og\u00f3lnopolskie Centrum Zaburze\u0144 Od\u017cywiania\",\"url\":\"https:\\\/\\\/centrumzaburzenodzywiania.pl\\\/strefaspecjalisty\\\/\",\"logo\":{\"@type\":\"ImageObject\",\"inLanguage\":\"pl-PL\",\"@id\":\"https:\\\/\\\/centrumzaburzenodzywiania.pl\\\/strefaspecjalisty\\\/#\\\/schema\\\/logo\\\/image\\\/\",\"url\":\"https:\\\/\\\/centrumzaburzenodzywiania.pl\\\/strefaspecjalisty\\\/wp-content\\\/uploads\\\/2025\\\/11\\\/logo.png\",\"contentUrl\":\"https:\\\/\\\/centrumzaburzenodzywiania.pl\\\/strefaspecjalisty\\\/wp-content\\\/uploads\\\/2025\\\/11\\\/logo.png\",\"width\":141,\"height\":54,\"caption\":\"Strefa Specjalisty - Og\u00f3lnopolskie Centrum Zaburze\u0144 Od\u017cywiania\"},\"image\":{\"@id\":\"https:\\\/\\\/centrumzaburzenodzywiania.pl\\\/strefaspecjalisty\\\/#\\\/schema\\\/logo\\\/image\\\/\"}}]}<\/script>\n<!-- \/ Yoast SEO plugin. -->","yoast_head_json":{"title":"Karolina Kwarci\u0144ska - Strefa Specjalisty - Og\u00f3lnopolskie Centrum Zaburze\u0144 Od\u017cywiania","description":"Karolina Kwarci\u0144ska - psycholog i psychoterapeuta systemowym. Prowadzi m.in.: szkolenia, warsztaty oraz treningi redukcji stresu.","robots":{"index":"index","follow":"follow","max-snippet":"max-snippet:-1","max-image-preview":"max-image-preview:large","max-video-preview":"max-video-preview:-1"},"canonical":"https:\/\/centrumzaburzenodzywiania.pl\/strefaspecjalisty\/karolina-kwarcinska\/","og_locale":"pl_PL","og_type":"article","og_title":"Karolina Kwarci\u0144ska - Strefa Specjalisty - Og\u00f3lnopolskie Centrum Zaburze\u0144 Od\u017cywiania","og_description":"Karolina Kwarci\u0144ska - psycholog i psychoterapeuta systemowym. Prowadzi m.in.: szkolenia, warsztaty oraz treningi redukcji stresu.","og_url":"https:\/\/centrumzaburzenodzywiania.pl\/strefaspecjalisty\/karolina-kwarcinska\/","og_site_name":"Strefa Specjalisty - Og\u00f3lnopolskie Centrum Zaburze\u0144 Od\u017cywiania","article_modified_time":"2026-01-09T08:13:28+00:00","twitter_card":"summary_large_image","twitter_misc":{"Szacowany czas czytania":"2 minuty"},"schema":{"@context":"https:\/\/schema.org","@graph":[{"@type":"WebPage","@id":"https:\/\/centrumzaburzenodzywiania.pl\/strefaspecjalisty\/karolina-kwarcinska\/","url":"https:\/\/centrumzaburzenodzywiania.pl\/strefaspecjalisty\/karolina-kwarcinska\/","name":"Karolina Kwarci\u0144ska - Strefa Specjalisty - Og\u00f3lnopolskie Centrum Zaburze\u0144 Od\u017cywiania","isPartOf":{"@id":"https:\/\/centrumzaburzenodzywiania.pl\/strefaspecjalisty\/#website"},"primaryImageOfPage":{"@id":"https:\/\/centrumzaburzenodzywiania.pl\/strefaspecjalisty\/karolina-kwarcinska\/#primaryimage"},"image":{"@id":"https:\/\/centrumzaburzenodzywiania.pl\/strefaspecjalisty\/karolina-kwarcinska\/#primaryimage"},"thumbnailUrl":"https:\/\/centrumzaburzenodzywiania.pl\/strefaspecjalisty\/wp-content\/uploads\/2025\/08\/oczo-karolina-kwarcinska.png","datePublished":"2023-12-20T10:27:01+00:00","dateModified":"2026-01-09T08:13:28+00:00","description":"Karolina Kwarci\u0144ska - psycholog i psychoterapeuta systemowym. Prowadzi m.in.: szkolenia, warsztaty oraz treningi redukcji stresu.","breadcrumb":{"@id":"https:\/\/centrumzaburzenodzywiania.pl\/strefaspecjalisty\/karolina-kwarcinska\/#breadcrumb"},"inLanguage":"pl-PL","potentialAction":[{"@type":"ReadAction","target":["https:\/\/centrumzaburzenodzywiania.pl\/strefaspecjalisty\/karolina-kwarcinska\/"]}]},{"@type":"ImageObject","inLanguage":"pl-PL","@id":"https:\/\/centrumzaburzenodzywiania.pl\/strefaspecjalisty\/karolina-kwarcinska\/#primaryimage","url":"","contentUrl":""},{"@type":"BreadcrumbList","@id":"https:\/\/centrumzaburzenodzywiania.pl\/strefaspecjalisty\/karolina-kwarcinska\/#breadcrumb","itemListElement":[{"@type":"ListItem","position":1,"name":"Strona g\u0142\u00f3wna","item":"https:\/\/centrumzaburzenodzywiania.pl\/strefaspecjalisty\/"},{"@type":"ListItem","position":2,"name":"Karolina Kwarci\u0144ska"}]},{"@type":"WebSite","@id":"https:\/\/centrumzaburzenodzywiania.pl\/strefaspecjalisty\/#website","url":"https:\/\/centrumzaburzenodzywiania.pl\/strefaspecjalisty\/","name":"Strefa Specjalisty - Og\u00f3lnopolskie Centrum Zaburze\u0144 Od\u017cywiania","description":"Strefa Specjalisty - Og\u00f3lnopolskie Centrum Zaburze\u0144 Od\u017cywiania","publisher":{"@id":"https:\/\/centrumzaburzenodzywiania.pl\/strefaspecjalisty\/#organization"},"potentialAction":[{"@type":"SearchAction","target":{"@type":"EntryPoint","urlTemplate":"https:\/\/centrumzaburzenodzywiania.pl\/strefaspecjalisty\/?s={search_term_string}"},"query-input":{"@type":"PropertyValueSpecification","valueRequired":true,"valueName":"search_term_string"}}],"inLanguage":"pl-PL"},{"@type":"Organization","@id":"https:\/\/centrumzaburzenodzywiania.pl\/strefaspecjalisty\/#organization","name":"Strefa Specjalisty - Og\u00f3lnopolskie Centrum Zaburze\u0144 Od\u017cywiania","url":"https:\/\/centrumzaburzenodzywiania.pl\/strefaspecjalisty\/","logo":{"@type":"ImageObject","inLanguage":"pl-PL","@id":"https:\/\/centrumzaburzenodzywiania.pl\/strefaspecjalisty\/#\/schema\/logo\/image\/","url":"https:\/\/centrumzaburzenodzywiania.pl\/strefaspecjalisty\/wp-content\/uploads\/2025\/11\/logo.png","contentUrl":"https:\/\/centrumzaburzenodzywiania.pl\/strefaspecjalisty\/wp-content\/uploads\/2025\/11\/logo.png","width":141,"height":54,"caption":"Strefa Specjalisty - Og\u00f3lnopolskie Centrum Zaburze\u0144 Od\u017cywiania"},"image":{"@id":"https:\/\/centrumzaburzenodzywiania.pl\/strefaspecjalisty\/#\/schema\/logo\/image\/"}}]}},"_links":{"self":[{"href":"https:\/\/centrumzaburzenodzywiania.pl\/strefaspecjalisty\/wp-json\/wp\/v2\/pages\/2020","targetHints":{"allow":["GET"]}}],"collection":[{"href":"https:\/\/centrumzaburzenodzywiania.pl\/strefaspecjalisty\/wp-json\/wp\/v2\/pages"}],"about":[{"href":"https:\/\/centrumzaburzenodzywiania.pl\/strefaspecjalisty\/wp-json\/wp\/v2\/types\/page"}],"author":[{"embeddable":true,"href":"https:\/\/centrumzaburzenodzywiania.pl\/strefaspecjalisty\/wp-json\/wp\/v2\/users\/3"}],"replies":[{"embeddable":true,"href":"https:\/\/centrumzaburzenodzywiania.pl\/strefaspecjalisty\/wp-json\/wp\/v2\/comments?post=2020"}],"version-history":[{"count":4,"href":"https:\/\/centrumzaburzenodzywiania.pl\/strefaspecjalisty\/wp-json\/wp\/v2\/pages\/2020\/revisions"}],"predecessor-version":[{"id":3989,"href":"https:\/\/centrumzaburzenodzywiania.pl\/strefaspecjalisty\/wp-json\/wp\/v2\/pages\/2020\/revisions\/3989"}],"wp:attachment":[{"href":"https:\/\/centrumzaburzenodzywiania.pl\/strefaspecjalisty\/wp-json\/wp\/v2\/media?parent=2020"}],"curies":[{"name":"wp","href":"https:\/\/api.w.org\/{rel}","templated":true}]}}