{"id":2017,"date":"2023-12-20T11:26:03","date_gmt":"2023-12-20T10:26:03","guid":{"rendered":"https:\/\/centrumzaburzenodzywiania.pl\/strefaspecjalisty\/?page_id=2017"},"modified":"2026-01-09T08:35:54","modified_gmt":"2026-01-09T07:35:54","slug":"jagoda-rozycka","status":"publish","type":"page","link":"https:\/\/centrumzaburzenodzywiania.pl\/strefaspecjalisty\/jagoda-rozycka\/","title":{"rendered":"dr Jagoda R\u00f3\u017cycka"},"content":{"rendered":"\n<div class=\"wp-block-group has-grey-2-background-color has-background has-global-padding is-layout-constrained wp-block-group-is-layout-constrained\">\n<div aria-hidden=\"true\" class=\"wp-block-fsb-flexible-spacer fsb-flexible-spacer\"><div class=\"fsb-flexible-spacer__device fsb-flexible-spacer__device--lg\" style=\"height:1rem\"><\/div><div class=\"fsb-flexible-spacer__device fsb-flexible-spacer__device--md\" style=\"height:1rem\"><\/div><div class=\"fsb-flexible-spacer__device fsb-flexible-spacer__device--sm\" style=\"height:1rem\"><\/div><\/div>\n\n\n<div class=\"wp-bootstrap-blocks-container container mb-2\">\n\t\n<div class=\"wp-bootstrap-blocks-row row gx-5 gy-4\">\n\t\n\n<div class=\"col-12 col-md-12 col-lg-6 col-xl-6 col-xxl-6\">\n\t\t\t<div class=\"h-100 d-flex flex-column justify-content-center\">\n\t\t\t\n\n<figure class=\"wp-block-image aligncenter size-full\"><img loading=\"lazy\" decoding=\"async\" width=\"555\" height=\"555\" src=\"https:\/\/centrumzaburzenodzywiania.pl\/strefaspecjalisty\/wp-content\/uploads\/2025\/11\/joanna-rozycka.jpg\" alt=\"dr Jagoda R\u00f3\u017cycka\" class=\"wp-image-3822\" srcset=\"https:\/\/centrumzaburzenodzywiania.pl\/strefaspecjalisty\/wp-content\/uploads\/2025\/11\/joanna-rozycka.jpg 555w, https:\/\/centrumzaburzenodzywiania.pl\/strefaspecjalisty\/wp-content\/uploads\/2025\/11\/joanna-rozycka-300x300.jpg 300w, https:\/\/centrumzaburzenodzywiania.pl\/strefaspecjalisty\/wp-content\/uploads\/2025\/11\/joanna-rozycka-150x150.jpg 150w, https:\/\/centrumzaburzenodzywiania.pl\/strefaspecjalisty\/wp-content\/uploads\/2025\/11\/joanna-rozycka-100x100.jpg 100w\" sizes=\"auto, (max-width: 555px) 100vw, 555px\" \/><\/figure>\n\n\t\t<\/div>\n\t<\/div>\n\n\n\n<div class=\"col-12 col-md-12 col-lg-6 col-xl-6 col-xxl-6\">\n\t\t\t<div class=\"h-100 d-flex flex-column justify-content-center\">\n\t\t\t\n\n<h5 class=\"wp-block-heading has-text-align-left specjalista-tytul has-text-color has-link-color has-opensans-font-family wp-elements-29a56e57147dd37539893412e48101e9\" style=\"color:#ff8d00;padding-top:0;padding-right:0;padding-bottom:0;padding-left:0;font-size:clamp(14px, 0.875rem + ((1vw - 3.2px) * 0.455), 20px);font-style:normal;font-weight:600;line-height:1.5\">Psychoterapeutka, psychodietetyczka, trener<\/h5>\n\n\n\n<h1 class=\"wp-block-heading has-text-align-left specjalista-tytul has-dark-green-color has-text-color has-link-color has-opensans-font-family wp-elements-d7517f3330fe1a4280c6799f31b1c80b\" style=\"padding-top:0;padding-right:0;padding-bottom:var(--wp--preset--spacing--50);padding-left:0;font-size:clamp(26.465px, 1.654rem + ((1vw - 3.2px) * 1.404), 45px);font-style:normal;font-weight:600;line-height:1.5\">dr Jagoda R\u00f3\u017cycka<\/h1>\n\n\t\t<\/div>\n\t<\/div>\n\n<\/div>\n\n\n\n<p class=\"has--font-size\">Dr Jagoda R\u00f3\u017cycka &#8211; Psycholo\u017cka, doktorka nauk spo\u0142ecznych w dyscyplinie psychologia, psychodietetyczka, psychoterapeutka poznaczo-behawioralna (certyfikat nr 1886), adiunkt w Instytucie Psychologii na Uniwersytecie \u015al\u0105skim w Katowicach. Psychoterapeutycznie wsp\u00f3\u0142pracuje z Og\u00f3lnopolskim Centrum Zaburze\u0144 Od\u017cywiania, Centrum Poznawczo-Behawioralnym &#8220;Punkt Widzenia&#8221; oraz Centrum Diagnozy i Psychoterapii &#8220;Konkret&#8221;. Dydaktycznie wsp\u00f3\u0142pracuje tak\u017ce z Uniwersytetem SWPS w Sopocie, Wroc\u0142awiu i Poznaniu prowadz\u0105c zaj\u0119cia z obszaru zdrowia pozytywnego i zachowa\u0144 zdrowotnych.<\/p>\n\n\n\n<p class=\"has--font-size\">W pracy naukowej <strong>zajmuje si\u0119 obszarem psychologii zdrowia, psychologicznych aspekt\u00f3w od\u017cywiania si\u0119 os\u00f3b z nadwag\u0105 i oty\u0142o\u015bci\u0105 oraz spektrum zaburze\u0144 od\u017cywiania w kontek\u015bcie czynnik\u00f3w ryzyka i czynnik\u00f3w wspieraj\u0105cych utrzymywanie si\u0119 objaw\u00f3w, szczeg\u00f3lnie w zakresie napad\u00f3w jedzenia.<\/strong> Uczestniczka szkole\u0144 z zakresu zaburze\u0144 od\u017cywiania, terapii akceptacji i zaanga\u017cowania, terapii dialektyczno-behawioralnej, dialogu motywuj\u0105cego i racjonalnej terapii zachowania. Pracuje z m\u0142odzie\u017c\u0105 szkoln\u0105 i osobami doros\u0142ymi w obszarze zaburze\u0144 zwi\u0105zanych z od\u017cywianiem si\u0119, ale tak\u017ce z osobami z zaburzeniami depresyjnymi i l\u0119kowymi. Prowadzi szkolenia z zakresu zaburze\u0144 od\u017cywiania. Autorka kilku pozycji ksi\u0105\u017ckowych, w tym \u201eZaburzenia od\u017cywiania u dzieci i m\u0142odzie\u017cy. Pozytywny poradnik dla rodzic\u00f3w i bliskich\u201d, \u201eZdrowie pozytywne\u201d oraz &#8220;Podstawy psychodietetyki&#8221;. W pracy kieruje si\u0119 zasad\u0105 najpierw osoba i relacja, a p\u00f3\u017aniej techniki, aby jak najlepiej pozna\u0107 perspektyw\u0119 osoby szukaj\u0105cej pomocy.&nbsp;<\/p>\n\n<\/div>\n\n\n\n<div aria-hidden=\"true\" class=\"wp-block-fsb-flexible-spacer fsb-flexible-spacer\"><div class=\"fsb-flexible-spacer__device fsb-flexible-spacer__device--lg\" style=\"height:5rem\"><\/div><div class=\"fsb-flexible-spacer__device fsb-flexible-spacer__device--md\" style=\"height:5rem\"><\/div><div class=\"fsb-flexible-spacer__device fsb-flexible-spacer__device--sm\" style=\"height:4rem\"><\/div><\/div>\n<\/div>\n","protected":false},"excerpt":{"rendered":"","protected":false},"author":3,"featured_media":0,"parent":0,"menu_order":0,"comment_status":"closed","ping_status":"closed","template":"","meta":{"_acf_changed":false,"inline_featured_image":false,"footnotes":""},"class_list":["post-2017","page","type-page","status-publish","hentry"],"acf":[],"yoast_head":"<!-- This site is optimized with the Yoast SEO plugin v27.4 - https:\/\/yoast.com\/product\/yoast-seo-wordpress\/ -->\n<title>dr Jagoda R\u00f3\u017cycka - Strefa Specjalisty - Og\u00f3lnopolskie Centrum Zaburze\u0144 Od\u017cywiania<\/title>\n<meta name=\"description\" content=\"Dr Jagoda R\u00f3\u017cycka - Psycholo\u017cka, psychodietetyczka, psychoterapeutka CBT. Prowadzi szkolenia z zakresu zaburze\u0144 od\u017cywiania.\" \/>\n<meta name=\"robots\" content=\"index, follow, max-snippet:-1, max-image-preview:large, max-video-preview:-1\" \/>\n<link rel=\"canonical\" href=\"https:\/\/centrumzaburzenodzywiania.pl\/strefaspecjalisty\/jagoda-rozycka\/\" \/>\n<meta property=\"og:locale\" content=\"pl_PL\" \/>\n<meta property=\"og:type\" content=\"article\" \/>\n<meta property=\"og:title\" content=\"dr Jagoda R\u00f3\u017cycka - Strefa Specjalisty - Og\u00f3lnopolskie Centrum Zaburze\u0144 Od\u017cywiania\" \/>\n<meta property=\"og:description\" content=\"Dr Jagoda R\u00f3\u017cycka - Psycholo\u017cka, psychodietetyczka, psychoterapeutka CBT. Prowadzi szkolenia z zakresu zaburze\u0144 od\u017cywiania.\" \/>\n<meta property=\"og:url\" content=\"https:\/\/centrumzaburzenodzywiania.pl\/strefaspecjalisty\/jagoda-rozycka\/\" \/>\n<meta property=\"og:site_name\" content=\"Strefa Specjalisty - Og\u00f3lnopolskie Centrum Zaburze\u0144 Od\u017cywiania\" \/>\n<meta property=\"article:modified_time\" content=\"2026-01-09T07:35:54+00:00\" \/>\n<meta property=\"og:image\" content=\"https:\/\/centrumzaburzenodzywiania.pl\/strefaspecjalisty\/wp-content\/uploads\/2025\/11\/joanna-rozycka.jpg\" \/>\n\t<meta property=\"og:image:width\" content=\"555\" \/>\n\t<meta property=\"og:image:height\" content=\"555\" \/>\n\t<meta property=\"og:image:type\" content=\"image\/jpeg\" \/>\n<meta name=\"twitter:card\" content=\"summary_large_image\" \/>\n<meta name=\"twitter:label1\" content=\"Szacowany czas czytania\" \/>\n\t<meta name=\"twitter:data1\" content=\"2 minuty\" \/>\n<script type=\"application\/ld+json\" class=\"yoast-schema-graph\">{\"@context\":\"https:\\\/\\\/schema.org\",\"@graph\":[{\"@type\":\"WebPage\",\"@id\":\"https:\\\/\\\/centrumzaburzenodzywiania.pl\\\/strefaspecjalisty\\\/jagoda-rozycka\\\/\",\"url\":\"https:\\\/\\\/centrumzaburzenodzywiania.pl\\\/strefaspecjalisty\\\/jagoda-rozycka\\\/\",\"name\":\"dr Jagoda R\u00f3\u017cycka - Strefa Specjalisty - Og\u00f3lnopolskie Centrum Zaburze\u0144 Od\u017cywiania\",\"isPartOf\":{\"@id\":\"https:\\\/\\\/centrumzaburzenodzywiania.pl\\\/strefaspecjalisty\\\/#website\"},\"primaryImageOfPage\":{\"@id\":\"https:\\\/\\\/centrumzaburzenodzywiania.pl\\\/strefaspecjalisty\\\/jagoda-rozycka\\\/#primaryimage\"},\"image\":{\"@id\":\"https:\\\/\\\/centrumzaburzenodzywiania.pl\\\/strefaspecjalisty\\\/jagoda-rozycka\\\/#primaryimage\"},\"thumbnailUrl\":\"https:\\\/\\\/centrumzaburzenodzywiania.pl\\\/strefaspecjalisty\\\/wp-content\\\/uploads\\\/2025\\\/11\\\/joanna-rozycka.jpg\",\"datePublished\":\"2023-12-20T10:26:03+00:00\",\"dateModified\":\"2026-01-09T07:35:54+00:00\",\"description\":\"Dr Jagoda R\u00f3\u017cycka - Psycholo\u017cka, psychodietetyczka, psychoterapeutka CBT. Prowadzi szkolenia z zakresu zaburze\u0144 od\u017cywiania.\",\"breadcrumb\":{\"@id\":\"https:\\\/\\\/centrumzaburzenodzywiania.pl\\\/strefaspecjalisty\\\/jagoda-rozycka\\\/#breadcrumb\"},\"inLanguage\":\"pl-PL\",\"potentialAction\":[{\"@type\":\"ReadAction\",\"target\":[\"https:\\\/\\\/centrumzaburzenodzywiania.pl\\\/strefaspecjalisty\\\/jagoda-rozycka\\\/\"]}]},{\"@type\":\"ImageObject\",\"inLanguage\":\"pl-PL\",\"@id\":\"https:\\\/\\\/centrumzaburzenodzywiania.pl\\\/strefaspecjalisty\\\/jagoda-rozycka\\\/#primaryimage\",\"url\":\"https:\\\/\\\/centrumzaburzenodzywiania.pl\\\/strefaspecjalisty\\\/wp-content\\\/uploads\\\/2025\\\/11\\\/joanna-rozycka.jpg\",\"contentUrl\":\"https:\\\/\\\/centrumzaburzenodzywiania.pl\\\/strefaspecjalisty\\\/wp-content\\\/uploads\\\/2025\\\/11\\\/joanna-rozycka.jpg\",\"width\":555,\"height\":555},{\"@type\":\"BreadcrumbList\",\"@id\":\"https:\\\/\\\/centrumzaburzenodzywiania.pl\\\/strefaspecjalisty\\\/jagoda-rozycka\\\/#breadcrumb\",\"itemListElement\":[{\"@type\":\"ListItem\",\"position\":1,\"name\":\"Strona g\u0142\u00f3wna\",\"item\":\"https:\\\/\\\/centrumzaburzenodzywiania.pl\\\/strefaspecjalisty\\\/\"},{\"@type\":\"ListItem\",\"position\":2,\"name\":\"dr Jagoda R\u00f3\u017cycka\"}]},{\"@type\":\"WebSite\",\"@id\":\"https:\\\/\\\/centrumzaburzenodzywiania.pl\\\/strefaspecjalisty\\\/#website\",\"url\":\"https:\\\/\\\/centrumzaburzenodzywiania.pl\\\/strefaspecjalisty\\\/\",\"name\":\"Strefa Specjalisty - Og\u00f3lnopolskie Centrum Zaburze\u0144 Od\u017cywiania\",\"description\":\"Strefa Specjalisty - Og\u00f3lnopolskie Centrum Zaburze\u0144 Od\u017cywiania\",\"publisher\":{\"@id\":\"https:\\\/\\\/centrumzaburzenodzywiania.pl\\\/strefaspecjalisty\\\/#organization\"},\"potentialAction\":[{\"@type\":\"SearchAction\",\"target\":{\"@type\":\"EntryPoint\",\"urlTemplate\":\"https:\\\/\\\/centrumzaburzenodzywiania.pl\\\/strefaspecjalisty\\\/?s={search_term_string}\"},\"query-input\":{\"@type\":\"PropertyValueSpecification\",\"valueRequired\":true,\"valueName\":\"search_term_string\"}}],\"inLanguage\":\"pl-PL\"},{\"@type\":\"Organization\",\"@id\":\"https:\\\/\\\/centrumzaburzenodzywiania.pl\\\/strefaspecjalisty\\\/#organization\",\"name\":\"Strefa Specjalisty - Og\u00f3lnopolskie Centrum Zaburze\u0144 Od\u017cywiania\",\"url\":\"https:\\\/\\\/centrumzaburzenodzywiania.pl\\\/strefaspecjalisty\\\/\",\"logo\":{\"@type\":\"ImageObject\",\"inLanguage\":\"pl-PL\",\"@id\":\"https:\\\/\\\/centrumzaburzenodzywiania.pl\\\/strefaspecjalisty\\\/#\\\/schema\\\/logo\\\/image\\\/\",\"url\":\"https:\\\/\\\/centrumzaburzenodzywiania.pl\\\/strefaspecjalisty\\\/wp-content\\\/uploads\\\/2025\\\/11\\\/logo.png\",\"contentUrl\":\"https:\\\/\\\/centrumzaburzenodzywiania.pl\\\/strefaspecjalisty\\\/wp-content\\\/uploads\\\/2025\\\/11\\\/logo.png\",\"width\":141,\"height\":54,\"caption\":\"Strefa Specjalisty - Og\u00f3lnopolskie Centrum Zaburze\u0144 Od\u017cywiania\"},\"image\":{\"@id\":\"https:\\\/\\\/centrumzaburzenodzywiania.pl\\\/strefaspecjalisty\\\/#\\\/schema\\\/logo\\\/image\\\/\"}}]}<\/script>\n<!-- \/ Yoast SEO plugin. -->","yoast_head_json":{"title":"dr Jagoda R\u00f3\u017cycka - Strefa Specjalisty - Og\u00f3lnopolskie Centrum Zaburze\u0144 Od\u017cywiania","description":"Dr Jagoda R\u00f3\u017cycka - Psycholo\u017cka, psychodietetyczka, psychoterapeutka CBT. Prowadzi szkolenia z zakresu zaburze\u0144 od\u017cywiania.","robots":{"index":"index","follow":"follow","max-snippet":"max-snippet:-1","max-image-preview":"max-image-preview:large","max-video-preview":"max-video-preview:-1"},"canonical":"https:\/\/centrumzaburzenodzywiania.pl\/strefaspecjalisty\/jagoda-rozycka\/","og_locale":"pl_PL","og_type":"article","og_title":"dr Jagoda R\u00f3\u017cycka - Strefa Specjalisty - Og\u00f3lnopolskie Centrum Zaburze\u0144 Od\u017cywiania","og_description":"Dr Jagoda R\u00f3\u017cycka - Psycholo\u017cka, psychodietetyczka, psychoterapeutka CBT. Prowadzi szkolenia z zakresu zaburze\u0144 od\u017cywiania.","og_url":"https:\/\/centrumzaburzenodzywiania.pl\/strefaspecjalisty\/jagoda-rozycka\/","og_site_name":"Strefa Specjalisty - Og\u00f3lnopolskie Centrum Zaburze\u0144 Od\u017cywiania","article_modified_time":"2026-01-09T07:35:54+00:00","og_image":[{"width":555,"height":555,"url":"https:\/\/centrumzaburzenodzywiania.pl\/strefaspecjalisty\/wp-content\/uploads\/2025\/11\/joanna-rozycka.jpg","type":"image\/jpeg"}],"twitter_card":"summary_large_image","twitter_misc":{"Szacowany czas czytania":"2 minuty"},"schema":{"@context":"https:\/\/schema.org","@graph":[{"@type":"WebPage","@id":"https:\/\/centrumzaburzenodzywiania.pl\/strefaspecjalisty\/jagoda-rozycka\/","url":"https:\/\/centrumzaburzenodzywiania.pl\/strefaspecjalisty\/jagoda-rozycka\/","name":"dr Jagoda R\u00f3\u017cycka - Strefa Specjalisty - Og\u00f3lnopolskie Centrum Zaburze\u0144 Od\u017cywiania","isPartOf":{"@id":"https:\/\/centrumzaburzenodzywiania.pl\/strefaspecjalisty\/#website"},"primaryImageOfPage":{"@id":"https:\/\/centrumzaburzenodzywiania.pl\/strefaspecjalisty\/jagoda-rozycka\/#primaryimage"},"image":{"@id":"https:\/\/centrumzaburzenodzywiania.pl\/strefaspecjalisty\/jagoda-rozycka\/#primaryimage"},"thumbnailUrl":"https:\/\/centrumzaburzenodzywiania.pl\/strefaspecjalisty\/wp-content\/uploads\/2025\/11\/joanna-rozycka.jpg","datePublished":"2023-12-20T10:26:03+00:00","dateModified":"2026-01-09T07:35:54+00:00","description":"Dr Jagoda R\u00f3\u017cycka - Psycholo\u017cka, psychodietetyczka, psychoterapeutka CBT. Prowadzi szkolenia z zakresu zaburze\u0144 od\u017cywiania.","breadcrumb":{"@id":"https:\/\/centrumzaburzenodzywiania.pl\/strefaspecjalisty\/jagoda-rozycka\/#breadcrumb"},"inLanguage":"pl-PL","potentialAction":[{"@type":"ReadAction","target":["https:\/\/centrumzaburzenodzywiania.pl\/strefaspecjalisty\/jagoda-rozycka\/"]}]},{"@type":"ImageObject","inLanguage":"pl-PL","@id":"https:\/\/centrumzaburzenodzywiania.pl\/strefaspecjalisty\/jagoda-rozycka\/#primaryimage","url":"https:\/\/centrumzaburzenodzywiania.pl\/strefaspecjalisty\/wp-content\/uploads\/2025\/11\/joanna-rozycka.jpg","contentUrl":"https:\/\/centrumzaburzenodzywiania.pl\/strefaspecjalisty\/wp-content\/uploads\/2025\/11\/joanna-rozycka.jpg","width":555,"height":555},{"@type":"BreadcrumbList","@id":"https:\/\/centrumzaburzenodzywiania.pl\/strefaspecjalisty\/jagoda-rozycka\/#breadcrumb","itemListElement":[{"@type":"ListItem","position":1,"name":"Strona g\u0142\u00f3wna","item":"https:\/\/centrumzaburzenodzywiania.pl\/strefaspecjalisty\/"},{"@type":"ListItem","position":2,"name":"dr Jagoda R\u00f3\u017cycka"}]},{"@type":"WebSite","@id":"https:\/\/centrumzaburzenodzywiania.pl\/strefaspecjalisty\/#website","url":"https:\/\/centrumzaburzenodzywiania.pl\/strefaspecjalisty\/","name":"Strefa Specjalisty - Og\u00f3lnopolskie Centrum Zaburze\u0144 Od\u017cywiania","description":"Strefa Specjalisty - Og\u00f3lnopolskie Centrum Zaburze\u0144 Od\u017cywiania","publisher":{"@id":"https:\/\/centrumzaburzenodzywiania.pl\/strefaspecjalisty\/#organization"},"potentialAction":[{"@type":"SearchAction","target":{"@type":"EntryPoint","urlTemplate":"https:\/\/centrumzaburzenodzywiania.pl\/strefaspecjalisty\/?s={search_term_string}"},"query-input":{"@type":"PropertyValueSpecification","valueRequired":true,"valueName":"search_term_string"}}],"inLanguage":"pl-PL"},{"@type":"Organization","@id":"https:\/\/centrumzaburzenodzywiania.pl\/strefaspecjalisty\/#organization","name":"Strefa Specjalisty - Og\u00f3lnopolskie Centrum Zaburze\u0144 Od\u017cywiania","url":"https:\/\/centrumzaburzenodzywiania.pl\/strefaspecjalisty\/","logo":{"@type":"ImageObject","inLanguage":"pl-PL","@id":"https:\/\/centrumzaburzenodzywiania.pl\/strefaspecjalisty\/#\/schema\/logo\/image\/","url":"https:\/\/centrumzaburzenodzywiania.pl\/strefaspecjalisty\/wp-content\/uploads\/2025\/11\/logo.png","contentUrl":"https:\/\/centrumzaburzenodzywiania.pl\/strefaspecjalisty\/wp-content\/uploads\/2025\/11\/logo.png","width":141,"height":54,"caption":"Strefa Specjalisty - Og\u00f3lnopolskie Centrum Zaburze\u0144 Od\u017cywiania"},"image":{"@id":"https:\/\/centrumzaburzenodzywiania.pl\/strefaspecjalisty\/#\/schema\/logo\/image\/"}}]}},"_links":{"self":[{"href":"https:\/\/centrumzaburzenodzywiania.pl\/strefaspecjalisty\/wp-json\/wp\/v2\/pages\/2017","targetHints":{"allow":["GET"]}}],"collection":[{"href":"https:\/\/centrumzaburzenodzywiania.pl\/strefaspecjalisty\/wp-json\/wp\/v2\/pages"}],"about":[{"href":"https:\/\/centrumzaburzenodzywiania.pl\/strefaspecjalisty\/wp-json\/wp\/v2\/types\/page"}],"author":[{"embeddable":true,"href":"https:\/\/centrumzaburzenodzywiania.pl\/strefaspecjalisty\/wp-json\/wp\/v2\/users\/3"}],"replies":[{"embeddable":true,"href":"https:\/\/centrumzaburzenodzywiania.pl\/strefaspecjalisty\/wp-json\/wp\/v2\/comments?post=2017"}],"version-history":[{"count":5,"href":"https:\/\/centrumzaburzenodzywiania.pl\/strefaspecjalisty\/wp-json\/wp\/v2\/pages\/2017\/revisions"}],"predecessor-version":[{"id":3985,"href":"https:\/\/centrumzaburzenodzywiania.pl\/strefaspecjalisty\/wp-json\/wp\/v2\/pages\/2017\/revisions\/3985"}],"wp:attachment":[{"href":"https:\/\/centrumzaburzenodzywiania.pl\/strefaspecjalisty\/wp-json\/wp\/v2\/media?parent=2017"}],"curies":[{"name":"wp","href":"https:\/\/api.w.org\/{rel}","templated":true}]}}